{"id":1792,"type":"Standard","slug":"\/","seo":{"title":"Ville de Dieppe","meta":[{"name":"generator","content":"TYPO3 CMS x T3Headless"},{"name":"twitter:card","content":"summary"}],"link":[{"href":"https:\/\/dieppe.stage.cimeos.com\/","rel":"canonical"}],"htmlAttrs":{"lang":"fr","dir":null},"bodyAttrs":{"class":"pid-1792 layout-layout-0"}},"meta":{"title":"Ville de Dieppe","subtitle":"","abstract":"","description":"","keywords":"","canonical":"","robots":{"noIndex":false,"noFollow":false},"author":"","authorEmail":"","ogTitle":"Ville de Dieppe","ogDescription":"","ogImage":null,"twitterTitle":"Ville de Dieppe","twitterDescription":"","twitterCard":"summary","twitterImage":null,"nav_title":"Ville de Dieppe","header":""},"categories":[],"breadcrumbs":[{"title":"Ville de Dieppe","link":"\/","target":"","active":1,"current":1,"spacer":0,"hasSubpages":1}],"appearance":{"layout":"layout-0","backendLayout":"home"},"content":{"colPos1":[{"id":6181,"type":"mask_bloc_header_slider","colPos":1,"categories":"","appearance":{"layout":"default","frameClass":"default","spaceBefore":"","spaceAfter":""},"show_in_summary":false,"content":{"header":"Ce sont nos vies~qui font la ville","subheader":"","headerLayout":0,"headerPosition":"","headerLink":"","display_mode":"slider","images":[{"image":[{"publicUrl":"https:\/\/dieppe.api.cimeos.dev\/fileadmin\/_processed_\/e\/0\/csm_Entree_site-6690_3ed52562df.webp","properties":{"title":null,"alternative":null,"description":null,"link":null,"linkData":null,"mimeType":"image\/webp","type":"image","filename":"Entree_site-6690.jpg","originalUrl":"https:\/\/dieppe.api.cimeos.dev\/fileadmin\/mediatheque_ville-de-dieppe\/Bandeaux_et_vignettes\/Bandeaux_accueil\/Entree_site-6690.jpg","uidLocal":19664,"fileReferenceUid":21599,"size":2013981,"dimensions":{"width":1920,"height":770},"cropDimensions":{"width":1920,"height":770},"crop":{"default":{"cropArea":{"x":0,"y":0,"width":1,"height":1},"selectedRatio":"NaN","focusArea":null}},"autoplay":null,"extension":"jpg","initialDimensions":{"width":8256,"height":3311},"orientation":"paysage","processedExtension":"webp","copyright":"","categories":[],"publicUrl":"https:\/\/dieppe.api.cimeos.dev\/fileadmin\/_processed_\/e\/0\/csm_Entree_site-6690_3ed52562df.webp","crdate":1783422147,"tstamp":1783422147}}],"title":"","contenu_specifique":{"title":"","links":[{"href":"","target":"_blank","text":""}],"result":null}}],"video":[],"loop":false}},{"id":3307,"type":"cimlinks_listlinks","colPos":1,"categories":"","appearance":{"layout":"default","frameClass":"default","spaceBefore":"","spaceAfter":""},"show_in_summary":false,"content":{"header":"Acc\u00e8s~rapides","subheader":"","headerLayout":2,"headerPosition":"","headerLink":"","data":{"settings":{"template":"Default","title":"Acc\u00e8s~rapides","subtitle":"","auto":"1","selectedlinks":"","picture":"0","storage":"1822","maxItems":"","custom_display":"","customFavorite":"link","listpage":"","listPageTitle":"Tous les acc\u00e8s rapides","listPageIcon":""},"links":[{"uid":47,"pid":1822,"title":"RDV papiers d'identit\u00e9","teaser":"","itemType":"","type":"Default","link":{"href":"\/annuaires\/catalogue-des-demarches\/detail\/prendre-un-rendez-vous-passeport-et-ou-carte-nationale-didentite","target":null,"class":null,"title":null,"additionalAttributes":[],"text":"RDV papiers d'identit\u00e9"},"itemUid":0,"itemPid":0,"icon":{"publicUrl":"https:\/\/dieppe.api.cimeos.dev\/fileadmin\/mediatheque_ville-de-dieppe\/pictos\/acces_rapides\/rdv_en_ligne.svg","properties":{"title":null,"alternative":null,"description":null,"link":null,"linkData":null,"mimeType":"image\/svg+xml","type":"image","filename":"rdv_en_ligne.svg","originalUrl":"https:\/\/dieppe.api.cimeos.dev\/fileadmin\/mediatheque_ville-de-dieppe\/pictos\/acces_rapides\/rdv_en_ligne.svg","uidLocal":7897,"fileReferenceUid":13746,"size":3449,"dimensions":{"width":60,"height":60},"cropDimensions":{"width":60,"height":60},"crop":"{\"default\":{\"cropArea\":{\"x\":0,\"y\":0,\"width\":1,\"height\":1},\"selectedRatio\":\"NaN\",\"focusArea\":null}}","autoplay":0,"extension":"svg","initialDimensions":{"width":60,"height":60},"orientation":"paysage","processedExtension":"webp","copyright":"","categories":[],"publicUrl":"https:\/\/dieppe.api.cimeos.dev\/fileadmin\/mediatheque_ville-de-dieppe\/pictos\/acces_rapides\/rdv_en_ligne.svg","crdate":1736517798,"tstamp":1736517798}},"iconHover":null,"cssClass":"","feuser":null,"sort":0},{"uid":40,"pid":1822,"title":"Offres d'emploi","teaser":"","itemType":"","type":"Default","link":{"href":"\/ma-commune\/la-vie-municipale\/lemploi\/la-ville-recrute","target":null,"class":null,"title":null,"additionalAttributes":[],"text":"Offres d'emploi"},"itemUid":0,"itemPid":0,"icon":{"publicUrl":"https:\/\/dieppe.api.cimeos.dev\/fileadmin\/mediatheque_ville-de-dieppe\/pictos\/acces_rapides\/emploi.svg","properties":{"title":null,"alternative":null,"description":null,"link":"\/ma-commune\/la-vie-municipale\/lemploi\/la-ville-recrute","linkData":{"href":"\/ma-commune\/la-vie-municipale\/lemploi\/la-ville-recrute","target":null,"class":null,"title":null,"linkText":"La Ville recrute","additionalAttributes":[]},"mimeType":"image\/svg+xml","type":"image","filename":"emploi.svg","originalUrl":"https:\/\/dieppe.api.cimeos.dev\/fileadmin\/mediatheque_ville-de-dieppe\/pictos\/acces_rapides\/emploi.svg","uidLocal":5064,"fileReferenceUid":11262,"size":1585,"dimensions":{"width":60,"height":60},"cropDimensions":{"width":60,"height":60},"crop":"{\"default\":{\"cropArea\":{\"x\":0,\"y\":0,\"width\":1,\"height\":1},\"selectedRatio\":\"NaN\",\"focusArea\":null}}","autoplay":0,"extension":"svg","initialDimensions":{"width":60,"height":60},"orientation":"paysage","processedExtension":"webp","copyright":"","categories":[],"publicUrl":"https:\/\/dieppe.api.cimeos.dev\/fileadmin\/mediatheque_ville-de-dieppe\/pictos\/acces_rapides\/emploi.svg","crdate":1725897684,"tstamp":1725897684}},"iconHover":null,"cssClass":"","feuser":null,"sort":0},{"uid":41,"pid":1822,"title":"Menu des cantines","teaser":"","itemType":"","type":"Default","link":{"href":"\/a-tout-age\/lenfance\/la-pause-dejeuner\/menu-des-cantines","target":null,"class":null,"title":null,"additionalAttributes":[],"text":"Menu des cantines"},"itemUid":0,"itemPid":0,"icon":{"publicUrl":"https:\/\/dieppe.api.cimeos.dev\/fileadmin\/mediatheque_ville-de-dieppe\/pictos\/acces_rapides\/menu.svg","properties":{"title":null,"alternative":null,"description":null,"link":null,"linkData":null,"mimeType":"image\/svg+xml","type":"image","filename":"menu.svg","originalUrl":"https:\/\/dieppe.api.cimeos.dev\/fileadmin\/mediatheque_ville-de-dieppe\/pictos\/acces_rapides\/menu.svg","uidLocal":5065,"fileReferenceUid":11263,"size":3226,"dimensions":{"width":56,"height":59},"cropDimensions":{"width":56,"height":59},"crop":"{\"default\":{\"cropArea\":{\"x\":0,\"y\":0,\"width\":1,\"height\":1},\"selectedRatio\":\"NaN\",\"focusArea\":null}}","autoplay":0,"extension":"svg","initialDimensions":{"width":56,"height":59},"orientation":"portrait","processedExtension":"webp","copyright":"","categories":[],"publicUrl":"https:\/\/dieppe.api.cimeos.dev\/fileadmin\/mediatheque_ville-de-dieppe\/pictos\/acces_rapides\/menu.svg","crdate":1736518685,"tstamp":1736518685}},"iconHover":null,"cssClass":"","feuser":null,"sort":0},{"uid":43,"pid":1822,"title":"Webcams","teaser":"","itemType":"","type":"Default","link":{"href":"\/ma-commune\/la-ville\/les-webcams","target":null,"class":null,"title":null,"additionalAttributes":[],"text":"Webcams"},"itemUid":0,"itemPid":0,"icon":{"publicUrl":"https:\/\/dieppe.api.cimeos.dev\/fileadmin\/mediatheque_ville-de-dieppe\/pictos\/acces_rapides\/webcam.svg","properties":{"title":null,"alternative":null,"description":null,"link":null,"linkData":null,"mimeType":"image\/svg+xml","type":"image","filename":"webcam.svg","originalUrl":"https:\/\/dieppe.api.cimeos.dev\/fileadmin\/mediatheque_ville-de-dieppe\/pictos\/acces_rapides\/webcam.svg","uidLocal":5067,"fileReferenceUid":11265,"size":2922,"dimensions":{"width":61,"height":60},"cropDimensions":{"width":61,"height":60},"crop":"{\"default\":{\"cropArea\":{\"x\":0,\"y\":0,\"width\":1,\"height\":1},\"selectedRatio\":\"NaN\",\"focusArea\":null}}","autoplay":0,"extension":"svg","initialDimensions":{"width":61,"height":60},"orientation":"paysage","processedExtension":"webp","copyright":"","categories":[],"publicUrl":"https:\/\/dieppe.api.cimeos.dev\/fileadmin\/mediatheque_ville-de-dieppe\/pictos\/acces_rapides\/webcam.svg","crdate":1725897685,"tstamp":1725897685}},"iconHover":null,"cssClass":"","feuser":null,"sort":0},{"uid":48,"pid":1822,"title":"Doctolib","teaser":"","itemType":"","type":"Newsletter","link":{"href":"https:\/\/tinyurl.com\/349phc8j","target":"_blank","class":null,"title":null,"additionalAttributes":{"rel":"noreferrer"},"text":"Doctolib"},"itemUid":0,"itemPid":0,"icon":{"publicUrl":"https:\/\/dieppe.api.cimeos.dev\/fileadmin\/mediatheque_ville-de-dieppe\/pictos\/acces_rapides\/rdv_en_ligne.svg","properties":{"title":null,"alternative":null,"description":null,"link":null,"linkData":null,"mimeType":"image\/svg+xml","type":"image","filename":"rdv_en_ligne.svg","originalUrl":"https:\/\/dieppe.api.cimeos.dev\/fileadmin\/mediatheque_ville-de-dieppe\/pictos\/acces_rapides\/rdv_en_ligne.svg","uidLocal":7897,"fileReferenceUid":19513,"size":3449,"dimensions":{"width":60,"height":60},"cropDimensions":{"width":60,"height":60},"crop":"{\"default\":{\"cropArea\":{\"x\":0,\"y\":0,\"width\":1,\"height\":1},\"selectedRatio\":\"NaN\",\"focusArea\":null}}","autoplay":0,"extension":"svg","initialDimensions":{"width":60,"height":60},"orientation":"paysage","processedExtension":"webp","copyright":"","categories":[],"publicUrl":"https:\/\/dieppe.api.cimeos.dev\/fileadmin\/mediatheque_ville-de-dieppe\/pictos\/acces_rapides\/rdv_en_ligne.svg","crdate":1736517798,"tstamp":1736517798}},"iconHover":null,"cssClass":"","feuser":null,"sort":0}]}}}],"colPos3":[{"id":3428,"type":"cimsocialwall_socialwall","colPos":3,"categories":"","appearance":{"layout":"default","frameClass":"default","spaceBefore":"","spaceAfter":""},"show_in_summary":false,"content":{"header":"Sur~les r\u00e9seaux","subheader":"","headerLayout":2,"headerPosition":"","headerLink":"","data":{"settings":{"contentCrop":"180","dateFormat":"D, d M Y H:i:s O","template":"list","custom_template":"","type_affichage":"list_map","engineLocation":"VerticalForm","picture":"0","prefilters":"","title":"","teaser":"","listpage":"","showResults":"1","noResultsMsg":"","showArchives":"0","showFilters":"1","showArchiveFilter":"0","removeNumeric":"0","content_element":"","categories":"","filter":"","source":"","excludeFields":"","multisite":"0","storage":"","includeSubfolders":"0","categoryConjunction":"or","idPageDetail":"","idPageList":"","typoLinkPageList":"","idPageArchives":"","idPageProp":"","titlePageProp":"Proposer un contenu","nb_results_per_page":"20","shouldLoad":"1","search_order":"","search_order_direction":"asc","specific_search_order":"","getResultsByType":"0","getResultsByCategories":"0","getResultsByWeeks":"0","groupByParentCategory":"","groupByCategoryFieldname":"categories","favoritesFirst":"0","limitToCurrentUser":"0","selected_networks":"3","removeUrls":["https:\/\/www.facebook.com\/villedieppe\/posts\/pfbid02uuUq8dSravrwv5FEUnYQBzKWmLMrVhZJ84FQV7Jhk1Qsh4uvxpmyAtsMH9VHR7eGl"],"displayType":"classic","orderBy":"dateDesc","filters":"1","links":"0","limit":"8","showDescription":"0","showPageName":"0","classes":"small-12,medium-4,large-3","tt_content_uid":3428,"ajaxUriList":["\/?tx_cimsocialwall_socialwall%5Baction%5D=ajax&tx_cimsocialwall_socialwall%5Bcontroller%5D=SocialWall&tx_cimsocialwall_socialwall%5BsocialpageId%5D=3&tx_cimsocialwall_socialwall%5BttContentId%5D=3428&type=11000&cHash=dfa1d819d3ac2dc4e4ad307d5d4f630772e582e187499191f6f4cc9aa75f8b8a"]},"isHome":true,"socialPages":[{"uid":3,"network":"facebook","title":"Ville de Dieppe","description":"Page officielle (Seine-Maritime, Normandie, France) - ville aux quatre ports \u26f5\ufe0f\ud83d\udea2, capitale du cerf-volant \ud83e\ude81, berceau d'Alpine \ud83d\ude99, \u201cPlus beau march\u00e9\ud83e\udd66\ud83d\udc1f\ud83c\udf45 de France\u201d 2020","link":"https:\/\/www.facebook.com\/759818947447465","postsUrl":"\/?tx_cimsocialwall_socialwall%5Baction%5D=ajax&tx_cimsocialwall_socialwall%5Bcontroller%5D=SocialWall&tx_cimsocialwall_socialwall%5BsocialpageId%5D=3&tx_cimsocialwall_socialwall%5BttContentId%5D=3428&type=11000&cHash=dfa1d819d3ac2dc4e4ad307d5d4f630772e582e187499191f6f4cc9aa75f8b8a"}],"images":[]}}},{"id":3301,"type":"mask_bloc_galaxy","colPos":3,"categories":"","appearance":{"layout":"default","frameClass":"default","spaceBefore":"","spaceAfter":""},"show_in_summary":false,"content":{"header":"Galaxie~de sites","subheader":"","headerLayout":2,"headerPosition":"","headerLink":"","sites":[{"title":"Deep mob","logo":[{"publicUrl":"https:\/\/dieppe.api.cimeos.dev\/fileadmin\/mediatheque_ville-de-dieppe\/pictos\/partenaires\/deep_mob.webp","properties":{"title":null,"alternative":null,"description":null,"link":"https:\/\/www.deepmob.fr\/","linkData":{"href":"https:\/\/www.deepmob.fr\/","target":"Deep mob","class":null,"title":null,"linkText":"https:\/\/www.deepmob.fr\/","additionalAttributes":{"rel":"noreferrer"}},"mimeType":"image\/webp","type":"image","filename":"deep_mob.webp","originalUrl":"https:\/\/dieppe.api.cimeos.dev\/fileadmin\/mediatheque_ville-de-dieppe\/pictos\/partenaires\/deep_mob.webp","uidLocal":5130,"fileReferenceUid":11286,"size":3702,"dimensions":{"width":200,"height":200},"cropDimensions":{"width":200,"height":200},"crop":{"default":{"cropArea":{"x":0,"y":0,"width":1,"height":1},"selectedRatio":"NaN","focusArea":null}},"autoplay":null,"extension":"webp","initialDimensions":{"width":200,"height":200},"orientation":"paysage","processedExtension":"webp","copyright":"","categories":[],"publicUrl":"https:\/\/dieppe.api.cimeos.dev\/fileadmin\/mediatheque_ville-de-dieppe\/pictos\/partenaires\/deep_mob.webp","crdate":1726070578,"tstamp":1726070578}}]},{"title":"Port de Dieppe","logo":[{"publicUrl":"https:\/\/dieppe.api.cimeos.dev\/fileadmin\/mediatheque_ville-de-dieppe\/pictos\/partenaires\/port_dieppe.webp","properties":{"title":null,"alternative":null,"description":null,"link":"https:\/\/portdedieppe.fr\/","linkData":{"href":"https:\/\/portdedieppe.fr\/","target":"Port de Dieppe","class":null,"title":null,"linkText":"https:\/\/portdedieppe.fr\/","additionalAttributes":{"rel":"noreferrer"}},"mimeType":"image\/webp","type":"image","filename":"port_dieppe.webp","originalUrl":"https:\/\/dieppe.api.cimeos.dev\/fileadmin\/mediatheque_ville-de-dieppe\/pictos\/partenaires\/port_dieppe.webp","uidLocal":5132,"fileReferenceUid":11287,"size":5370,"dimensions":{"width":200,"height":200},"cropDimensions":{"width":200,"height":200},"crop":{"default":{"cropArea":{"x":0,"y":0,"width":1,"height":1},"selectedRatio":"NaN","focusArea":null}},"autoplay":null,"extension":"webp","initialDimensions":{"width":200,"height":200},"orientation":"paysage","processedExtension":"webp","copyright":"","categories":[],"publicUrl":"https:\/\/dieppe.api.cimeos.dev\/fileadmin\/mediatheque_ville-de-dieppe\/pictos\/partenaires\/port_dieppe.webp","crdate":1733405238,"tstamp":1733405238}}]},{"title":"Dieppe Normandie","logo":[{"publicUrl":"https:\/\/dieppe.api.cimeos.dev\/fileadmin\/mediatheque_ville-de-dieppe\/pictos\/partenaires\/tourisme_dieppe.webp","properties":{"title":null,"alternative":null,"description":null,"link":"https:\/\/www.dieppetourisme.com\/","linkData":{"href":"https:\/\/www.dieppetourisme.com\/","target":"Office de tourisme","class":null,"title":null,"linkText":"https:\/\/www.dieppetourisme.com\/","additionalAttributes":{"rel":"noreferrer"}},"mimeType":"image\/webp","type":"image","filename":"tourisme_dieppe.webp","originalUrl":"https:\/\/dieppe.api.cimeos.dev\/fileadmin\/mediatheque_ville-de-dieppe\/pictos\/partenaires\/tourisme_dieppe.webp","uidLocal":5129,"fileReferenceUid":11288,"size":3548,"dimensions":{"width":200,"height":200},"cropDimensions":{"width":200,"height":200},"crop":{"default":{"cropArea":{"x":0,"y":0,"width":1,"height":1},"selectedRatio":"NaN","focusArea":null}},"autoplay":null,"extension":"webp","initialDimensions":{"width":200,"height":200},"orientation":"paysage","processedExtension":"webp","copyright":"","categories":[],"publicUrl":"https:\/\/dieppe.api.cimeos.dev\/fileadmin\/mediatheque_ville-de-dieppe\/pictos\/partenaires\/tourisme_dieppe.webp","crdate":1726070578,"tstamp":1726070578}}]},{"title":"Sm\u00e9dar","logo":[{"publicUrl":"https:\/\/dieppe.api.cimeos.dev\/fileadmin\/mediatheque_ville-de-dieppe\/pictos\/partenaires\/smedar.webp","properties":{"title":null,"alternative":null,"description":null,"link":"https:\/\/www.smedar.fr\/","linkData":{"href":"https:\/\/www.smedar.fr\/","target":"Sm\u00e9dar","class":null,"title":null,"linkText":"https:\/\/www.smedar.fr\/","additionalAttributes":{"rel":"noreferrer"}},"mimeType":"image\/webp","type":"image","filename":"smedar.webp","originalUrl":"https:\/\/dieppe.api.cimeos.dev\/fileadmin\/mediatheque_ville-de-dieppe\/pictos\/partenaires\/smedar.webp","uidLocal":5133,"fileReferenceUid":11289,"size":3304,"dimensions":{"width":200,"height":200},"cropDimensions":{"width":200,"height":200},"crop":{"default":{"cropArea":{"x":0,"y":0,"width":1,"height":1},"selectedRatio":"NaN","focusArea":null}},"autoplay":null,"extension":"webp","initialDimensions":{"width":200,"height":200},"orientation":"paysage","processedExtension":"webp","copyright":"","categories":[],"publicUrl":"https:\/\/dieppe.api.cimeos.dev\/fileadmin\/mediatheque_ville-de-dieppe\/pictos\/partenaires\/smedar.webp","crdate":1726070578,"tstamp":1726070578}}]},{"title":"D'lire Dieppe","logo":[{"publicUrl":"https:\/\/dieppe.api.cimeos.dev\/fileadmin\/mediatheque_ville-de-dieppe\/pictos\/partenaires\/Dlire_Dieppe.webp","properties":{"title":null,"alternative":null,"description":null,"link":"https:\/\/dlire.dieppe.fr\/","linkData":{"href":"https:\/\/dlire.dieppe.fr\/","target":"D'lire","class":null,"title":null,"linkText":"https:\/\/dlire.dieppe.fr\/","additionalAttributes":{"rel":"noreferrer"}},"mimeType":"image\/webp","type":"image","filename":"Dlire_Dieppe.webp","originalUrl":"https:\/\/dieppe.api.cimeos.dev\/fileadmin\/mediatheque_ville-de-dieppe\/pictos\/partenaires\/Dlire_Dieppe.webp","uidLocal":5131,"fileReferenceUid":11290,"size":2546,"dimensions":{"width":200,"height":200},"cropDimensions":{"width":200,"height":200},"crop":{"default":{"cropArea":{"x":0,"y":0,"width":1,"height":1},"selectedRatio":"NaN","focusArea":null}},"autoplay":null,"extension":"webp","initialDimensions":{"width":200,"height":200},"orientation":"paysage","processedExtension":"webp","copyright":"","categories":[],"publicUrl":"https:\/\/dieppe.api.cimeos.dev\/fileadmin\/mediatheque_ville-de-dieppe\/pictos\/partenaires\/Dlire_Dieppe.webp","crdate":1726070578,"tstamp":1726070578}}]},{"title":"DVAH","logo":[{"publicUrl":"https:\/\/dieppe.api.cimeos.dev\/fileadmin\/mediatheque_ville-de-dieppe\/pictos\/partenaires\/DVAH-200x200.webp","properties":{"title":null,"alternative":null,"description":null,"link":"https:\/\/www.facebook.com\/Dieppevilledartetdhistoire","linkData":{"href":"https:\/\/www.facebook.com\/Dieppevilledartetdhistoire","target":"DVAH","class":null,"title":null,"linkText":"https:\/\/www.facebook.com\/Dieppevilledartetdhistoire","additionalAttributes":{"rel":"noreferrer"}},"mimeType":"image\/webp","type":"image","filename":"DVAH-200x200.webp","originalUrl":"https:\/\/dieppe.api.cimeos.dev\/fileadmin\/mediatheque_ville-de-dieppe\/pictos\/partenaires\/DVAH-200x200.webp","uidLocal":6365,"fileReferenceUid":12134,"size":8892,"dimensions":{"width":200,"height":200},"cropDimensions":{"width":200,"height":200},"crop":{"default":{"cropArea":{"x":0,"y":0,"width":1,"height":1},"selectedRatio":"NaN","focusArea":null}},"autoplay":null,"extension":"webp","initialDimensions":{"width":200,"height":200},"orientation":"paysage","processedExtension":"webp","copyright":"","categories":[],"publicUrl":"https:\/\/dieppe.api.cimeos.dev\/fileadmin\/mediatheque_ville-de-dieppe\/pictos\/partenaires\/DVAH-200x200.webp","crdate":1733404512,"tstamp":1733404512}}]},{"title":"Mus\u00e9e de Dieppe","logo":[{"publicUrl":"https:\/\/dieppe.api.cimeos.dev\/fileadmin\/mediatheque_ville-de-dieppe\/pictos\/partenaires\/Mus%C3%A9e-200x200.webp","properties":{"title":null,"alternative":null,"description":null,"link":"https:\/\/www.facebook.com\/museededieppe","linkData":{"href":"https:\/\/www.facebook.com\/museededieppe","target":"Mus\u00e9e de Dieppe","class":null,"title":null,"linkText":"https:\/\/www.facebook.com\/museededieppe","additionalAttributes":{"rel":"noreferrer"}},"mimeType":"image\/webp","type":"image","filename":"Mus\u00e9e-200x200.webp","originalUrl":"https:\/\/dieppe.api.cimeos.dev\/fileadmin\/mediatheque_ville-de-dieppe\/pictos\/partenaires\/Mus%C3%A9e-200x200.webp","uidLocal":6364,"fileReferenceUid":12135,"size":3416,"dimensions":{"width":200,"height":200},"cropDimensions":{"width":200,"height":200},"crop":{"default":{"cropArea":{"x":0,"y":0,"width":1,"height":1},"selectedRatio":"NaN","focusArea":null}},"autoplay":null,"extension":"webp","initialDimensions":{"width":200,"height":200},"orientation":"paysage","processedExtension":"webp","copyright":"","categories":[],"publicUrl":"https:\/\/dieppe.api.cimeos.dev\/fileadmin\/mediatheque_ville-de-dieppe\/pictos\/partenaires\/Mus%C3%A9e-200x200.webp","crdate":1733404527,"tstamp":1733404527}}]},{"title":"Conservatoire","logo":[{"publicUrl":"https:\/\/dieppe.api.cimeos.dev\/fileadmin\/_processed_\/2\/0\/csm_Camille_saint_saens_200px_ee64a9aeca.webp","properties":{"title":null,"alternative":null,"description":null,"link":"https:\/\/www.conservatoiredieppe.fr\/","linkData":{"href":"https:\/\/www.conservatoiredieppe.fr\/","target":"Conservatoire","class":null,"title":null,"linkText":"https:\/\/www.conservatoiredieppe.fr\/","additionalAttributes":{"rel":"noreferrer"}},"mimeType":"image\/webp","type":"image","filename":"Camille_saint_saens_200px.jpg","originalUrl":"https:\/\/dieppe.api.cimeos.dev\/fileadmin\/mediatheque_ville-de-dieppe\/pictos\/partenaires\/Camille_saint_saens_200px.jpg","uidLocal":6380,"fileReferenceUid":12154,"size":14522,"dimensions":{"width":200,"height":200},"cropDimensions":{"width":200,"height":200},"crop":{"default":{"cropArea":{"x":0,"y":0,"width":1,"height":1},"selectedRatio":"NaN","focusArea":null}},"autoplay":null,"extension":"jpg","initialDimensions":{"width":200,"height":200},"orientation":"paysage","processedExtension":"webp","copyright":"","categories":[],"publicUrl":"https:\/\/dieppe.api.cimeos.dev\/fileadmin\/_processed_\/2\/0\/csm_Camille_saint_saens_200px_ee64a9aeca.webp","crdate":1733485782,"tstamp":1733485782}}]},{"title":"DSN","logo":[{"publicUrl":"https:\/\/dieppe.api.cimeos.dev\/fileadmin\/_processed_\/2\/2\/csm_DSN_200px_14cd9d662c.webp","properties":{"title":null,"alternative":null,"description":null,"link":"https:\/\/www.dsn.asso.fr\/","linkData":{"href":"https:\/\/www.dsn.asso.fr\/","target":"DSN","class":null,"title":null,"linkText":"https:\/\/www.dsn.asso.fr\/","additionalAttributes":{"rel":"noreferrer"}},"mimeType":"image\/webp","type":"image","filename":"DSN_200px.jpg","originalUrl":"https:\/\/dieppe.api.cimeos.dev\/fileadmin\/mediatheque_ville-de-dieppe\/pictos\/partenaires\/DSN_200px.jpg","uidLocal":6381,"fileReferenceUid":12155,"size":11932,"dimensions":{"width":200,"height":200},"cropDimensions":{"width":200,"height":200},"crop":{"default":{"cropArea":{"x":0,"y":0,"width":1,"height":1},"selectedRatio":"NaN","focusArea":null}},"autoplay":null,"extension":"jpg","initialDimensions":{"width":200,"height":200},"orientation":"paysage","processedExtension":"webp","copyright":"","categories":[],"publicUrl":"https:\/\/dieppe.api.cimeos.dev\/fileadmin\/_processed_\/2\/2\/csm_DSN_200px_14cd9d662c.webp","crdate":1733485917,"tstamp":1733485917}}]},{"title":"Dieppe-Maritime","logo":[{"publicUrl":"https:\/\/dieppe.api.cimeos.dev\/fileadmin\/_processed_\/4\/4\/csm_Logo_Dieppe_Maritime_f8af5a24a7.webp","properties":{"title":null,"alternative":null,"description":null,"link":"http:\/\/www.agglodieppe-maritime.com\/","linkData":{"href":"http:\/\/www.agglodieppe-maritime.com\/","target":"_blank","class":null,"title":null,"linkText":"http:\/\/www.agglodieppe-maritime.com\/","additionalAttributes":{"rel":"noreferrer"}},"mimeType":"image\/webp","type":"image","filename":"Logo_Dieppe_Maritime.jpg","originalUrl":"https:\/\/dieppe.api.cimeos.dev\/fileadmin\/mediatheque_ville-de-dieppe\/pictos\/partenaires\/Logo_Dieppe_Maritime.jpg","uidLocal":18417,"fileReferenceUid":20797,"size":8904,"dimensions":{"width":200,"height":200},"cropDimensions":{"width":200,"height":200},"crop":{"default":{"cropArea":{"x":0,"y":0,"width":1,"height":1},"selectedRatio":"NaN","focusArea":null}},"autoplay":null,"extension":"jpg","initialDimensions":{"width":200,"height":200},"orientation":"paysage","processedExtension":"webp","copyright":"","categories":[],"publicUrl":"https:\/\/dieppe.api.cimeos.dev\/fileadmin\/_processed_\/4\/4\/csm_Logo_Dieppe_Maritime_f8af5a24a7.webp","crdate":1778593972,"tstamp":1778593972}}]}]}}],"colPos2":[{"id":3302,"type":"cimsearchelastic_displaysearch","colPos":2,"categories":"","appearance":{"layout":"default","frameClass":"default","spaceBefore":"","spaceAfter":""},"show_in_summary":false,"content":{"header":"Le~kiosque","subheader":"","headerLayout":2,"headerPosition":"","headerLink":{"href":"https:\/\/typo3v12-template.cimeos.dev\/kiosque","target":null,"class":null,"title":null,"linkText":"Kiosque","additionalAttributes":[]},"data":{"settings":{"dateFormat":{"en":"Y-m-d","fr":"Y-m-d"},"template":"homeKiosque","custom_template":"","type_affichage":"list_map","engineLocation":"VerticalForm","picture":"0","prefilters":"","title":"","subtitle":"","showResults":"1","showArchives":"0","showFilters":"0","showArchiveFilter":"0","removeNumeric":"0","content_element":"9","categories":"","filter":"{ \"wildcard\": { \"folder\": { \"value\": \"*\/mediatheque_ville-de-dieppe\/Kiosque\/*\" } } }","multisite":"0","storage":"","includeSubfolders":"0","categoryConjunction":"or","noResultsMsg":"","source":"","excludeFields":"","idPageDetail":"","idPageList":"1865","typoLinkPageList":"","idPageArchives":"","idPageProp":"","titlePageProp":"Proposer un contenu","nb_results_per_page":"10","shouldLoad":"1","search_order":"","search_order_direction":"asc","specific_search_order":"[ { \"metadata.date_displayed\" : {\"order\" : \"desc\"}} ]","getResultsByType":"0","getResultsByCategories":"0","groupByParentCategory":"","favoritesFirst":"0","limitToCurrentUser":"0","groupByCategoryFieldname":"categories"},"results":[],"showFilters":false,"showResults":true,"nbResults":0,"prefilters":[],"resultsPerPage":10,"urlScroll":"\/?elementId=3302&tx_cimsearchelastic_displaysearch%5Baction%5D=scroll&type=99992&cHash=e19ab493a0e74649299c687e883f26d8a96d47ff4390b7dd9b69f8c92b710a21","urlGeo":"\/?elementId=3302&tx_cimsearchelastic_displaysearch%5Baction%5D=geo&type=99991&cHash=e19ab493a0e74649299c687e883f26d8a96d47ff4390b7dd9b69f8c92b710a21","urlMostViewed":"\/?elementId=3302&mostViewed=1&tx_cimsearchelastic_displaysearch%5Baction%5D=geo&type=1602769059&cHash=087d6173bc83a318c3224c7fc2f10f53318247f04d808d3888b3c46a0d6271be","urlShow":"\/?tx_cimsearchelastic_displaysearch%5Baction%5D=popup&type=1602769059","urlPopup":"\/?tx_cimsearchelastic_displaysearch%5Baction%5D=popup&type=1602769059","listLink":{"href":"\/kiosque","title":null,"text":""},"archiveListLink":{"href":"","text":"","target":""},"propositionLink":{"href":"","text":"","target":""}}}},{"id":5953,"type":"mask_bloc_video","colPos":2,"categories":"","appearance":{"layout":"default","frameClass":"default","spaceBefore":"","spaceAfter":""},"show_in_summary":false,"content":{"header":"","subheader":"","headerLayout":2,"headerPosition":"","headerLink":"","video":[{"publicUrl":"https:\/\/www.youtube-nocookie.com\/embed\/POtjnrp1Y6o?autohide=1&amp;controls=1&amp;enablejsapi=1&amp;origin=https%3A%2F%2Fdieppe.api.stage.cimeos.com","properties":{"title":"Tony Parker Senior : une l\u00e9gende du basket dieppois","alternative":null,"description":null,"link":null,"linkData":null,"mimeType":"video\/youtube","type":"video","filename":"_documentaire___Tony_Parker_Senior___une_l\u00e9gende_du_basket_dieppois.youtube","originalUrl":"https:\/\/www.youtube.com\/watch?v=POtjnrp1Y6o","uidLocal":19734,"fileReferenceUid":21641,"size":11,"dimensions":{"width":2048,"height":1152},"cropDimensions":{"width":2048,"height":1152},"crop":"","autoplay":0,"extension":"youtube","copyright":"","categories":[],"publicUrl":"https:\/\/www.youtube.com\/watch?v=POtjnrp1Y6o","crdate":1783588914,"tstamp":1783588914}}],"links":[{"type":"url","additionalAttributes":{"href":"https:\/\/www.youtube.com\/channel\/UC4G5D09UZPOHTWnUzUWiNAQ","target":"_blank","rel":"noreferrer"},"href":"https:\/\/www.youtube.com\/channel\/UC4G5D09UZPOHTWnUzUWiNAQ","target":"_blank","text":"Toutes les vid\u00e9os"}]}}],"colPos0":[{"id":3306,"type":"cimsearchelastic_displaysearch","colPos":0,"categories":"","appearance":{"layout":"default","frameClass":"default","spaceBefore":"","spaceAfter":""},"show_in_summary":false,"content":{"header":"Nos~actualit\u00e9s","subheader":"","headerLayout":2,"headerPosition":"","headerLink":{"href":"https:\/\/typo3v12-template.cimeos.dev\/pages-de-tests\/page-de-liste","target":null,"class":null,"title":null,"linkText":"Page de liste","additionalAttributes":[]},"data":{"settings":{"dateFormat":{"en":"Y-m-d","fr":"Y-m-d"},"template":"homeNews","custom_template":"","type_affichage":"list_map","engineLocation":"VerticalForm","picture":"0","title":"Les~Actualit\u00e9s","subtitle":"","prefilters":"","showResults":"1","showArchives":"0","showFilters":"0","showArchiveFilter":"0","removeNumeric":"0","content_element":"","categories":"","filter":"","multisite":"0","storage":"1820","includeSubfolders":"0","categoryConjunction":"or","noResultsMsg":"","source":"","excludeFields":"","showLanguage":"0","categories_field":"specificCategories","idPageDetail":"","idPageList":"1898","typoLinkPageList":"t3:\/\/page?uid=134","idPageArchives":"","idPageProp":"","titlePageProp":"Proposer un contenu","titlePageList":"Toutes les actualit\u00e9s","nb_results_per_page":"3","shouldLoad":"0","search_order":"","search_order_direction":"asc","specific_search_order":"[   {     \"istopnews\": {       \"order\": \"desc\"     }   },   {     \"datetime\": {       \"order\": \"desc\"     }   } ]","getResultsByType":"0","getResultsByCategories":"0","groupByParentCategory":"","favoritesFirst":"0","limitToCurrentUser":"0","groupByCategoryFieldname":"categories","displayResultsOnLoad":"0"},"results":[{"type":"news","sorting":1537,"sysLanguageUid":0,"hidden":0,"crdate":"2026-07-01T13:34:44+0200","tstamp":"2026-08-10T09:49:55+0200","feGroup":"0","pathSegment":"\/nouveau-reglement-de-meubles-de-tourisme-ce-qui-change-a-compter-du-1er-septembre-2026","categories":[{"sorting":528,"title":"Logement","parent":{"sorting":3840,"title":"Ville de Dieppe","parent":{"sorting":64,"title":"Th\u00e9matiques \u00e9ditoriales","images":[],"slug":"thematiques-editoriales","feBlacklist":true,"uid":31,"pid":41},"images":[],"slug":"ville-de-dieppe","feBlacklist":true,"uid":390,"pid":1927},"images":[],"slug":"logement","feBlacklist":false,"uid":807,"pid":1927}],"title":"Nouveau r\u00e8glement de meubl\u00e9s de tourisme\u00a0:  ce qui change \u00e0 compter du 1er septembre 2026","istopnews":true,"teaser":"Afin de continuer \u00e0 pr\u00e9server l'\u00e9quilibre entre l'offre de logements destin\u00e9s aux habitants et l'activit\u00e9 touristique sur la commune, la r\u00e9glementation applicable aux meubl\u00e9s de tourisme \u00e9volue.","quartier":[],"datetime":"2026-08-10T09:44:16+0200","hideRelatedContent":false,"pictureShow":[{"publicUrl":"https:\/\/dieppe.api.cimeos.dev\/fileadmin\/user_upload\/PAD_8428.jpg","properties":{"title":null,"alternative":null,"description":null,"link":null,"linkData":null,"mimeType":"image\/jpeg","type":"image","filename":"PAD_8428.jpg","originalUrl":"https:\/\/dieppe.api.cimeos.dev\/fileadmin\/user_upload\/PAD_8428.jpg","uidLocal":19560,"fileReferenceUid":21530,"size":2336527,"dimensions":{"width":6958,"height":4639},"cropDimensions":{"width":6958,"height":4639},"crop":"{\"default\":{\"cropArea\":{\"x\":0,\"y\":0,\"width\":1,\"height\":1},\"selectedRatio\":\"NaN\",\"focusArea\":null}}","autoplay":null,"extension":"jpg","initialDimensions":{"width":6958,"height":4639},"orientation":"paysage","processedExtension":"webp","copyright":"","categories":[],"publicUrl":"https:\/\/dieppe.api.cimeos.dev\/fileadmin\/user_upload\/PAD_8428.jpg","crdate":1782899615,"tstamp":1782899615}}],"pictureList":[],"uid":233,"pid":1820,"pid_title":"Actualit\u00e9s","site":"dieppe.api.stage.cimeos.com","sys_language_uid":0,"suggest_title":"Nouveau r\u00e8glement de meubl\u00e9s de tourisme\u00a0:  ce qui change \u00e0 compter du 1er septembre 2026","settings":{"urlBuilder":{"varDefaultDetailUidName":"idNewsDetail","parameters":{"action":"show","arguments":"directory","controller":"News","extensionName":"cimdirectory","pluginName":"Display"}},"editorial":{"contentElementId":"60","partial":"ItemList","itemType":"news","classes":"annuaire","hn":"2","popin":"1","grid":"horizontal","showImage":"1","showCategory":"1","showTeaser":"1","showOnHover":"0","showMore":"0","showDate":"0","urlBuilder":{"varDefaultDetailUidName":"idNewsDetail","parameters":{"action":"show","arguments":"directory","controller":"News","extensionName":"cimdirectory","pluginName":"Display"}},"images":{"list":{"fields":"pictureShow"}}},"list":{"contentElementId":"60","partial":"ItemList","itemType":"news","classes":"annuaire","hn":"2","popin":"1","grid":"horizontal","showImage":"1","showCategory":"1","showTeaser":"1","showOnHover":"0","showMore":"0","showDate":"0","urlBuilder":{"varDefaultDetailUidName":"idNewsDetail","parameters":{"action":"show","arguments":"directory","controller":"News","extensionName":"cimdirectory","pluginName":"Display"}},"images":{"list":{"fields":"pictureShow"}}},"search":{"contentElementId":"60","partial":"ItemList","itemType":"news","classes":"annuaire","hn":"2","grid":"horizontal","showImage":"1","showCategory":"1","showTeaser":"1","showOnHover":"0","showMore":"0","showDate":"0","urlBuilder":{"varDefaultDetailUidName":"idNewsDetail","parameters":{"action":"show","arguments":"directory","controller":"News","extensionName":"cimdirectory","pluginName":"Display"}}}},"id":"1820_233","imageList":[{"publicUrl":"https:\/\/dieppe.api.cimeos.dev\/fileadmin\/_processed_\/c\/3\/csm_PAD_8428_a20bf468cc.webp","properties":{"title":null,"alternative":null,"description":null,"link":null,"linkData":null,"mimeType":"image\/webp","type":"image","filename":"PAD_8428.jpg","originalUrl":"https:\/\/dieppe.api.cimeos.dev\/fileadmin\/user_upload\/PAD_8428.jpg","uidLocal":19560,"fileReferenceUid":21530,"size":2336527,"dimensions":{"width":690,"height":522},"cropDimensions":{"width":690,"height":522},"crop":"{\"default\":{\"cropArea\":{\"x\":0,\"y\":0,\"width\":1,\"height\":1},\"selectedRatio\":\"NaN\",\"focusArea\":null}}","autoplay":null,"extension":"jpg","initialDimensions":{"width":6958,"height":4639},"orientation":"paysage","processedExtension":"webp","copyright":"","categories":[],"publicUrl":"https:\/\/dieppe.api.cimeos.dev\/fileadmin\/_processed_\/c\/3\/csm_PAD_8428_a20bf468cc.webp","crdate":1782899615,"tstamp":1782899615}}],"links":[{"href":"\/actualites\/detail\/nouveau-reglement-de-meubles-de-tourisme-ce-qui-change-a-compter-du-1er-septembre-2026","title":null,"text":"Nouveau r\u00e8glement de meubl\u00e9s de tourisme\u00a0:  ce qui change \u00e0 compter du 1er septembre 2026"}]},{"type":"news","sorting":2,"sysLanguageUid":0,"hidden":0,"crdate":"2026-08-05T11:01:57+0200","tstamp":"2026-08-06T09:54:41+0200","feGroup":"0","pathSegment":"\/la-fete-foraine-ouvre-ses-portes-ce-vendredi-7-aout","categories":[{"sorting":1028,"title":"Animation","parent":{"sorting":3840,"title":"Ville de Dieppe","parent":{"sorting":64,"title":"Th\u00e9matiques \u00e9ditoriales","images":[],"slug":"thematiques-editoriales","feBlacklist":true,"uid":31,"pid":41},"images":[],"slug":"ville-de-dieppe","feBlacklist":true,"uid":390,"pid":1927},"images":[],"slug":"animation-1","feBlacklist":false,"uid":542,"pid":1927}],"title":"La F\u00eate foraine ouvre ses portes ce vendredi 7 ao\u00fbt","istopnews":true,"teaser":"La F\u00eate foraine de Dieppe investit les pelouses du front de mer du 7 au 23 ao\u00fbt.","quartier":[],"datetime":"2026-08-05T10:59:30+0200","hideRelatedContent":false,"pictureShow":[{"publicUrl":"https:\/\/dieppe.api.cimeos.dev\/fileadmin\/user_upload\/CARRE_-_f%C3%AAte_foraine_-_20261.jpg","properties":{"title":null,"alternative":null,"description":null,"link":null,"linkData":null,"mimeType":"image\/jpeg","type":"image","filename":"CARRE_-_f\u00eate_foraine_-_20261.jpg","originalUrl":"https:\/\/dieppe.api.cimeos.dev\/fileadmin\/user_upload\/CARRE_-_f%C3%AAte_foraine_-_20261.jpg","uidLocal":20071,"fileReferenceUid":21766,"size":204027,"dimensions":{"width":1035,"height":1035},"cropDimensions":{"width":1035,"height":1035},"crop":"{\"default\":{\"cropArea\":{\"x\":0,\"y\":0,\"width\":1,\"height\":1},\"selectedRatio\":\"NaN\",\"focusArea\":null}}","autoplay":null,"extension":"jpg","initialDimensions":{"width":1035,"height":1035},"orientation":"paysage","processedExtension":"webp","copyright":"","categories":[],"publicUrl":"https:\/\/dieppe.api.cimeos.dev\/fileadmin\/user_upload\/CARRE_-_f%C3%AAte_foraine_-_20261.jpg","crdate":1785920500,"tstamp":1785920500}}],"pictureList":[{"publicUrl":"https:\/\/dieppe.api.cimeos.dev\/fileadmin\/user_upload\/CARRE_-_f%C3%AAte_foraine_-_20261.jpg","properties":{"title":null,"alternative":null,"description":null,"link":null,"linkData":null,"mimeType":"image\/jpeg","type":"image","filename":"CARRE_-_f\u00eate_foraine_-_20261.jpg","originalUrl":"https:\/\/dieppe.api.cimeos.dev\/fileadmin\/user_upload\/CARRE_-_f%C3%AAte_foraine_-_20261.jpg","uidLocal":20071,"fileReferenceUid":21767,"size":204027,"dimensions":{"width":1035,"height":1035},"cropDimensions":{"width":1035,"height":1035},"crop":"{\"default\":{\"cropArea\":{\"x\":0,\"y\":0,\"width\":1,\"height\":1},\"selectedRatio\":\"NaN\",\"focusArea\":null}}","autoplay":null,"extension":"jpg","initialDimensions":{"width":1035,"height":1035},"orientation":"paysage","processedExtension":"webp","copyright":"","categories":[],"publicUrl":"https:\/\/dieppe.api.cimeos.dev\/fileadmin\/user_upload\/CARRE_-_f%C3%AAte_foraine_-_20261.jpg","crdate":1785920500,"tstamp":1785920500}}],"uid":251,"pid":1820,"pid_title":"Actualit\u00e9s","site":"dieppe.api.stage.cimeos.com","sys_language_uid":0,"suggest_title":"La F\u00eate foraine ouvre ses portes ce vendredi 7 ao\u00fbt","settings":{"urlBuilder":{"varDefaultDetailUidName":"idNewsDetail","parameters":{"action":"show","arguments":"directory","controller":"News","extensionName":"cimdirectory","pluginName":"Display"}},"editorial":{"contentElementId":"60","partial":"ItemList","itemType":"news","classes":"annuaire","hn":"2","popin":"1","grid":"horizontal","showImage":"1","showCategory":"1","showTeaser":"1","showOnHover":"0","showMore":"0","showDate":"0","urlBuilder":{"varDefaultDetailUidName":"idNewsDetail","parameters":{"action":"show","arguments":"directory","controller":"News","extensionName":"cimdirectory","pluginName":"Display"}},"images":{"list":{"fields":"pictureShow"}}},"list":{"contentElementId":"60","partial":"ItemList","itemType":"news","classes":"annuaire","hn":"2","popin":"1","grid":"horizontal","showImage":"1","showCategory":"1","showTeaser":"1","showOnHover":"0","showMore":"0","showDate":"0","urlBuilder":{"varDefaultDetailUidName":"idNewsDetail","parameters":{"action":"show","arguments":"directory","controller":"News","extensionName":"cimdirectory","pluginName":"Display"}},"images":{"list":{"fields":"pictureShow"}}},"search":{"contentElementId":"60","partial":"ItemList","itemType":"news","classes":"annuaire","hn":"2","grid":"horizontal","showImage":"1","showCategory":"1","showTeaser":"1","showOnHover":"0","showMore":"0","showDate":"0","urlBuilder":{"varDefaultDetailUidName":"idNewsDetail","parameters":{"action":"show","arguments":"directory","controller":"News","extensionName":"cimdirectory","pluginName":"Display"}}}},"id":"1820_251","imageList":[{"publicUrl":"https:\/\/dieppe.api.cimeos.dev\/fileadmin\/_processed_\/3\/c\/csm_CARRE_-_f%C3%AAte_foraine_-_20261_c3c5fecfa7.webp","properties":{"title":null,"alternative":null,"description":null,"link":null,"linkData":null,"mimeType":"image\/webp","type":"image","filename":"CARRE_-_f\u00eate_foraine_-_20261.jpg","originalUrl":"https:\/\/dieppe.api.cimeos.dev\/fileadmin\/user_upload\/CARRE_-_f%C3%AAte_foraine_-_20261.jpg","uidLocal":20071,"fileReferenceUid":21767,"size":204027,"dimensions":{"width":690,"height":522},"cropDimensions":{"width":690,"height":522},"crop":"{\"default\":{\"cropArea\":{\"x\":0,\"y\":0,\"width\":1,\"height\":1},\"selectedRatio\":\"NaN\",\"focusArea\":null}}","autoplay":null,"extension":"jpg","initialDimensions":{"width":1035,"height":1035},"orientation":"paysage","processedExtension":"webp","copyright":"","categories":[],"publicUrl":"https:\/\/dieppe.api.cimeos.dev\/fileadmin\/_processed_\/3\/c\/csm_CARRE_-_f%C3%AAte_foraine_-_20261_c3c5fecfa7.webp","crdate":1785920500,"tstamp":1785920500}}],"links":[{"href":"\/actualites\/detail\/la-fete-foraine-ouvre-ses-portes-ce-vendredi-7-aout","title":null,"text":"La F\u00eate foraine ouvre ses portes ce vendredi 7 ao\u00fbt"}]},{"type":"news","sorting":4,"sysLanguageUid":0,"hidden":0,"crdate":"2026-07-30T17:50:44+0200","starttime":"2026-07-30T17:46:00+0200","tstamp":"2026-07-30T18:31:54+0200","feGroup":"0","pathSegment":"\/altrad-endel-va-sinstaller-sur-eurochannel-3-350-emplois-a-la-cle","categories":[{"sorting":1537,"title":"\u00c9conomie","parent":{"sorting":3840,"title":"Ville de Dieppe","parent":{"sorting":64,"title":"Th\u00e9matiques \u00e9ditoriales","images":[],"slug":"thematiques-editoriales","feBlacklist":true,"uid":31,"pid":41},"images":[],"slug":"ville-de-dieppe","feBlacklist":true,"uid":390,"pid":1927},"images":[],"slug":"economie","feBlacklist":false,"uid":534,"pid":1927},{"sorting":2052,"title":"Emploi","parent":{"sorting":3840,"title":"Ville de Dieppe","parent":{"sorting":64,"title":"Th\u00e9matiques \u00e9ditoriales","images":[],"slug":"thematiques-editoriales","feBlacklist":true,"uid":31,"pid":41},"images":[],"slug":"ville-de-dieppe","feBlacklist":true,"uid":390,"pid":1927},"images":[],"slug":"emploi","feBlacklist":false,"uid":522,"pid":1927}],"title":"Altrad Endel va s'installer sur Eurochannel 3, 350 emplois \u00e0 la cl\u00e9","istopnews":true,"teaser":"\u00ab Une bonne nouvelle industrielle ! \u00bb Le pr\u00e9sident de la communaut\u00e9 d'agglom\u00e9ration Dieppe-Maritime S\u00e9bastien Jumel et le maire de Martin-\u00c9glise (et vice-pr\u00e9sident de l'Agglo) St\u00e9phane Skladanowski l'ont annonc\u00e9 ce matin : le groupe Altrad Endel va implanter sur la future zone Eurochannel 3 une usine moderne, totalement m\u00e9canis\u00e9e. \u00ab Il s'agit du plus gros projet industriel depuis l'implantation de Toshiba (devenu aujourd'hui \u00c9tria) en juillet 1990 ! \u00bb La construction du site industriel devrait d\u00e9buter fin 2027 pour une mise en service pr\u00e9vue fin 2028. \u00ab C'est une grande satisfaction de voir arriver ce magnifique fleuron industriel qui donne une belle image de l'agglom\u00e9ration \u00bb, a, pour sa part, d\u00e9clar\u00e9 St\u00e9phane Skladanowski.","quartier":[],"datetime":"2026-07-30T17:46:20+0200","hideRelatedContent":false,"pictureShow":[{"publicUrl":"https:\/\/dieppe.api.cimeos.dev\/fileadmin\/user_upload\/Zac_Eurochannel_3.png","properties":{"title":null,"alternative":null,"description":null,"link":null,"linkData":null,"mimeType":"image\/png","type":"image","filename":"Zac_Eurochannel_3.png","originalUrl":"https:\/\/dieppe.api.cimeos.dev\/fileadmin\/user_upload\/Zac_Eurochannel_3.png","uidLocal":20016,"fileReferenceUid":21761,"size":7332916,"dimensions":{"width":3576,"height":2113},"cropDimensions":{"width":3576,"height":2113},"crop":"{\"default\":{\"cropArea\":{\"x\":0,\"y\":0,\"width\":1,\"height\":1},\"selectedRatio\":\"NaN\",\"focusArea\":null}}","autoplay":null,"extension":"png","initialDimensions":{"width":3576,"height":2113},"orientation":"paysage","processedExtension":"webp","copyright":"","categories":[],"publicUrl":"https:\/\/dieppe.api.cimeos.dev\/fileadmin\/user_upload\/Zac_Eurochannel_3.png","crdate":1785427071,"tstamp":1785427071}}],"pictureList":[],"uid":250,"pid":1820,"pid_title":"Actualit\u00e9s","site":"dieppe.api.stage.cimeos.com","sys_language_uid":0,"suggest_title":"Altrad Endel va s'installer sur Eurochannel 3, 350 emplois \u00e0 la cl\u00e9","settings":{"urlBuilder":{"varDefaultDetailUidName":"idNewsDetail","parameters":{"action":"show","arguments":"directory","controller":"News","extensionName":"cimdirectory","pluginName":"Display"}},"editorial":{"contentElementId":"60","partial":"ItemList","itemType":"news","classes":"annuaire","hn":"2","popin":"1","grid":"horizontal","showImage":"1","showCategory":"1","showTeaser":"1","showOnHover":"0","showMore":"0","showDate":"0","urlBuilder":{"varDefaultDetailUidName":"idNewsDetail","parameters":{"action":"show","arguments":"directory","controller":"News","extensionName":"cimdirectory","pluginName":"Display"}},"images":{"list":{"fields":"pictureShow"}}},"list":{"contentElementId":"60","partial":"ItemList","itemType":"news","classes":"annuaire","hn":"2","popin":"1","grid":"horizontal","showImage":"1","showCategory":"1","showTeaser":"1","showOnHover":"0","showMore":"0","showDate":"0","urlBuilder":{"varDefaultDetailUidName":"idNewsDetail","parameters":{"action":"show","arguments":"directory","controller":"News","extensionName":"cimdirectory","pluginName":"Display"}},"images":{"list":{"fields":"pictureShow"}}},"search":{"contentElementId":"60","partial":"ItemList","itemType":"news","classes":"annuaire","hn":"2","grid":"horizontal","showImage":"1","showCategory":"1","showTeaser":"1","showOnHover":"0","showMore":"0","showDate":"0","urlBuilder":{"varDefaultDetailUidName":"idNewsDetail","parameters":{"action":"show","arguments":"directory","controller":"News","extensionName":"cimdirectory","pluginName":"Display"}}}},"id":"1820_250","imageList":[{"publicUrl":"https:\/\/dieppe.api.cimeos.dev\/fileadmin\/_processed_\/c\/d\/csm_Zac_Eurochannel_3_2b04e8f507.webp","properties":{"title":null,"alternative":null,"description":null,"link":null,"linkData":null,"mimeType":"image\/webp","type":"image","filename":"Zac_Eurochannel_3.png","originalUrl":"https:\/\/dieppe.api.cimeos.dev\/fileadmin\/user_upload\/Zac_Eurochannel_3.png","uidLocal":20016,"fileReferenceUid":21761,"size":7332916,"dimensions":{"width":690,"height":522},"cropDimensions":{"width":690,"height":522},"crop":"{\"default\":{\"cropArea\":{\"x\":0,\"y\":0,\"width\":1,\"height\":1},\"selectedRatio\":\"NaN\",\"focusArea\":null}}","autoplay":null,"extension":"png","initialDimensions":{"width":3576,"height":2113},"orientation":"paysage","processedExtension":"webp","copyright":"","categories":[],"publicUrl":"https:\/\/dieppe.api.cimeos.dev\/fileadmin\/_processed_\/c\/d\/csm_Zac_Eurochannel_3_2b04e8f507.webp","crdate":1785427071,"tstamp":1785427071}}],"links":[{"href":"\/actualites\/detail\/altrad-endel-va-sinstaller-sur-eurochannel-3-350-emplois-a-la-cle","title":null,"text":"Altrad Endel va s'installer sur Eurochannel 3, 350 emplois \u00e0 la cl\u00e9"}]}],"showFilters":false,"showResults":true,"nbResults":183,"prefilters":[],"resultsPerPage":3,"urlScroll":"\/?elementId=3306&tx_cimsearchelastic_displaysearch%5Baction%5D=scroll&type=99992&cHash=40ab70b86befe7fd9af5a7f5cb6c15b4d9de873048b354f644df331583f22de7","urlGeo":"\/?elementId=3306&tx_cimsearchelastic_displaysearch%5Baction%5D=geo&type=99991&cHash=40ab70b86befe7fd9af5a7f5cb6c15b4d9de873048b354f644df331583f22de7","urlMostViewed":"\/?elementId=3306&mostViewed=1&tx_cimsearchelastic_displaysearch%5Baction%5D=geo&type=1602769059&cHash=1ce21a2529c13c27134acea051aeb1de8a582d412db42a6f5f1ffaefadfe7e79","urlShow":"\/?tx_cimsearchelastic_displaysearch%5Baction%5D=popup&type=1602769059","urlPopup":"\/?tx_cimsearchelastic_displaysearch%5Baction%5D=popup&type=1602769059","listLink":{"href":"\/actualites","title":null,"text":"Toutes les actualit\u00e9s"},"archiveListLink":{"href":"","text":"","target":""},"propositionLink":{"href":"","text":"","target":""}}}},{"id":3421,"type":"cimsearchelastic_displaysearch","colPos":0,"categories":"","appearance":{"layout":"default","frameClass":"default","spaceBefore":"","spaceAfter":""},"show_in_summary":false,"content":{"header":"En bref","subheader":"","headerLayout":2,"headerPosition":"","headerLink":"","data":{"settings":{"dateFormat":{"en":"Y-m-d","fr":"Y-m-d"},"template":"HomeBreve","type_affichage":"list","engineLocation":"VerticalForm","picture":"0","prefilters":"","showResults":"1","noResultsMsg":"","showArchives":"0","showFilters":"0","showArchiveFilter":"0","removeNumeric":"0","content_element":"64","categories":"","filter":"","source":"","excludeFields":"","multisite":"0","storage":"1935","includeSubfolders":"0","categoryConjunction":"or","idPageDetail":"","idPageList":"","typoLinkPageList":"","idPageArchives":"","idPageProp":"","titlePageProp":"Proposer un contenu","nb_results_per_page":"3","shouldLoad":"0","search_order":"cimNewsStartDate","search_order_direction":"desc","specific_search_order":"","getResultsByType":"0","getResultsByCategories":"0","getResultsByWeeks":"0","groupByParentCategory":"","groupByCategoryFieldname":"categories","favoritesFirst":"0","limitToCurrentUser":"0"},"results":[{"type":"breve","sorting":4,"sysLanguageUid":0,"hidden":0,"crdate":"2026-08-11T09:07:37+0200","starttime":"2026-08-17T07:00:00+0200","tstamp":"2026-08-11T09:07:37+0200","feGroup":"0","pathSegment":"\/en-raison-dun-concert-festif-au-cambridge-les-rues-du-haut-pas-et-gustave-rouland-seront-fermees-a-la-circulation-le-samedi-22-aout-2026","title":"En raison d\u2019un concert festif au Cambridge, les rues du Haut Pas et Gustave Rouland seront ferm\u00e9es \u00e0 la circulation, le samedi 22 ao\u00fbt 2026.","cimNewsStartDate":"2026-08-17T00:00:00+0200","link":"t3:\/\/file?uid=20066","uid":148,"pid":1935,"pid_title":"Br\u00e8ve","site":"dieppe.api.stage.cimeos.com","sys_language_uid":0,"suggest_title":"En raison d\u2019un concert festif au Cambridge, les rues du Haut Pas et Gustave Rouland seront ferm\u00e9es \u00e0 la circulation, le samedi 22 ao\u00fbt 2026.","settings":{"urlBuilder":{"varDefaultDetailUidName":"idBreveDetail","parameters":{"action":"show","arguments":"directory","controller":"Breve","extensionName":"cimdirectory","pluginName":"Display"}},"editorial":{"contentElementId":"64","partial":"ItemList","itemType":"breve","classes":"annuaire","hn":"2","popin":"1","grid":"horizontal","showImage":"1","showCategory":"1","showTeaser":"1","showOnHover":"0","showMore":"0","showDate":"0","urlBuilder":{"varDefaultDetailUidName":"idBreveDetail","parameters":{"action":"show","arguments":"directory","controller":"Breve","extensionName":"cimdirectory","pluginName":"Display"}},"images":{"list":{"fields":"pictureShow"}}},"list":{"contentElementId":"64","partial":"ItemList","itemType":"breve","classes":"annuaire","hn":"2","popin":"1","grid":"horizontal","showImage":"1","showCategory":"1","showTeaser":"1","showOnHover":"0","showMore":"0","showDate":"0","urlBuilder":{"varDefaultDetailUidName":"idBreveDetail","parameters":{"action":"show","arguments":"directory","controller":"Breve","extensionName":"cimdirectory","pluginName":"Display"}},"images":{"list":{"fields":"pictureShow"}}},"search":{"contentElementId":"64","partial":"ItemList","itemType":"breve","classes":"annuaire","hn":"2","grid":"horizontal","showImage":"1","showCategory":"1","showTeaser":"1","showOnHover":"0","showMore":"0","showDate":"0","urlBuilder":{"varDefaultDetailUidName":"idBreveDetail","parameters":{"action":"show","arguments":"directory","controller":"Breve","extensionName":"cimdirectory","pluginName":"Display"}}}},"id":"1935_148","imageList":[],"linksError":"Page id \"1937\" was not found, so \"En raison d\u2019un concert festif au Cambridge, les rues du Haut Pas et Gustave Rouland seront ferm\u00e9es \u00e0 la circulation, le samedi 22 ao\u00fbt 2026.\" was not linked.","links":[{"href":"https:\/\/dieppe.api.cimeos.dev\/fileadmin\/mediatheque_ville-de-dieppe\/Actes_administratifs\/Ville\/2026\/AR864-04082026.pdf"}]},{"type":"breve","sorting":520,"sysLanguageUid":0,"hidden":0,"crdate":"2026-06-24T12:54:56+0200","tstamp":"2026-08-11T08:05:56+0200","feGroup":"0","pathSegment":"\/localisez-les-points-deau-proches-de-vous","title":"Localisez les points d'eau proches de vous !","cimNewsStartDate":"2026-08-10T00:00:00+0200","link":"https:\/\/sig.agglodieppe-maritime.com\/portal\/apps\/webappviewer\/index.html?id=dda242f460404a3cab415d2a3d714b0e","uid":137,"pid":1935,"pid_title":"Br\u00e8ve","site":"dieppe.api.stage.cimeos.com","sys_language_uid":0,"suggest_title":"Localisez les points d'eau proches de vous !","settings":{"urlBuilder":{"varDefaultDetailUidName":"idBreveDetail","parameters":{"action":"show","arguments":"directory","controller":"Breve","extensionName":"cimdirectory","pluginName":"Display"}},"editorial":{"contentElementId":"64","partial":"ItemList","itemType":"breve","classes":"annuaire","hn":"2","popin":"1","grid":"horizontal","showImage":"1","showCategory":"1","showTeaser":"1","showOnHover":"0","showMore":"0","showDate":"0","urlBuilder":{"varDefaultDetailUidName":"idBreveDetail","parameters":{"action":"show","arguments":"directory","controller":"Breve","extensionName":"cimdirectory","pluginName":"Display"}},"images":{"list":{"fields":"pictureShow"}}},"list":{"contentElementId":"64","partial":"ItemList","itemType":"breve","classes":"annuaire","hn":"2","popin":"1","grid":"horizontal","showImage":"1","showCategory":"1","showTeaser":"1","showOnHover":"0","showMore":"0","showDate":"0","urlBuilder":{"varDefaultDetailUidName":"idBreveDetail","parameters":{"action":"show","arguments":"directory","controller":"Breve","extensionName":"cimdirectory","pluginName":"Display"}},"images":{"list":{"fields":"pictureShow"}}},"search":{"contentElementId":"64","partial":"ItemList","itemType":"breve","classes":"annuaire","hn":"2","grid":"horizontal","showImage":"1","showCategory":"1","showTeaser":"1","showOnHover":"0","showMore":"0","showDate":"0","urlBuilder":{"varDefaultDetailUidName":"idBreveDetail","parameters":{"action":"show","arguments":"directory","controller":"Breve","extensionName":"cimdirectory","pluginName":"Display"}}}},"id":"1935_137","imageList":[],"linksError":"Page id \"1937\" was not found, so \"Localisez les points d'eau proches de vous !\" was not linked.","links":[{"href":"https:\/\/sig.agglodieppe-maritime.com\/portal\/apps\/webappviewer\/index.html?id=dda242f460404a3cab415d2a3d714b0e"}]},{"type":"breve","sorting":32,"sysLanguageUid":0,"hidden":0,"crdate":"2026-07-24T10:10:53+0200","starttime":"2026-07-24T10:12:00+0200","tstamp":"2026-08-07T16:19:58+0200","feGroup":"0","pathSegment":"\/une-procedure-de-reprise-des-concessions-perpetuelles-et-centenaires-en-etat-dabandon-manifeste-est-en-cours-dans-les-carres-a-b-et-c-au-cimetiere-du-pollet-si-vous-etes-un-ayant-droit-dune-de-ces-concessions-vous-etes-invite-a-contacter-le-service-etat-civil","title":"Une proc\u00e9dure administrative de reprise des concessions perp\u00e9tuelles et centenaires en \u00e9tat d'abandon manifeste est en cours au cimeti\u00e8re du Pollet. Si vous \u00eates un ayant-droit d'une de ces concessions, vous \u00eates invit\u00e9 \u00e0 contacter le service \u00e9tat-civil.","cimNewsStartDate":"2026-07-23T00:00:00+0200","link":"t3:\/\/page?uid=2368","uid":145,"pid":1935,"pid_title":"Br\u00e8ve","site":"dieppe.api.stage.cimeos.com","sys_language_uid":0,"suggest_title":"Une proc\u00e9dure administrative de reprise des concessions perp\u00e9tuelles et centenaires en \u00e9tat d'abandon manifeste est en cours au cimeti\u00e8re du Pollet. Si vous \u00eates un ayant-droit d'une de ces concessions, vous \u00eates invit\u00e9 \u00e0 contacter le service \u00e9tat-civil.","settings":{"urlBuilder":{"varDefaultDetailUidName":"idBreveDetail","parameters":{"action":"show","arguments":"directory","controller":"Breve","extensionName":"cimdirectory","pluginName":"Display"}},"editorial":{"contentElementId":"64","partial":"ItemList","itemType":"breve","classes":"annuaire","hn":"2","popin":"1","grid":"horizontal","showImage":"1","showCategory":"1","showTeaser":"1","showOnHover":"0","showMore":"0","showDate":"0","urlBuilder":{"varDefaultDetailUidName":"idBreveDetail","parameters":{"action":"show","arguments":"directory","controller":"Breve","extensionName":"cimdirectory","pluginName":"Display"}},"images":{"list":{"fields":"pictureShow"}}},"list":{"contentElementId":"64","partial":"ItemList","itemType":"breve","classes":"annuaire","hn":"2","popin":"1","grid":"horizontal","showImage":"1","showCategory":"1","showTeaser":"1","showOnHover":"0","showMore":"0","showDate":"0","urlBuilder":{"varDefaultDetailUidName":"idBreveDetail","parameters":{"action":"show","arguments":"directory","controller":"Breve","extensionName":"cimdirectory","pluginName":"Display"}},"images":{"list":{"fields":"pictureShow"}}},"search":{"contentElementId":"64","partial":"ItemList","itemType":"breve","classes":"annuaire","hn":"2","grid":"horizontal","showImage":"1","showCategory":"1","showTeaser":"1","showOnHover":"0","showMore":"0","showDate":"0","urlBuilder":{"varDefaultDetailUidName":"idBreveDetail","parameters":{"action":"show","arguments":"directory","controller":"Breve","extensionName":"cimdirectory","pluginName":"Display"}}}},"id":"1935_145","imageList":[],"linksError":"Page id \"1937\" was not found, so \"Une proc\u00e9dure administrative de reprise des concessions perp\u00e9tuelles et centenaires en \u00e9tat d'abandon manifeste est en cours au cimeti\u00e8re du Pollet. Si vous \u00eates un ayant-droit d'une de ces concessions, vous \u00eates invit\u00e9 \u00e0 contacter le service \u00e9tat-civil.\" was not linked.","links":[{"href":"\/mon-cadre-de-vie\/les-cimetieres\/concessions-perpetuelles-et-centenaires-en-etat-dabandon"}]}],"showFilters":false,"showResults":true,"nbResults":74,"prefilters":[],"resultsPerPage":3,"urlScroll":"\/?elementId=3421&tx_cimsearchelastic_displaysearch%5Baction%5D=scroll&type=99992&cHash=092f98ce7c1f52842742bfe4aaa7fe64245caffc894f3aabb3043ef239f75124","urlGeo":"\/?elementId=3421&tx_cimsearchelastic_displaysearch%5Baction%5D=geo&type=99991&cHash=092f98ce7c1f52842742bfe4aaa7fe64245caffc894f3aabb3043ef239f75124","urlMostViewed":"\/?elementId=3421&mostViewed=1&tx_cimsearchelastic_displaysearch%5Baction%5D=geo&type=1602769059&cHash=d052dcdce2d4f7f113760a2efd8c8858a5bc85509e667b9e971e5794034a7e8a","urlShow":"\/?tx_cimsearchelastic_displaysearch%5Baction%5D=popup&type=1602769059","urlPopup":"\/?tx_cimsearchelastic_displaysearch%5Baction%5D=popup&type=1602769059","listLink":{"href":"","text":"","target":""},"archiveListLink":{"href":"","text":"","target":""},"propositionLink":{"href":"","text":"","target":""}}}},{"id":3305,"type":"cimsearchelastic_displaysearch","colPos":0,"categories":"","appearance":{"layout":"default","frameClass":"default","spaceBefore":"","spaceAfter":""},"show_in_summary":false,"content":{"header":"Notre~agenda","subheader":"","headerLayout":2,"headerPosition":"","headerLink":{"href":"https:\/\/typo3v12-template.cimeos.dev\/pages-de-tests\/page-de-liste","target":null,"class":null,"title":null,"linkText":"Page de liste","additionalAttributes":[]},"data":{"settings":{"dateFormat":{"en":"Y-m-d","fr":"Y-m-d"},"template":"homeEvent","custom_template":"","type_affichage":"list_map","engineLocation":"VerticalForm","picture":"0","title":"Les~Agendas","subtitle":"","prefilters":"4,5,6","showResults":"1","showArchives":"0","showFilters":"0","showArchiveFilter":"0","removeNumeric":"0","content_element":"51","categories":"","filter":"","multisite":"0","storage":"1821","includeSubfolders":"0","categoryConjunction":"or","noResultsMsg":"","source":"","excludeFields":"","categories_field":"specificCategories","showLanguage":"0","idPageDetail":"1897","idPageList":"1896","typoLinkPageList":"","idPageArchives":"","idPageProp":"2142","titlePageProp":"Proposer un \u00e9v\u00e9nement","titlePageList":"Tous les \u00e9v\u00e9nements","nb_results_per_page":"8","shouldLoad":"0","search_order":"","search_order_direction":"asc","specific_search_order":"[ { \"istopnews\" : {\"order\" : \"desc\"}},    { \"cimNewsStartDate\" : {\"order\" : \"asc\"}}, { \"cimNewsEndDate\" : {\"order\" : \"asc\"}} ]","getResultsByType":"0","getResultsByCategories":"0","groupByParentCategory":"","favoritesFirst":"0","limitToCurrentUser":"0","groupByCategoryFieldname":"categories","displayResultsOnLoad":"0"},"results":[{"type":"events","sorting":4712,"sysLanguageUid":0,"hidden":0,"crdate":"2026-06-11T14:10:27+0200","tstamp":"2026-07-06T12:26:57+0200","feGroup":"0","pathSegment":"\/soiree-rock-au-chateau-musee","categories":[],"title":"Soir\u00e9e rock au Ch\u00e2teau-mus\u00e9e !","istopnews":false,"teaser":"Le Mus\u00e9e de Dieppe vous invite \u00e0 une soir\u00e9e festive et conviviale \u00e0 l\u2019occasion de son premier concert rock !","description":"La terrasse panoramique du ch\u00e2teau vous accueille pour bouger et chanter avec le groupe dieppois For the Hackers suivi par le DJ set Kramder.\r\nLa soir\u00e9e se terminera en beaut\u00e9 par le feu d\u2019artifice tir\u00e9 depuis la jet\u00e9e.\r\nAcc\u00e8s uniquement par le centre-ville par la rue de Chastes (acc\u00e8s depuis le belv\u00e9d\u00e8re et pont levis-ferm\u00e9).\r\nRestauration et buvette sur place ouvert d\u00e8s 19 heures, soumis \u00e0 tarification.","quartier":[{"sorting":112,"sysLanguageUid":0,"hidden":false,"crdate":"2024-09-11T14:54:46+0200","tstamp":"2025-01-06T15:55:30+0100","feGroup":"0","pathSegment":"\/janval-caude-cote-les-bruyeres","categories":[],"contentElements":[],"contentElementsContext":[],"contentElementsBottom":[],"title":"Janval \/ Caude-c\u00f4te \/ les Bruy\u00e8res","teaser":"Chaque Dieppois a acc\u00e8s, pour lui-m\u00eame ou ses enfants et ses proches, dans son quartier \u00e0 une \u00e9cole, un gymnase, une r\u00e9sidence autonomie dont les activit\u00e9s sont ouvertes \u00e0 tous, une biblioth\u00e8que-ludoth\u00e8que, une cr\u00e8che.","svgMap":"<path id=\"Caude-C\u00f4te_x2C__Janval_x2C__Bruy\u00e8res\" class=\"cls-4\" d=\"M192.12,413.2l2.26-4.35,9-14.88,3.56,1.25,2.07-4.24-.14-13.09,4.46-2.46,7.8-8.84,17.59-11.41,2.89-7.83-8.58-11.76-1.41-5.33-8.13,2.85,5.78-12.66-.4-5.47-7.92-9.83,1.78-2.77-1.83-4.23-6.75,3.15-8.08-14.94-8.44-.1-3.94-37.19-6.11-16.22-12.85-3.78-13.4-17.62-5.55-12.92c-3.73-.44-6.74-.78-7.27-.81-.51.13-3.39,1.14-6.71,2.38l-.34.08h-24.09l-28.03,7.09-64.53,23.3,12.32,18.04-10.03,6.95-24.47,5.62v4.74l12.7-2.61,16.08-5.32,8.36-6.06,2.74,3.7-1.31,4.52,2.6,9.72,8.04,14.23,3.55-2.05,3.03,6.26,5.18-1.79.26.42,32.41,51.52-21.08,26.22,15.26,31.07-17.8,14.71,17.16,26.11-12.39,10.77,17.5,16.67,30.8-13.75.94-18.77,1.3.05c10.21.41,21.83.69,23.05.45,1.73-.69,14.18-3.14,19.67-4.21l4.34-3.18-.13-.24,8.96-3.96,8.25-7.2Z\"\/>","svgHover":"<g id=\"Caude-C\u00f4te_x3B__Janval_x2C__Bruy\u00e8res\">\r\n      <g id=\"bulle-5\" data-name=\"bulle\" class=\"cls-5\">\r\n        <path id=\"bulle-6\" data-name=\"bulle\" class=\"cls-1\" d=\"M124.38,349.95l-7.27-6.04h-59.91c-1.76,0-3.19-1.55-3.19-3.45v-41.68c0-1.91,1.43-3.45,3.19-3.45h135.5c1.76,0,3.19,1.55,3.19,3.45v41.68c0,1.91-1.43,3.45-3.19,3.45h-59.11l-7.27,6.04c-.28.23-.62.36-.97.36-.35,0-.69-.12-.97-.36Z\"\/>\r\n      <\/g>\r\n      <text class=\"cls-2\" transform=\"translate(79.31 315.18)\"><tspan x=\"0\" y=\"0\">Caude-C\u00f4te,<\/tspan><tspan x=\"-13.09\" y=\"17.27\">Janval, Bruy\u00e8res<\/tspan><\/text>\r\n    <\/g>","uid":7,"pid":1811}],"specificCategories":[{"sorting":1544,"title":"Concert","parent":{"sorting":1792,"title":"Agenda","images":[],"slug":"agenda","feBlacklist":false,"uid":411,"pid":1928},"images":[],"slug":"concert","feBlacklist":false,"uid":405,"pid":1928}],"publicType":[{"sorting":128,"title":"Tout public","parent":{"sorting":256,"title":"Type de public","images":[],"slug":"type-de-public","feBlacklist":false,"uid":412,"pid":1929},"images":[],"slug":"tout-public","feBlacklist":false,"uid":453,"pid":1929}],"evenementExterieurinterieur":[{"sorting":128,"title":"\u00c9v\u00e8nement en ext\u00e9rieur","parent":{"sorting":256,"title":"\u00c9v\u00e8nement ext\u00e9rieur\/interieur","images":[],"slug":"evenement-exterieur-interieur","feBlacklist":false,"uid":414,"pid":1931},"images":[],"slug":"evenement-en-exterieur","feBlacklist":false,"uid":464,"pid":1931}],"tarifs":[{"sorting":128,"title":"Gratuit","parent":{"sorting":256,"title":"Tarifs","images":[],"slug":"tarifs","feBlacklist":false,"uid":415,"pid":1932},"images":[],"slug":"gratuit-1","feBlacklist":false,"uid":456,"pid":1932}],"pieceJointe":[],"contactPublic":"02 35 06 61 99 \u2022  museededieppe@mairie-dieppe.fr","acces":[{"sorting":128,"title":"Acc\u00e8s libre","parent":{"sorting":256,"title":"Acc\u00e8s","images":[],"slug":"acces","feBlacklist":false,"uid":416,"pid":1933},"images":[],"slug":"acces-libre-2","feBlacklist":false,"uid":468,"pid":1933}],"accessibilitePmr":[{"sorting":128,"title":"Oui","parent":{"sorting":256,"title":"Accessibilit\u00e9 PMR","images":[],"slug":"accessibilite-pmr","feBlacklist":false,"uid":417,"pid":1934},"images":[],"slug":"oui","feBlacklist":false,"uid":469,"pid":1934}],"place":"Terrasse Jean-Ribault - Ch\u00e2teau de Dieppe","creationDate":"2026-06-11T14:04:11+0200","cimNewsStartDate":"2026-08-15T00:00:00+0200","cimNewsEndDate":"2026-08-15T00:00:00+0200","schedule":"De 19 heures \u00e0 23 h 30\r\n19h : Ouverture du site\r\n20h30 : For the Hackers\r\n22h : DJ Set Kramder\r\n23h : Feu d'artifice","hideRelatedContent":false,"avezvousBesoinSoutienLogistique":false,"avezvousBesoinAideEnCommunication":true,"cimNewsScheduleDates":[],"pictureShow":[{"publicUrl":"https:\/\/dieppe.api.cimeos.dev\/fileadmin\/mediatheque_ville-de-dieppe\/Images\/P%C3%B4le_services_%C3%A0_la_population_et_coh%C3%A9sion_sociale\/Direction_du_d%C3%A9veloppement_culturel_et_de_la_vie_associative\/Mus%C3%A9e\/Actualit%C3%A9s\/MU9bis___For_The_Hackers_2026-6.jpg","properties":{"title":null,"alternative":null,"description":null,"link":null,"linkData":null,"mimeType":"image\/jpeg","type":"image","filename":"MU9bis___For_The_Hackers_2026-6.jpg","originalUrl":"https:\/\/dieppe.api.cimeos.dev\/fileadmin\/mediatheque_ville-de-dieppe\/Images\/P%C3%B4le_services_%C3%A0_la_population_et_coh%C3%A9sion_sociale\/Direction_du_d%C3%A9veloppement_culturel_et_de_la_vie_associative\/Mus%C3%A9e\/Actualit%C3%A9s\/MU9bis___For_The_Hackers_2026-6.jpg","uidLocal":19206,"fileReferenceUid":21288,"size":20116948,"dimensions":{"width":6000,"height":4000},"cropDimensions":{"width":6000,"height":4000},"crop":"{\"default\":{\"cropArea\":{\"x\":0,\"y\":0,\"width\":1,\"height\":1},\"selectedRatio\":\"NaN\",\"focusArea\":null}}","autoplay":null,"extension":"jpg","initialDimensions":{"width":6000,"height":4000},"orientation":"paysage","processedExtension":"webp","copyright":"\u00a9 For The Hackers","categories":[],"publicUrl":"https:\/\/dieppe.api.cimeos.dev\/fileadmin\/mediatheque_ville-de-dieppe\/Images\/P%C3%B4le_services_%C3%A0_la_population_et_coh%C3%A9sion_sociale\/Direction_du_d%C3%A9veloppement_culturel_et_de_la_vie_associative\/Mus%C3%A9e\/Actualit%C3%A9s\/MU9bis___For_The_Hackers_2026-6.jpg","crdate":1781179782,"tstamp":1781179782}}],"pictureList":[],"feUserEvents":[],"workflowStatus":[{"sorting":512,"title":"En attente","parent":{"sorting":256,"title":"Workflow","images":[],"slug":"workflow","feBlacklist":false,"uid":473,"pid":2133},"images":[],"slug":"en-attente","feBlacklist":false,"uid":474,"pid":2133}],"draft":false,"uid":1256,"pid":1821,"pid_title":"Agenda","site":"dieppe.api.stage.cimeos.com","sys_language_uid":0,"suggest_title":"Soir\u00e9e rock au Ch\u00e2teau-mus\u00e9e !","raw_description":"<p>La terrasse panoramique du ch\u00e2teau vous accueille pour bouger et chanter avec le groupe dieppois For the Hackers suivi par le DJ set Kramder.<\/p>\r\n<p>La soir\u00e9e se terminera en beaut\u00e9 par le feu d\u2019artifice tir\u00e9 depuis la jet\u00e9e.<\/p>\r\n<p><br \/><strong>Acc\u00e8s uniquement par le centre-ville par la rue de Chastes (acc\u00e8s depuis le belv\u00e9d\u00e8re et pont levis-ferm\u00e9).<\/strong><\/p>\r\n<p>Restauration et buvette sur place ouvert d\u00e8s 19 heures, soumis \u00e0 tarification.<\/p>","settings":{"urlBuilder":{"varDefaultDetailUidName":"idEventsDetail","parameters":{"action":"show","arguments":"directory","controller":"Events","extensionName":"cimdirectory","pluginName":"Display"}},"editorial":{"contentElementId":"51","partial":"ItemList","itemType":"events","classes":"annuaire","hn":"2","popin":"1","grid":"horizontal","showImage":"1","showCategory":"1","showTeaser":"1","showOnHover":"0","showMore":"0","showDate":"0","urlBuilder":{"varDefaultDetailUidName":"idEventsDetail","parameters":{"action":"show","arguments":"directory","controller":"Events","extensionName":"cimdirectory","pluginName":"Display"}},"images":{"list":{"fields":"pictureShow"}}},"list":{"contentElementId":"51","partial":"ItemList","itemType":"events","classes":"annuaire","hn":"2","popin":"1","grid":"horizontal","showImage":"1","showCategory":"1","showTeaser":"1","showOnHover":"0","showMore":"0","showDate":"0","urlBuilder":{"varDefaultDetailUidName":"idEventsDetail","parameters":{"action":"show","arguments":"directory","controller":"Events","extensionName":"cimdirectory","pluginName":"Display"}},"images":{"list":{"fields":"pictureShow"}}},"search":{"contentElementId":"51","partial":"ItemList","itemType":"events","classes":"annuaire","hn":"2","grid":"horizontal","showImage":"1","showCategory":"1","showTeaser":"1","showOnHover":"0","showMore":"0","showDate":"0","urlBuilder":{"varDefaultDetailUidName":"idEventsDetail","parameters":{"action":"show","arguments":"directory","controller":"Events","extensionName":"cimdirectory","pluginName":"Display"}}}},"id":"1821_1256","imageList":[{"publicUrl":"https:\/\/dieppe.api.cimeos.dev\/fileadmin\/_processed_\/2\/a\/csm_MU9bis___For_The_Hackers_2026-6_f6410bf8af.webp","properties":{"title":null,"alternative":null,"description":null,"link":null,"linkData":null,"mimeType":"image\/webp","type":"image","filename":"MU9bis___For_The_Hackers_2026-6.jpg","originalUrl":"https:\/\/dieppe.api.cimeos.dev\/fileadmin\/mediatheque_ville-de-dieppe\/Images\/P%C3%B4le_services_%C3%A0_la_population_et_coh%C3%A9sion_sociale\/Direction_du_d%C3%A9veloppement_culturel_et_de_la_vie_associative\/Mus%C3%A9e\/Actualit%C3%A9s\/MU9bis___For_The_Hackers_2026-6.jpg","uidLocal":19206,"fileReferenceUid":21288,"size":20116948,"dimensions":{"width":360,"height":450},"cropDimensions":{"width":360,"height":450},"crop":"{\"default\":{\"cropArea\":{\"x\":0,\"y\":0,\"width\":1,\"height\":1},\"selectedRatio\":\"NaN\",\"focusArea\":null}}","autoplay":null,"extension":"jpg","initialDimensions":{"width":6000,"height":4000},"orientation":"paysage","processedExtension":"webp","copyright":"\u00a9 For The Hackers","categories":[],"publicUrl":"https:\/\/dieppe.api.cimeos.dev\/fileadmin\/_processed_\/2\/a\/csm_MU9bis___For_The_Hackers_2026-6_f6410bf8af.webp","crdate":1781179782,"tstamp":1781179782}}],"links":[{"href":"\/notre-agenda-1\/detail\/soiree-rock-au-chateau-musee","title":null,"text":"Soir\u00e9e rock au Ch\u00e2teau-mus\u00e9e !"}]},{"type":"events","sorting":76544,"sysLanguageUid":0,"hidden":0,"crdate":"2025-10-23T14:07:04+0200","tstamp":"2025-10-23T14:07:04+0200","feGroup":"0","pathSegment":"\/don-du-sang-les-prochaines-collectes-a-dieppe-2-5-11","categories":[],"title":"Don du sang, les prochaines collectes \u00e0 Dieppe","istopnews":false,"teaser":"Les collectes de l'\u00c9tablissement Fran\u00e7ais du Sang se d\u00e9roulent \u00e0 la salle Paul-\u00c9luard un jeudi et un vendredi par mois.","description":"\u00c0 savoir,\r\nDepuis le 1er septembre 2025, certains crit\u00e8res d\u2019\u00e9ligibilit\u00e9 aux dons (sang, plasma, plaquettes) ont \u00e9volu\u00e9. Ces ajustements s\u2019appuient sur les derni\u00e8res donn\u00e9es scientifiques, afin d\u2019assurer la s\u00e9curit\u00e9 des donneurs et des patients, tout en permettant \u00e0 davantage de personnes de participer \u00e0 cet acte solidaire. Plus d\u2019infos sur&nbsp;: https:\/\/tinyurl.com\/48hc2c33","quartier":[{"sorting":96,"sysLanguageUid":0,"hidden":false,"crdate":"2024-09-11T14:54:29+0200","tstamp":"2025-01-06T15:55:19+0100","feGroup":"0","pathSegment":"\/centre-ville-saint-pierre-vauban","categories":[],"contentElements":[],"contentElementsContext":[],"contentElementsBottom":[],"title":"Centre-ville \/ Saint-Pierre \/ Vauban","teaser":"Chaque Dieppois a acc\u00e8s, pour lui-m\u00eame ou ses enfants et ses proches, dans son quartier \u00e0 une \u00e9cole, un gymnase, une r\u00e9sidence autonomie dont les activit\u00e9s sont ouvertes \u00e0 tous, une biblioth\u00e8que-ludoth\u00e8que, une cr\u00e8che.","svgMap":"<path id=\"Centre-ville_x2C__Saint-Pierre_x2C__Vauban\" class=\"cls-4\" d=\"M284.68,228.99l-.14.1-14.36,9.93-4.76-10.78-8.94-23.5-7.21-22.11-1.19-10.25,30.09-20.48,9.55-1.73,2.78-4.72,5.23-14.88v-17.71l-2.6.14v-6.92l-7.41-8.35-22.73,21.02-28.1,22.18-40.42,25.34-58.27,28.47,1.65,2.83h3.25c6.59-2.47,7.13-2.47,7.37-2.47.59,0,6.56.71,8.38.92l.75.09,6.08,14.16,12.62,16.52,13.28,3.9,6.71,17.94,3.71,35.02,7.65.09,7.64,14.12,6.96-3.25,3.47,8.01-1.51,2.35,7.25,8.99.51,6.96-3.49,7.65,4.98-1.75,2.04,7.72,9.09,12.39-3.69,9.99-18.17,11.79-7.8,8.86-3.39,1.87.1,9.51,5.72-3.47,10.19-6.04,14.23.04,13.12,3.6,9.93,7.17,15.86,8.55h9.69l1.28,1.89,5.15-.45,12.92-6,7.4-6.33,38.63-34.79,9.98-8.45,9.16-5.78-3.18-8.14-61.42-70.69,3.55-4.54-10.19-17.76-12.38-14.31-4.92,1.71-1.68,3.79Z\"\/>","svgHover":"<g id=\"Centre-ville_x2C__Saint-Pierre_x2C__Vauban-2\" data-name=\"Centre-ville_x2C__Saint-Pierre_x2C__Vauban\">\r\n      <g id=\"bulle-3\" data-name=\"bulle\">\r\n        <path id=\"bulle-4\" data-name=\"bulle\" class=\"cls-1\" d=\"M280.75,292.69l-8.76-6.04h-72.24c-2.12,0-3.84-1.55-3.84-3.45v-41.68c0-1.91,1.72-3.45,3.84-3.45h163.39c2.12,0,3.84,1.55,3.84,3.45v41.68c0,1.91-1.72,3.45-3.84,3.45h-71.28l-8.76,6.04c-.34.23-.75.36-1.17.36-.42,0-.83-.12-1.17-.36Z\"\/>\r\n      <\/g>\r\n      <g id=\"Centre-ville_x2C__Saint-Pierre_x2C__Vauban-3\" data-name=\"Centre-ville_x2C__Saint-Pierre_x2C__Vauban\">\r\n        <text id=\"Centre-ville_x2C__Saint-Pierre_x2C__Vauban-4\" data-name=\"Centre-ville_x2C__Saint-Pierre_x2C__Vauban\" class=\"cls-3\" transform=\"translate(236.65 258.1)\"><tspan x=\"0\" y=\"0\">Centre-ville,<\/tspan><tspan x=\"-29.83\" y=\"17.27\">Saint-Pierre, Vauban<\/tspan><\/text>\r\n      <\/g>\r\n    <\/g>","uid":6,"pid":1811}],"specificCategories":[{"sorting":516,"title":"Sant\u00e9, handicap","parent":{"sorting":1792,"title":"Agenda","images":[],"slug":"agenda","feBlacklist":false,"uid":411,"pid":1928},"images":[],"slug":"sante-handicap","feBlacklist":false,"uid":813,"pid":1928}],"publicType":[{"sorting":128,"title":"Adultes","parent":{"sorting":256,"title":"Type de public","images":[],"slug":"type-de-public","feBlacklist":false,"uid":412,"pid":1929},"images":[],"slug":"adultes","feBlacklist":false,"uid":459,"pid":1929}],"trancheDage":"De 18 \u00e0 70 ans","evenementExterieurinterieur":[{"sorting":128,"title":"\u00c9v\u00e8nement en int\u00e9rieur","parent":{"sorting":256,"title":"\u00c9v\u00e8nement ext\u00e9rieur\/interieur","images":[],"slug":"evenement-exterieur-interieur","feBlacklist":false,"uid":414,"pid":1931},"images":[],"slug":"evenement-en-interieur","feBlacklist":false,"uid":465,"pid":1931}],"tarifs":[{"sorting":128,"title":"Gratuit","parent":{"sorting":256,"title":"Tarifs","images":[],"slug":"tarifs","feBlacklist":false,"uid":415,"pid":1932},"images":[],"slug":"gratuit-1","feBlacklist":false,"uid":456,"pid":1932}],"pieceJointe":[],"website":{"href":"https:\/\/dondesang.efs.sante.fr\/","target":"_blank","text":"Site internet"},"acces":[{"sorting":128,"title":"Acc\u00e8s libre","parent":{"sorting":256,"title":"Acc\u00e8s","images":[],"slug":"acces","feBlacklist":false,"uid":416,"pid":1933},"images":[],"slug":"acces-libre-2","feBlacklist":false,"uid":468,"pid":1933}],"accessibilitePmr":[],"place":"Salle Paul-\u00c9luard","creationDate":"2025-10-23T11:14:40+0200","cimNewsStartDate":"2026-09-03T00:00:00+0200","cimNewsEndDate":"2026-09-04T00:00:00+0200","schedule":"Le jeudi, de 14 heures \u00e0 18 h 30, et le vendredi, de 11 heures \u00e0 13 heures et de 14 h 30 \u00e0 18 heures.","hideRelatedContent":false,"structureOrganisatrice":"\u00c9tablissement Fran\u00e7ais du Sang","avezvousBesoinSoutienLogistique":false,"avezvousBesoinAideEnCommunication":false,"phone":"03 28 54 22 58","cimNewsScheduleDates":[],"pictureShow":[{"publicUrl":"https:\/\/dieppe.api.cimeos.dev\/fileadmin\/user_upload\/Don_du_sang_05.jpg","properties":{"title":null,"alternative":null,"description":null,"link":null,"linkData":null,"mimeType":"image\/jpeg","type":"image","filename":"Don_du_sang_05.jpg","originalUrl":"https:\/\/dieppe.api.cimeos.dev\/fileadmin\/user_upload\/Don_du_sang_05.jpg","uidLocal":9985,"fileReferenceUid":18570,"size":80436,"dimensions":{"width":1080,"height":1080},"cropDimensions":{"width":1080,"height":1080},"crop":"{\"default\":{\"cropArea\":{\"x\":0,\"y\":0,\"width\":1,\"height\":1},\"selectedRatio\":\"NaN\",\"focusArea\":null}}","autoplay":null,"extension":"jpg","initialDimensions":{"width":1080,"height":1080},"orientation":"paysage","processedExtension":"webp","copyright":"","categories":[],"publicUrl":"https:\/\/dieppe.api.cimeos.dev\/fileadmin\/user_upload\/Don_du_sang_05.jpg","crdate":1741882825,"tstamp":1741882825}}],"pictureList":[{"publicUrl":"https:\/\/dieppe.api.cimeos.dev\/fileadmin\/user_upload\/Don_du_sang_06.jpg","properties":{"title":null,"alternative":null,"description":null,"link":null,"linkData":null,"mimeType":"image\/jpeg","type":"image","filename":"Don_du_sang_06.jpg","originalUrl":"https:\/\/dieppe.api.cimeos.dev\/fileadmin\/user_upload\/Don_du_sang_06.jpg","uidLocal":9986,"fileReferenceUid":18569,"size":256830,"dimensions":{"width":1080,"height":1080},"cropDimensions":{"width":1080,"height":1080},"crop":"{\"default\":{\"cropArea\":{\"x\":0,\"y\":0,\"width\":1,\"height\":1},\"selectedRatio\":\"NaN\",\"focusArea\":null}}","autoplay":null,"extension":"jpg","initialDimensions":{"width":1080,"height":1080},"orientation":"paysage","processedExtension":"webp","copyright":"","categories":[],"publicUrl":"https:\/\/dieppe.api.cimeos.dev\/fileadmin\/user_upload\/Don_du_sang_06.jpg","crdate":1741882829,"tstamp":1741882829}}],"feUserEvents":[],"workflowStatus":[{"sorting":1024,"title":"Valid\u00e9","parent":{"sorting":256,"title":"Workflow","images":[],"slug":"workflow","feBlacklist":false,"uid":473,"pid":2133},"images":[],"slug":"valide","feBlacklist":false,"uid":476,"pid":2133}],"draft":false,"uid":870,"pid":1821,"pid_title":"Agenda","site":"dieppe.api.stage.cimeos.com","sys_language_uid":0,"suggest_title":"Don du sang, les prochaines collectes \u00e0 Dieppe","raw_description":"<p><strong>\u00c0 savoir,<\/strong><\/p>\r\n<ul><li>Depuis le 1er septembre 2025, certains crit\u00e8res d\u2019\u00e9ligibilit\u00e9 aux dons (sang, plasma, plaquettes) ont \u00e9volu\u00e9. Ces ajustements s\u2019appuient sur les derni\u00e8res donn\u00e9es scientifiques, afin d\u2019assurer la s\u00e9curit\u00e9 des donneurs et des patients, tout en permettant \u00e0 davantage de personnes de participer \u00e0 cet acte solidaire. Plus d\u2019infos sur&nbsp;: <a href=\"https:\/\/tinyurl.com\/48hc2c33\">https:\/\/tinyurl.com\/48hc2c33<\/a><\/li><\/ul>","settings":{"urlBuilder":{"varDefaultDetailUidName":"idEventsDetail","parameters":{"action":"show","arguments":"directory","controller":"Events","extensionName":"cimdirectory","pluginName":"Display"}},"editorial":{"contentElementId":"51","partial":"ItemList","itemType":"events","classes":"annuaire","hn":"2","popin":"1","grid":"horizontal","showImage":"1","showCategory":"1","showTeaser":"1","showOnHover":"0","showMore":"0","showDate":"0","urlBuilder":{"varDefaultDetailUidName":"idEventsDetail","parameters":{"action":"show","arguments":"directory","controller":"Events","extensionName":"cimdirectory","pluginName":"Display"}},"images":{"list":{"fields":"pictureShow"}}},"list":{"contentElementId":"51","partial":"ItemList","itemType":"events","classes":"annuaire","hn":"2","popin":"1","grid":"horizontal","showImage":"1","showCategory":"1","showTeaser":"1","showOnHover":"0","showMore":"0","showDate":"0","urlBuilder":{"varDefaultDetailUidName":"idEventsDetail","parameters":{"action":"show","arguments":"directory","controller":"Events","extensionName":"cimdirectory","pluginName":"Display"}},"images":{"list":{"fields":"pictureShow"}}},"search":{"contentElementId":"51","partial":"ItemList","itemType":"events","classes":"annuaire","hn":"2","grid":"horizontal","showImage":"1","showCategory":"1","showTeaser":"1","showOnHover":"0","showMore":"0","showDate":"0","urlBuilder":{"varDefaultDetailUidName":"idEventsDetail","parameters":{"action":"show","arguments":"directory","controller":"Events","extensionName":"cimdirectory","pluginName":"Display"}}}},"id":"1821_870","imageList":[{"publicUrl":"https:\/\/dieppe.api.cimeos.dev\/fileadmin\/_processed_\/f\/2\/csm_Don_du_sang_06_2404cb635a.webp","properties":{"title":null,"alternative":null,"description":null,"link":null,"linkData":null,"mimeType":"image\/webp","type":"image","filename":"Don_du_sang_06.jpg","originalUrl":"https:\/\/dieppe.api.cimeos.dev\/fileadmin\/user_upload\/Don_du_sang_06.jpg","uidLocal":9986,"fileReferenceUid":18569,"size":256830,"dimensions":{"width":360,"height":450},"cropDimensions":{"width":360,"height":450},"crop":"{\"default\":{\"cropArea\":{\"x\":0,\"y\":0,\"width\":1,\"height\":1},\"selectedRatio\":\"NaN\",\"focusArea\":null}}","autoplay":null,"extension":"jpg","initialDimensions":{"width":1080,"height":1080},"orientation":"paysage","processedExtension":"webp","copyright":"","categories":[],"publicUrl":"https:\/\/dieppe.api.cimeos.dev\/fileadmin\/_processed_\/f\/2\/csm_Don_du_sang_06_2404cb635a.webp","crdate":1741882829,"tstamp":1741882829}}],"links":[{"href":"\/notre-agenda-1\/detail\/don-du-sang-les-prochaines-collectes-a-dieppe-2-5-11","title":null,"text":"Don du sang, les prochaines collectes \u00e0 Dieppe"}]},{"type":"events","sorting":11776,"sysLanguageUid":0,"hidden":0,"crdate":"2026-05-03T15:12:17+0200","tstamp":"2026-05-04T09:03:08+0200","feGroup":"0","pathSegment":"\/danses-nocturnes-a-deux-violoncelles","categories":[],"title":"Danses nocturnes \u00e0 deux violoncelles","istopnews":false,"teaser":"Une envol\u00e9e musicale avec deux jeunes talentueux violoncellistes qui nous emm\u00e8nent dans les danses traditionnelles du 20e si\u00e8cle avec leur fougue d\u00e9capante !\r\nUn moment d'\u00e9change avec les artistes aura lieu \u00e0 l'issue concert autour d'un verre !","description":"Flora Br\u00e9geault et David Penitzka, violoncellistes, se sont rencontr\u00e9s pendant leurs \u00e9tudes au Conservatoire de Bruxelles, o\u00f9 ils se sont form\u00e9s aupr\u00e8s de Marie Hallynck, Didier Poskin et Guy Danel. De leur entente humaine et musicale est n\u00e9e le duo Uccelli.\r\nCe jeune duo souhaite partager sa passion du violoncelle au travers d\u2019\u0153uvres vari\u00e9es, allant du r\u00e9pertoire baroque (sonates de Jean Barri\u00e8re, Antonio Vivaldi), au contemporain (duo de Giovanni Sollima ou de Jean-Baptiste Robin).\r\nUccelli s\u2019int\u00e9resse \u00e9galement aux transcriptions (Inventions de J-S Bach, duos de Bartok) et \u00e0 la cr\u00e9ation (Sonatine de Patrick Valls, compositeur catalan r\u00e9sidant \u00e0 Bruxelles, cr\u00e9\u00e9e au Festival des Nocturnes du Conservatoire en d\u00e9cembre 2023).\r\n\r\n","quartier":[{"sorting":96,"sysLanguageUid":0,"hidden":false,"crdate":"2024-09-11T14:54:29+0200","tstamp":"2025-01-06T15:55:19+0100","feGroup":"0","pathSegment":"\/centre-ville-saint-pierre-vauban","categories":[],"contentElements":[],"contentElementsContext":[],"contentElementsBottom":[],"title":"Centre-ville \/ Saint-Pierre \/ Vauban","teaser":"Chaque Dieppois a acc\u00e8s, pour lui-m\u00eame ou ses enfants et ses proches, dans son quartier \u00e0 une \u00e9cole, un gymnase, une r\u00e9sidence autonomie dont les activit\u00e9s sont ouvertes \u00e0 tous, une biblioth\u00e8que-ludoth\u00e8que, une cr\u00e8che.","svgMap":"<path id=\"Centre-ville_x2C__Saint-Pierre_x2C__Vauban\" class=\"cls-4\" d=\"M284.68,228.99l-.14.1-14.36,9.93-4.76-10.78-8.94-23.5-7.21-22.11-1.19-10.25,30.09-20.48,9.55-1.73,2.78-4.72,5.23-14.88v-17.71l-2.6.14v-6.92l-7.41-8.35-22.73,21.02-28.1,22.18-40.42,25.34-58.27,28.47,1.65,2.83h3.25c6.59-2.47,7.13-2.47,7.37-2.47.59,0,6.56.71,8.38.92l.75.09,6.08,14.16,12.62,16.52,13.28,3.9,6.71,17.94,3.71,35.02,7.65.09,7.64,14.12,6.96-3.25,3.47,8.01-1.51,2.35,7.25,8.99.51,6.96-3.49,7.65,4.98-1.75,2.04,7.72,9.09,12.39-3.69,9.99-18.17,11.79-7.8,8.86-3.39,1.87.1,9.51,5.72-3.47,10.19-6.04,14.23.04,13.12,3.6,9.93,7.17,15.86,8.55h9.69l1.28,1.89,5.15-.45,12.92-6,7.4-6.33,38.63-34.79,9.98-8.45,9.16-5.78-3.18-8.14-61.42-70.69,3.55-4.54-10.19-17.76-12.38-14.31-4.92,1.71-1.68,3.79Z\"\/>","svgHover":"<g id=\"Centre-ville_x2C__Saint-Pierre_x2C__Vauban-2\" data-name=\"Centre-ville_x2C__Saint-Pierre_x2C__Vauban\">\r\n      <g id=\"bulle-3\" data-name=\"bulle\">\r\n        <path id=\"bulle-4\" data-name=\"bulle\" class=\"cls-1\" d=\"M280.75,292.69l-8.76-6.04h-72.24c-2.12,0-3.84-1.55-3.84-3.45v-41.68c0-1.91,1.72-3.45,3.84-3.45h163.39c2.12,0,3.84,1.55,3.84,3.45v41.68c0,1.91-1.72,3.45-3.84,3.45h-71.28l-8.76,6.04c-.34.23-.75.36-1.17.36-.42,0-.83-.12-1.17-.36Z\"\/>\r\n      <\/g>\r\n      <g id=\"Centre-ville_x2C__Saint-Pierre_x2C__Vauban-3\" data-name=\"Centre-ville_x2C__Saint-Pierre_x2C__Vauban\">\r\n        <text id=\"Centre-ville_x2C__Saint-Pierre_x2C__Vauban-4\" data-name=\"Centre-ville_x2C__Saint-Pierre_x2C__Vauban\" class=\"cls-3\" transform=\"translate(236.65 258.1)\"><tspan x=\"0\" y=\"0\">Centre-ville,<\/tspan><tspan x=\"-29.83\" y=\"17.27\">Saint-Pierre, Vauban<\/tspan><\/text>\r\n      <\/g>\r\n    <\/g>","uid":6,"pid":1811}],"specificCategories":[{"sorting":1544,"title":"Concert","parent":{"sorting":1792,"title":"Agenda","images":[],"slug":"agenda","feBlacklist":false,"uid":411,"pid":1928},"images":[],"slug":"concert","feBlacklist":false,"uid":405,"pid":1928}],"publicType":[{"sorting":128,"title":"Tout public","parent":{"sorting":256,"title":"Type de public","images":[],"slug":"type-de-public","feBlacklist":false,"uid":412,"pid":1929},"images":[],"slug":"tout-public","feBlacklist":false,"uid":453,"pid":1929}],"evenementExterieurinterieur":[{"sorting":128,"title":"\u00c9v\u00e8nement en int\u00e9rieur","parent":{"sorting":256,"title":"\u00c9v\u00e8nement ext\u00e9rieur\/interieur","images":[],"slug":"evenement-exterieur-interieur","feBlacklist":false,"uid":414,"pid":1931},"images":[],"slug":"evenement-en-interieur","feBlacklist":false,"uid":465,"pid":1931}],"tarifs":[{"sorting":128,"title":"Payant","parent":{"sorting":256,"title":"Tarifs","images":[],"slug":"tarifs","feBlacklist":false,"uid":415,"pid":1932},"images":[],"slug":"payant-1-2","feBlacklist":false,"uid":457,"pid":1932}],"pieceJointe":[],"contactPublic":"06 82 35 84 48\r\ncontact@atelier-traverse.fr","website":{"href":"https:\/\/www.helloasso.com\/associations\/note-de-passage","target":"_blank","text":"Site internet"},"acces":[{"sorting":128,"title":"R\u00e9servation conseill\u00e9e","parent":{"sorting":256,"title":"Acc\u00e8s","images":[],"slug":"acces","feBlacklist":false,"uid":416,"pid":1933},"images":[],"slug":"reservation-conseillee","feBlacklist":false,"uid":466,"pid":1933}],"accessibilitePmr":[{"sorting":64,"title":"Non","parent":{"sorting":256,"title":"Accessibilit\u00e9 PMR","images":[],"slug":"accessibilite-pmr","feBlacklist":false,"uid":417,"pid":1934},"images":[],"slug":"non","feBlacklist":false,"uid":470,"pid":1934}],"place":"Atelier Traverse 18, rue de l'Ep\u00e9e 76200 Dieppe","cimNewsStartDate":"2026-09-08T00:00:00+0200","cimNewsEndDate":"2026-09-08T00:00:00+0200","schedule":"19 h 30 - 21 heures","hideRelatedContent":false,"structureOrganisatrice":"Atelier TraVerse","avezvousBesoinSoutienLogistique":false,"avezvousBesoinAideEnCommunication":false,"mail":"contact@atelier-traverse.fr","phone":"06 82 35 84 48","cimNewsScheduleDates":[{"sorting":1,"sysLanguageUid":0,"hidden":false,"crdate":"2026-05-03T15:12:17+0200","tstamp":"2026-05-04T09:03:08+0200","feGroup":"0","title":"Danses nocturnes \u00e0 deux violoncelles","cimNewsStartDate":"2026-09-08T00:00:00+0200","cimNewsEndDate":"2026-09-08T00:00:00+0200","schedule":"de 19 h 30 \u00e0 21 h 00","place":[],"placeTitle":"Atelier Traverse 18, rue de l'Ep\u00e9e 76200 Dieppe","uid":1103,"pid":2143}],"pictureShow":[{"publicUrl":"https:\/\/dieppe.api.cimeos.dev\/fileadmin\/mediatheque_ville-de-dieppe\/Bandeaux_et_vignettes\/Visuels_g%C3%A9n%C3%A9riques_agenda\/Musique_classique.jpg","properties":{"title":null,"alternative":null,"description":null,"link":null,"linkData":null,"mimeType":"image\/jpeg","type":"image","filename":"Musique_classique.jpg","originalUrl":"https:\/\/dieppe.api.cimeos.dev\/fileadmin\/mediatheque_ville-de-dieppe\/Bandeaux_et_vignettes\/Visuels_g%C3%A9n%C3%A9riques_agenda\/Musique_classique.jpg","uidLocal":18259,"fileReferenceUid":20627,"size":517426,"dimensions":{"width":2000,"height":2000},"cropDimensions":{"width":2000,"height":2000},"crop":"{\"default\":{\"cropArea\":{\"x\":0,\"y\":0,\"width\":1,\"height\":1},\"selectedRatio\":\"NaN\",\"focusArea\":null}}","autoplay":null,"extension":"jpg","initialDimensions":{"width":2000,"height":2000},"orientation":"paysage","processedExtension":"webp","copyright":"","categories":[],"publicUrl":"https:\/\/dieppe.api.cimeos.dev\/fileadmin\/mediatheque_ville-de-dieppe\/Bandeaux_et_vignettes\/Visuels_g%C3%A9n%C3%A9riques_agenda\/Musique_classique.jpg","crdate":1777878135,"tstamp":1777878135}}],"pictureList":[],"feUserEvents":[],"workflowStatus":[{"sorting":1024,"title":"Valid\u00e9","parent":{"sorting":256,"title":"Workflow","images":[],"slug":"workflow","feBlacklist":false,"uid":473,"pid":2133},"images":[],"slug":"valide","feBlacklist":false,"uid":476,"pid":2133}],"draft":false,"uid":1188,"pid":1821,"pid_title":"Agenda","site":"dieppe.api.stage.cimeos.com","sys_language_uid":0,"suggest_title":"Danses nocturnes \u00e0 deux violoncelles","raw_description":"<p>Flora Br\u00e9geault et David Penitzka, violoncellistes, se sont rencontr\u00e9s pendant leurs \u00e9tudes au Conservatoire de Bruxelles, o\u00f9 ils se sont form\u00e9s aupr\u00e8s de Marie Hallynck, Didier Poskin et Guy Danel. De leur entente humaine et musicale est n\u00e9e le duo Uccelli.<\/p>\r\n<p>Ce jeune duo souhaite partager sa passion du violoncelle au travers d\u2019\u0153uvres vari\u00e9es, allant du r\u00e9pertoire baroque (sonates de Jean Barri\u00e8re, Antonio Vivaldi), au contemporain (duo de Giovanni Sollima ou de Jean-Baptiste Robin).<\/p>\r\n<p>Uccelli s\u2019int\u00e9resse \u00e9galement aux transcriptions (Inventions de J-S Bach, duos de Bartok) et \u00e0 la cr\u00e9ation (Sonatine de Patrick Valls, compositeur catalan r\u00e9sidant \u00e0 Bruxelles, cr\u00e9\u00e9e au Festival des Nocturnes du Conservatoire en d\u00e9cembre 2023).<\/p>\r\n\r\n","settings":{"urlBuilder":{"varDefaultDetailUidName":"idEventsDetail","parameters":{"action":"show","arguments":"directory","controller":"Events","extensionName":"cimdirectory","pluginName":"Display"}},"editorial":{"contentElementId":"51","partial":"ItemList","itemType":"events","classes":"annuaire","hn":"2","popin":"1","grid":"horizontal","showImage":"1","showCategory":"1","showTeaser":"1","showOnHover":"0","showMore":"0","showDate":"0","urlBuilder":{"varDefaultDetailUidName":"idEventsDetail","parameters":{"action":"show","arguments":"directory","controller":"Events","extensionName":"cimdirectory","pluginName":"Display"}},"images":{"list":{"fields":"pictureShow"}}},"list":{"contentElementId":"51","partial":"ItemList","itemType":"events","classes":"annuaire","hn":"2","popin":"1","grid":"horizontal","showImage":"1","showCategory":"1","showTeaser":"1","showOnHover":"0","showMore":"0","showDate":"0","urlBuilder":{"varDefaultDetailUidName":"idEventsDetail","parameters":{"action":"show","arguments":"directory","controller":"Events","extensionName":"cimdirectory","pluginName":"Display"}},"images":{"list":{"fields":"pictureShow"}}},"search":{"contentElementId":"51","partial":"ItemList","itemType":"events","classes":"annuaire","hn":"2","grid":"horizontal","showImage":"1","showCategory":"1","showTeaser":"1","showOnHover":"0","showMore":"0","showDate":"0","urlBuilder":{"varDefaultDetailUidName":"idEventsDetail","parameters":{"action":"show","arguments":"directory","controller":"Events","extensionName":"cimdirectory","pluginName":"Display"}}}},"id":"1821_1188","imageList":[{"publicUrl":"https:\/\/dieppe.api.cimeos.dev\/fileadmin\/_processed_\/9\/f\/csm_Musique_classique_31bd31f122.webp","properties":{"title":null,"alternative":null,"description":null,"link":null,"linkData":null,"mimeType":"image\/webp","type":"image","filename":"Musique_classique.jpg","originalUrl":"https:\/\/dieppe.api.cimeos.dev\/fileadmin\/mediatheque_ville-de-dieppe\/Bandeaux_et_vignettes\/Visuels_g%C3%A9n%C3%A9riques_agenda\/Musique_classique.jpg","uidLocal":18259,"fileReferenceUid":20627,"size":517426,"dimensions":{"width":360,"height":450},"cropDimensions":{"width":360,"height":450},"crop":"{\"default\":{\"cropArea\":{\"x\":0,\"y\":0,\"width\":1,\"height\":1},\"selectedRatio\":\"NaN\",\"focusArea\":null}}","autoplay":null,"extension":"jpg","initialDimensions":{"width":2000,"height":2000},"orientation":"paysage","processedExtension":"webp","copyright":"","categories":[],"publicUrl":"https:\/\/dieppe.api.cimeos.dev\/fileadmin\/_processed_\/9\/f\/csm_Musique_classique_31bd31f122.webp","crdate":1777878135,"tstamp":1777878135}}],"links":[{"href":"\/notre-agenda-1\/detail\/danses-nocturnes-a-deux-violoncelles","title":null,"text":"Danses nocturnes \u00e0 deux violoncelles"}]},{"type":"events","sorting":1536,"sysLanguageUid":0,"hidden":0,"crdate":"2026-07-02T15:17:43+0200","tstamp":"2026-07-02T15:47:50+0200","feGroup":"0","pathSegment":"\/apres-midi-dansant-8","categories":[],"title":"Apr\u00e8s midi dansant","istopnews":false,"teaser":"Ensemble et Solidaires de Dieppe organise un apr\u00e8s midi dansant Salle Paul Eluard.","description":"Avec l 'orchestre VIBRATION une p\u00e2tisserie et une boisson offerte. 10 Euros pour les adh\u00e9rents et 15 Euros pour les non adh\u00e9rents.","quartier":[{"sorting":96,"sysLanguageUid":0,"hidden":false,"crdate":"2024-09-11T14:54:29+0200","tstamp":"2025-01-06T15:55:19+0100","feGroup":"0","pathSegment":"\/centre-ville-saint-pierre-vauban","categories":[],"contentElements":[],"contentElementsContext":[],"contentElementsBottom":[],"title":"Centre-ville \/ Saint-Pierre \/ Vauban","teaser":"Chaque Dieppois a acc\u00e8s, pour lui-m\u00eame ou ses enfants et ses proches, dans son quartier \u00e0 une \u00e9cole, un gymnase, une r\u00e9sidence autonomie dont les activit\u00e9s sont ouvertes \u00e0 tous, une biblioth\u00e8que-ludoth\u00e8que, une cr\u00e8che.","svgMap":"<path id=\"Centre-ville_x2C__Saint-Pierre_x2C__Vauban\" class=\"cls-4\" d=\"M284.68,228.99l-.14.1-14.36,9.93-4.76-10.78-8.94-23.5-7.21-22.11-1.19-10.25,30.09-20.48,9.55-1.73,2.78-4.72,5.23-14.88v-17.71l-2.6.14v-6.92l-7.41-8.35-22.73,21.02-28.1,22.18-40.42,25.34-58.27,28.47,1.65,2.83h3.25c6.59-2.47,7.13-2.47,7.37-2.47.59,0,6.56.71,8.38.92l.75.09,6.08,14.16,12.62,16.52,13.28,3.9,6.71,17.94,3.71,35.02,7.65.09,7.64,14.12,6.96-3.25,3.47,8.01-1.51,2.35,7.25,8.99.51,6.96-3.49,7.65,4.98-1.75,2.04,7.72,9.09,12.39-3.69,9.99-18.17,11.79-7.8,8.86-3.39,1.87.1,9.51,5.72-3.47,10.19-6.04,14.23.04,13.12,3.6,9.93,7.17,15.86,8.55h9.69l1.28,1.89,5.15-.45,12.92-6,7.4-6.33,38.63-34.79,9.98-8.45,9.16-5.78-3.18-8.14-61.42-70.69,3.55-4.54-10.19-17.76-12.38-14.31-4.92,1.71-1.68,3.79Z\"\/>","svgHover":"<g id=\"Centre-ville_x2C__Saint-Pierre_x2C__Vauban-2\" data-name=\"Centre-ville_x2C__Saint-Pierre_x2C__Vauban\">\r\n      <g id=\"bulle-3\" data-name=\"bulle\">\r\n        <path id=\"bulle-4\" data-name=\"bulle\" class=\"cls-1\" d=\"M280.75,292.69l-8.76-6.04h-72.24c-2.12,0-3.84-1.55-3.84-3.45v-41.68c0-1.91,1.72-3.45,3.84-3.45h163.39c2.12,0,3.84,1.55,3.84,3.45v41.68c0,1.91-1.72,3.45-3.84,3.45h-71.28l-8.76,6.04c-.34.23-.75.36-1.17.36-.42,0-.83-.12-1.17-.36Z\"\/>\r\n      <\/g>\r\n      <g id=\"Centre-ville_x2C__Saint-Pierre_x2C__Vauban-3\" data-name=\"Centre-ville_x2C__Saint-Pierre_x2C__Vauban\">\r\n        <text id=\"Centre-ville_x2C__Saint-Pierre_x2C__Vauban-4\" data-name=\"Centre-ville_x2C__Saint-Pierre_x2C__Vauban\" class=\"cls-3\" transform=\"translate(236.65 258.1)\"><tspan x=\"0\" y=\"0\">Centre-ville,<\/tspan><tspan x=\"-29.83\" y=\"17.27\">Saint-Pierre, Vauban<\/tspan><\/text>\r\n      <\/g>\r\n    <\/g>","uid":6,"pid":1811}],"specificCategories":[{"sorting":576,"title":"Autre","parent":{"sorting":1792,"title":"Agenda","images":[],"slug":"agenda","feBlacklist":false,"uid":411,"pid":1928},"images":[],"slug":"autre","feBlacklist":false,"uid":799,"pid":1928}],"publicType":[{"sorting":128,"title":"Tout public","parent":{"sorting":256,"title":"Type de public","images":[],"slug":"type-de-public","feBlacklist":false,"uid":412,"pid":1929},"images":[],"slug":"tout-public","feBlacklist":false,"uid":453,"pid":1929}],"evenementExterieurinterieur":[{"sorting":128,"title":"\u00c9v\u00e8nement en int\u00e9rieur","parent":{"sorting":256,"title":"\u00c9v\u00e8nement ext\u00e9rieur\/interieur","images":[],"slug":"evenement-exterieur-interieur","feBlacklist":false,"uid":414,"pid":1931},"images":[],"slug":"evenement-en-interieur","feBlacklist":false,"uid":465,"pid":1931}],"tarifs":[{"sorting":128,"title":"Payant","parent":{"sorting":256,"title":"Tarifs","images":[],"slug":"tarifs","feBlacklist":false,"uid":415,"pid":1932},"images":[],"slug":"payant-1-2","feBlacklist":false,"uid":457,"pid":1932}],"pieceJointe":[],"acces":[{"sorting":128,"title":"Acc\u00e8s libre","parent":{"sorting":256,"title":"Acc\u00e8s","images":[],"slug":"acces","feBlacklist":false,"uid":416,"pid":1933},"images":[],"slug":"acces-libre-2","feBlacklist":false,"uid":468,"pid":1933}],"accessibilitePmr":[{"sorting":128,"title":"Oui","parent":{"sorting":256,"title":"Accessibilit\u00e9 PMR","images":[],"slug":"accessibilite-pmr","feBlacklist":false,"uid":417,"pid":1934},"images":[],"slug":"oui","feBlacklist":false,"uid":469,"pid":1934}],"place":"Salle Paul Eluard Dieppe","cimNewsStartDate":"2026-09-10T00:00:00+0200","cimNewsEndDate":"2026-09-10T00:00:00+0200","schedule":"de 14 heures \u00e0 18 heures","hideRelatedContent":false,"structureOrganisatrice":"U.N.R.P.A  ENSEMBLE ET SOLIDAIRES  DE DIEPPE","avezvousBesoinSoutienLogistique":false,"avezvousBesoinAideEnCommunication":false,"mail":"u.n.r.p.a@orange.fr","phone":"0604932868","cimNewsScheduleDates":[{"sorting":1,"sysLanguageUid":0,"hidden":false,"crdate":"2026-07-02T15:17:43+0200","tstamp":"2026-07-02T15:47:50+0200","feGroup":"0","cimNewsStartDate":"2026-09-10T00:00:00+0200","cimNewsEndDate":"2026-09-10T00:00:00+0200","schedule":"de 14h \u00e0 18 heures","place":[],"placeTitle":"Salle Paul Eluard Dieppe","uid":1170,"pid":2143}],"pictureShow":[{"publicUrl":"https:\/\/dieppe.api.cimeos.dev\/fileadmin\/mediatheque_ville-de-dieppe\/Bandeaux_et_vignettes\/Visuels_g%C3%A9n%C3%A9riques_agenda\/Danse_seniors.jpg","properties":{"title":null,"alternative":null,"description":null,"link":null,"linkData":null,"mimeType":"image\/jpeg","type":"image","filename":"Danse_seniors.jpg","originalUrl":"https:\/\/dieppe.api.cimeos.dev\/fileadmin\/mediatheque_ville-de-dieppe\/Bandeaux_et_vignettes\/Visuels_g%C3%A9n%C3%A9riques_agenda\/Danse_seniors.jpg","uidLocal":10419,"fileReferenceUid":21566,"size":138553,"dimensions":{"width":2000,"height":2000},"cropDimensions":{"width":2000,"height":2000},"crop":"{\"default\":{\"cropArea\":{\"x\":0,\"y\":0,\"width\":1,\"height\":1},\"selectedRatio\":\"NaN\",\"focusArea\":null}}","autoplay":null,"extension":"jpg","initialDimensions":{"width":2000,"height":2000},"orientation":"paysage","processedExtension":"webp","copyright":"","categories":[],"publicUrl":"https:\/\/dieppe.api.cimeos.dev\/fileadmin\/mediatheque_ville-de-dieppe\/Bandeaux_et_vignettes\/Visuels_g%C3%A9n%C3%A9riques_agenda\/Danse_seniors.jpg","crdate":1766058432,"tstamp":1743491928}}],"pictureList":[],"feUserEvents":[],"workflowStatus":[{"sorting":1024,"title":"Valid\u00e9","parent":{"sorting":256,"title":"Workflow","images":[],"slug":"workflow","feBlacklist":false,"uid":473,"pid":2133},"images":[],"slug":"valide","feBlacklist":false,"uid":476,"pid":2133}],"draft":false,"uid":1284,"pid":1821,"pid_title":"Agenda","site":"dieppe.api.stage.cimeos.com","sys_language_uid":0,"suggest_title":"Apr\u00e8s midi dansant","raw_description":"<p>Avec l 'orchestre VIBRATION une p\u00e2tisserie et une boisson offerte. 10 Euros pour les adh\u00e9rents et 15 Euros pour les non adh\u00e9rents.<\/p>","settings":{"urlBuilder":{"varDefaultDetailUidName":"idEventsDetail","parameters":{"action":"show","arguments":"directory","controller":"Events","extensionName":"cimdirectory","pluginName":"Display"}},"editorial":{"contentElementId":"51","partial":"ItemList","itemType":"events","classes":"annuaire","hn":"2","popin":"1","grid":"horizontal","showImage":"1","showCategory":"1","showTeaser":"1","showOnHover":"0","showMore":"0","showDate":"0","urlBuilder":{"varDefaultDetailUidName":"idEventsDetail","parameters":{"action":"show","arguments":"directory","controller":"Events","extensionName":"cimdirectory","pluginName":"Display"}},"images":{"list":{"fields":"pictureShow"}}},"list":{"contentElementId":"51","partial":"ItemList","itemType":"events","classes":"annuaire","hn":"2","popin":"1","grid":"horizontal","showImage":"1","showCategory":"1","showTeaser":"1","showOnHover":"0","showMore":"0","showDate":"0","urlBuilder":{"varDefaultDetailUidName":"idEventsDetail","parameters":{"action":"show","arguments":"directory","controller":"Events","extensionName":"cimdirectory","pluginName":"Display"}},"images":{"list":{"fields":"pictureShow"}}},"search":{"contentElementId":"51","partial":"ItemList","itemType":"events","classes":"annuaire","hn":"2","grid":"horizontal","showImage":"1","showCategory":"1","showTeaser":"1","showOnHover":"0","showMore":"0","showDate":"0","urlBuilder":{"varDefaultDetailUidName":"idEventsDetail","parameters":{"action":"show","arguments":"directory","controller":"Events","extensionName":"cimdirectory","pluginName":"Display"}}}},"id":"1821_1284","imageList":[{"publicUrl":"https:\/\/dieppe.api.cimeos.dev\/fileadmin\/_processed_\/5\/9\/csm_Danse_seniors_f5e16c5d11.webp","properties":{"title":null,"alternative":null,"description":null,"link":null,"linkData":null,"mimeType":"image\/webp","type":"image","filename":"Danse_seniors.jpg","originalUrl":"https:\/\/dieppe.api.cimeos.dev\/fileadmin\/mediatheque_ville-de-dieppe\/Bandeaux_et_vignettes\/Visuels_g%C3%A9n%C3%A9riques_agenda\/Danse_seniors.jpg","uidLocal":10419,"fileReferenceUid":21566,"size":138553,"dimensions":{"width":360,"height":450},"cropDimensions":{"width":360,"height":450},"crop":"{\"default\":{\"cropArea\":{\"x\":0,\"y\":0,\"width\":1,\"height\":1},\"selectedRatio\":\"NaN\",\"focusArea\":null}}","autoplay":null,"extension":"jpg","initialDimensions":{"width":2000,"height":2000},"orientation":"paysage","processedExtension":"webp","copyright":"","categories":[],"publicUrl":"https:\/\/dieppe.api.cimeos.dev\/fileadmin\/_processed_\/5\/9\/csm_Danse_seniors_f5e16c5d11.webp","crdate":1766058432,"tstamp":1743491928}}],"links":[{"href":"\/notre-agenda-1\/detail\/apres-midi-dansant-8","title":null,"text":"Apr\u00e8s midi dansant"}]},{"type":"events","sorting":17664,"sysLanguageUid":0,"hidden":0,"crdate":"2026-03-25T14:04:22+0100","starttime":"2026-03-25T08:35:00+0100","endtime":"2026-09-13T00:00:00+0200","tstamp":"2026-06-16T15:59:16+0200","feGroup":"0","pathSegment":"\/decouvrez-la-biodiversite-avec-labc-1-1","categories":[],"title":"L'atlas de la biodiversite communale : Les prairies \u00e0 la fin de l'\u00e9t\u00e9","istopnews":false,"teaser":"Petits et grands, laissez-vous surprendre par la nature !","description":"D\u00e9couvrez la biodiversit\u00e9 avec l'ABC\r\nL'Atlas de la Biodiversit\u00e9 Communale est un programme qui vise \u00e0 identifier et prot\u00e9ger les esp\u00e8ces animales et v\u00e9g\u00e9tales du territoire.&nbsp;\r\nLes animations gratuites sont une opportunit\u00e9 unique de :&nbsp;\r\nD\u00e9couvrir la biodiversit\u00e9 locale lors des sortiesApprendre \u00e0 reconna\u00eetre les esp\u00e8cesPartager un moment convivial\r\n&nbsp;Samedi 12 septembre 2026 : Les prairies \u00e0 la fin de l'\u00e9t\u00e9, 14 heures, quartier Chapelle de Bonsecours &nbsp; &nbsp; &nbsp; &nbsp;\r\nEt plein d'autres animations sur les communes de Dieppe-Maritime &nbsp; &nbsp; &nbsp; &nbsp; &nbsp; &nbsp; &nbsp; &nbsp; &nbsp; &nbsp; &nbsp; &nbsp; &nbsp; &nbsp; &nbsp; &nbsp; &nbsp; &nbsp; &nbsp; &nbsp; &nbsp; &nbsp; &nbsp; &nbsp; &nbsp; &nbsp; &nbsp; &nbsp; &nbsp; &nbsp; &nbsp; &nbsp; &nbsp; &nbsp; &nbsp; &nbsp; &nbsp; &nbsp; &nbsp; &nbsp; &nbsp; &nbsp; &nbsp; &nbsp;&nbsp;","quartier":[{"sorting":124,"sysLanguageUid":0,"hidden":false,"crdate":"2024-09-11T14:55:08+0200","tstamp":"2025-01-06T15:55:45+0100","feGroup":"0","pathSegment":"\/neuville-nord-puys","categories":[],"contentElements":[],"contentElementsContext":[],"contentElementsBottom":[],"title":"Neuville nord \/ Puys","teaser":"Chaque Dieppois a acc\u00e8s, pour lui-m\u00eame ou ses enfants et ses proches, dans son quartier \u00e0 une \u00e9cole, un gymnase, une r\u00e9sidence autonomie dont les activit\u00e9s sont ouvertes \u00e0 tous, une biblioth\u00e8que-ludoth\u00e8que, une cr\u00e8che.","svgMap":"<polygon id=\"Neuville_x2C__Puys\" class=\"cls-4\" points=\"619.57 78.65 614.09 78.65 605.68 58.95 605.69 58.67 606.24 30.38 610.66 22.11 612.04 8.3 615.37 3.85 612.93 2.78 574.75 12.95 562.02 5.68 558.07 13.08 531.03 26.05 512.6 45.26 482.8 64.85 466.66 68.78 412.32 69.6 387.59 78.09 367.2 79.43 363.09 84.03 360.37 92.64 364.4 93.06 380.1 107.3 378.92 112.42 372.44 113.92 390.75 164.07 424.9 199.58 476.95 219.99 470.36 223.42 561.19 251.86 603.4 215.33 631.18 187 631.18 176.48 657.07 166.78 619.57 78.65\"\/>","svgHover":"<g id=\"Neuville_x2C__Puys-2\" data-name=\"Neuville_x2C__Puys\">\r\n      <g id=\"bulle-9\" data-name=\"bulle\">\r\n        <path id=\"bulle-10\" data-name=\"bulle\" class=\"cls-1\" d=\"M504.68,126.97l-6.64-6.04h-54.76c-1.61,0-2.91-1.55-2.91-3.45v-29.02c0-1.91,1.3-3.45,2.91-3.45h123.86c1.61,0,2.91,1.55,2.91,3.45v29.02c0,1.91-1.3,3.45-2.91,3.45h-54.03l-6.64,6.04c-.25.23-.57.36-.89.36-.32,0-.63-.12-.89-.36Z\"\/>\r\n      <\/g>\r\n      <g id=\"Neuville_x2C__Puys-3\" data-name=\"Neuville_x2C__Puys\">\r\n        <text class=\"cls-3\" transform=\"translate(455.31 108.32)\"><tspan x=\"0\" y=\"0\">Neuville, Puys<\/tspan><\/text>\r\n      <\/g>\r\n    <\/g>","uid":9,"pid":1811}],"specificCategories":[{"sorting":1024,"title":"Animation","parent":{"sorting":1792,"title":"Agenda","images":[],"slug":"agenda","feBlacklist":false,"uid":411,"pid":1928},"images":[],"slug":"animation","feBlacklist":false,"uid":402,"pid":1928}],"publicType":[{"sorting":128,"title":"Tout public","parent":{"sorting":256,"title":"Type de public","images":[],"slug":"type-de-public","feBlacklist":false,"uid":412,"pid":1929},"images":[],"slug":"tout-public","feBlacklist":false,"uid":453,"pid":1929}],"evenementExterieurinterieur":[{"sorting":128,"title":"\u00c9v\u00e8nement en ext\u00e9rieur","parent":{"sorting":256,"title":"\u00c9v\u00e8nement ext\u00e9rieur\/interieur","images":[],"slug":"evenement-exterieur-interieur","feBlacklist":false,"uid":414,"pid":1931},"images":[],"slug":"evenement-en-exterieur","feBlacklist":false,"uid":464,"pid":1931}],"tarifs":[{"sorting":128,"title":"Gratuit","parent":{"sorting":256,"title":"Tarifs","images":[],"slug":"tarifs","feBlacklist":false,"uid":415,"pid":1932},"images":[],"slug":"gratuit-1","feBlacklist":false,"uid":456,"pid":1932}],"pieceJointe":[{"publicUrl":"https:\/\/dieppe.api.cimeos.dev\/fileadmin\/mediatheque_ville-de-dieppe\/Bandeaux_et_vignettes\/%C3%80_trier\/PDF_PROGRAMME_BIODIVERSITE_2026.pdf","properties":{"title":"Programme 2026","alternative":null,"description":null,"link":null,"linkData":null,"mimeType":"application\/pdf","type":"application","filename":"PDF_PROGRAMME_BIODIVERSITE_2026.pdf","originalUrl":"https:\/\/dieppe.api.cimeos.dev\/fileadmin\/mediatheque_ville-de-dieppe\/Bandeaux_et_vignettes\/%C3%80_trier\/PDF_PROGRAMME_BIODIVERSITE_2026.pdf","uidLocal":17637,"fileReferenceUid":20287,"size":594462,"dimensions":{"width":595,"height":842},"cropDimensions":{"width":595,"height":842},"crop":"{\"default\":{\"cropArea\":{\"x\":0,\"y\":0,\"width\":1,\"height\":1},\"selectedRatio\":\"NaN\",\"focusArea\":null}}","autoplay":0,"extension":"pdf","nbPages":1,"external_url":"","use_site_flipbook":0,"numero":0,"date_displayed":0,"hide_download_link":0,"listen_url":"","copyright":"","categories":[],"publicUrl":"https:\/\/dieppe.api.cimeos.dev\/fileadmin\/mediatheque_ville-de-dieppe\/Bandeaux_et_vignettes\/%C3%80_trier\/PDF_PROGRAMME_BIODIVERSITE_2026.pdf","crdate":1778594881,"tstamp":1774436835}}],"contactPublic":"Inscriptions et informations : Office de tourisme Dieppe-Normandie, au 02 32 14 40 60","website":{"href":"https:\/\/www.dieppetourisme.com\/agenda\/temps-forts-2026\/","target":"_blank","text":"Site internet"},"acces":[{"sorting":128,"title":"Acc\u00e8s sur inscription","parent":{"sorting":256,"title":"Acc\u00e8s","images":[],"slug":"acces","feBlacklist":false,"uid":416,"pid":1933},"images":[],"slug":"acces-sur-inscription","feBlacklist":false,"uid":467,"pid":1933}],"accessibilitePmr":[{"sorting":64,"title":"Non","parent":{"sorting":256,"title":"Accessibilit\u00e9 PMR","images":[],"slug":"accessibilite-pmr","feBlacklist":false,"uid":417,"pid":1934},"images":[],"slug":"non","feBlacklist":false,"uid":470,"pid":1934}],"place":"Chemins des Falaises, Chapelle de Bonsecours","creationDate":"2026-03-25T08:35:15+0100","cimNewsStartDate":"2026-09-12T00:00:00+0200","cimNewsEndDate":"2026-09-12T00:00:00+0200","schedule":"de 14 heures \u00e0 16 heures","hideRelatedContent":false,"structureOrganisatrice":"Communaut\u00e9 d'agglom\u00e9ration Dieppe-Maritime","avezvousBesoinSoutienLogistique":false,"avezvousBesoinAideEnCommunication":false,"cimNewsScheduleDates":[{"sorting":1,"sysLanguageUid":0,"hidden":false,"crdate":"2026-03-25T14:04:22+0100","tstamp":"2026-05-12T16:06:50+0200","feGroup":"0","pathSegment":"\/decouvrez-la-biodiversite-avec-labc-1-1","title":"Papillons, criquets et fleurs sauvages","cimNewsStartDate":"2026-05-16T00:00:00+0200","cimNewsEndDate":"2026-05-16T00:00:00+0200","schedule":"de 14 heures \u00e0 16 heures","place":[],"placeTitle":"Chemin des Falaises, Chapelle de Bonsecours","uid":1052,"pid":1821},{"sorting":2,"sysLanguageUid":0,"hidden":false,"crdate":"2026-03-25T14:04:22+0100","tstamp":"2026-05-12T16:06:50+0200","feGroup":"0","pathSegment":"\/default-c8710d7f41cdc0e65818ebc3e56f5119-1-1","title":"La biodiversit\u00e9 des falaises et du ch\u00e2teau","cimNewsStartDate":"2026-06-21T00:00:00+0200","cimNewsEndDate":"2026-06-21T00:00:00+0200","schedule":"de 14 heures \u00e0 16 heures","place":[],"placeTitle":"Rue de Chastes, Mus\u00e9e de Dieppe","uid":1053,"pid":1821},{"sorting":3,"sysLanguageUid":0,"hidden":false,"crdate":"2026-03-25T14:04:22+0100","tstamp":"2026-05-12T16:06:50+0200","feGroup":"0","pathSegment":"\/coquillages-crustaces-et-oiseaux-marins-1-1","title":"Coquillages, crustac\u00e9s et oiseaux marins","cimNewsStartDate":"2026-07-08T00:00:00+0200","cimNewsEndDate":"2026-07-08T00:00:00+0200","schedule":"de 10 heures \u00e0 12 heures","place":[],"placeTitle":"Plage de Dieppe","uid":1054,"pid":1821},{"sorting":4,"sysLanguageUid":0,"hidden":false,"crdate":"2026-03-25T14:04:22+0100","tstamp":"2026-05-12T16:06:50+0200","feGroup":"0","pathSegment":"\/a-la-decouverte-de-la-biodiversite-du-littoral-1-1","title":"\u00c0 la d\u00e9couverte de la biodiversit\u00e9 du littoral","cimNewsStartDate":"2026-07-19T00:00:00+0200","cimNewsEndDate":"2026-07-19T00:00:00+0200","schedule":"de 10 heures \u00e0 12 heures","place":[],"placeTitle":"Plage de Dieppe","uid":1055,"pid":1821},{"sorting":5,"sysLanguageUid":0,"hidden":false,"crdate":"2026-03-25T14:04:22+0100","tstamp":"2026-05-12T16:06:50+0200","feGroup":"0","pathSegment":"\/la-biodiversite-du-bois-de-rosendal-1-1","title":"La biodiversit\u00e9 du bois de Rosendal","cimNewsStartDate":"2026-08-23T00:00:00+0200","cimNewsEndDate":"2026-08-23T00:00:00+0200","schedule":"de 14 heures \u00e0 16 heures","place":[],"placeTitle":"Val Druel","uid":1056,"pid":1821},{"sorting":6,"sysLanguageUid":0,"hidden":false,"crdate":"2026-03-25T14:04:22+0100","tstamp":"2026-05-12T16:06:50+0200","feGroup":"0","pathSegment":"\/les-prairies-a-la-fin-de-lete-1-1","title":"Les prairies \u00e0 la fin de l'\u00e9t\u00e9","cimNewsStartDate":"2026-09-12T00:00:00+0200","cimNewsEndDate":"2026-09-12T00:00:00+0200","schedule":"de 14 heures \u00e0 16 heures","place":[],"placeTitle":"Chemin des Falaises, Chapelle de Bonsecours","uid":1057,"pid":1821}],"pictureShow":[{"publicUrl":"https:\/\/dieppe.api.cimeos.dev\/fileadmin\/user_upload\/canvas.png","properties":{"title":null,"alternative":null,"description":null,"link":null,"linkData":null,"mimeType":"image\/png","type":"image","filename":"canvas.png","originalUrl":"https:\/\/dieppe.api.cimeos.dev\/fileadmin\/user_upload\/canvas.png","uidLocal":18418,"fileReferenceUid":20804,"size":5519101,"dimensions":{"width":1984,"height":2806},"cropDimensions":{"width":1984,"height":2806},"crop":"{\"default\":{\"cropArea\":{\"x\":0,\"y\":0,\"width\":1,\"height\":1},\"selectedRatio\":\"NaN\",\"focusArea\":null}}","autoplay":null,"extension":"png","initialDimensions":{"width":1984,"height":2806},"orientation":"portrait","processedExtension":"webp","copyright":"","categories":[],"publicUrl":"https:\/\/dieppe.api.cimeos.dev\/fileadmin\/user_upload\/canvas.png","crdate":1778594714,"tstamp":1778594714}}],"pictureList":[],"feUserEvents":[],"workflowStatus":[{"sorting":1024,"title":"Valid\u00e9","parent":{"sorting":256,"title":"Workflow","images":[],"slug":"workflow","feBlacklist":false,"uid":473,"pid":2133},"images":[],"slug":"valide","feBlacklist":false,"uid":476,"pid":2133}],"draft":false,"uid":1131,"pid":1821,"pid_title":"Agenda","site":"dieppe.api.stage.cimeos.com","sys_language_uid":0,"suggest_title":"L'atlas de la biodiversite communale : Les prairies \u00e0 la fin de l'\u00e9t\u00e9","raw_description":"<p>D\u00e9couvrez la biodiversit\u00e9 avec l'ABC<\/p>\r\n<p>L'Atlas de la Biodiversit\u00e9 Communale est un programme qui vise \u00e0 identifier et prot\u00e9ger les esp\u00e8ces animales et v\u00e9g\u00e9tales du territoire.&nbsp;<\/p>\r\n<p>Les animations gratuites sont une opportunit\u00e9 unique de :&nbsp;<\/p>\r\n<ul><li>D\u00e9couvrir la biodiversit\u00e9 locale lors des sorties<\/li><li>Apprendre \u00e0 reconna\u00eetre les esp\u00e8ces<\/li><li>Partager un moment convivial<\/li><\/ul>\r\n<p>&nbsp;Samedi 12 septembre 2026 : Les prairies \u00e0 la fin de l'\u00e9t\u00e9, 14 heures, quartier Chapelle de Bonsecours &nbsp; &nbsp; &nbsp; &nbsp;<\/p>\r\n<p>Et plein d'autres animations sur les communes de Dieppe-Maritime &nbsp; &nbsp; &nbsp; &nbsp; &nbsp; &nbsp; &nbsp; &nbsp; &nbsp; &nbsp; &nbsp; &nbsp; &nbsp; &nbsp; &nbsp; &nbsp; &nbsp; &nbsp; &nbsp; &nbsp; &nbsp; &nbsp; &nbsp; &nbsp; &nbsp; &nbsp; &nbsp; &nbsp; &nbsp; &nbsp; &nbsp; &nbsp; &nbsp; &nbsp; &nbsp; &nbsp; &nbsp; &nbsp; &nbsp; &nbsp; &nbsp; &nbsp; &nbsp; &nbsp;&nbsp;<\/p>","settings":{"urlBuilder":{"varDefaultDetailUidName":"idEventsDetail","parameters":{"action":"show","arguments":"directory","controller":"Events","extensionName":"cimdirectory","pluginName":"Display"}},"editorial":{"contentElementId":"51","partial":"ItemList","itemType":"events","classes":"annuaire","hn":"2","popin":"1","grid":"horizontal","showImage":"1","showCategory":"1","showTeaser":"1","showOnHover":"0","showMore":"0","showDate":"0","urlBuilder":{"varDefaultDetailUidName":"idEventsDetail","parameters":{"action":"show","arguments":"directory","controller":"Events","extensionName":"cimdirectory","pluginName":"Display"}},"images":{"list":{"fields":"pictureShow"}}},"list":{"contentElementId":"51","partial":"ItemList","itemType":"events","classes":"annuaire","hn":"2","popin":"1","grid":"horizontal","showImage":"1","showCategory":"1","showTeaser":"1","showOnHover":"0","showMore":"0","showDate":"0","urlBuilder":{"varDefaultDetailUidName":"idEventsDetail","parameters":{"action":"show","arguments":"directory","controller":"Events","extensionName":"cimdirectory","pluginName":"Display"}},"images":{"list":{"fields":"pictureShow"}}},"search":{"contentElementId":"51","partial":"ItemList","itemType":"events","classes":"annuaire","hn":"2","grid":"horizontal","showImage":"1","showCategory":"1","showTeaser":"1","showOnHover":"0","showMore":"0","showDate":"0","urlBuilder":{"varDefaultDetailUidName":"idEventsDetail","parameters":{"action":"show","arguments":"directory","controller":"Events","extensionName":"cimdirectory","pluginName":"Display"}}}},"id":"1821_1131","imageList":[{"publicUrl":"https:\/\/dieppe.api.cimeos.dev\/fileadmin\/_processed_\/a\/7\/csm_canvas_bb8cbe2e1f.webp","properties":{"title":null,"alternative":null,"description":null,"link":null,"linkData":null,"mimeType":"image\/webp","type":"image","filename":"canvas.png","originalUrl":"https:\/\/dieppe.api.cimeos.dev\/fileadmin\/user_upload\/canvas.png","uidLocal":18418,"fileReferenceUid":20804,"size":5519101,"dimensions":{"width":360,"height":450},"cropDimensions":{"width":360,"height":450},"crop":"{\"default\":{\"cropArea\":{\"x\":0,\"y\":0,\"width\":1,\"height\":1},\"selectedRatio\":\"NaN\",\"focusArea\":null}}","autoplay":null,"extension":"png","initialDimensions":{"width":1984,"height":2806},"orientation":"portrait","processedExtension":"webp","copyright":"","categories":[],"publicUrl":"https:\/\/dieppe.api.cimeos.dev\/fileadmin\/_processed_\/a\/7\/csm_canvas_bb8cbe2e1f.webp","crdate":1778594714,"tstamp":1778594714}}],"links":[{"href":"\/notre-agenda-1\/detail\/decouvrez-la-biodiversite-avec-labc-1-1","title":null,"text":"L'atlas de la biodiversite communale : Les prairies \u00e0 la fin de l'\u00e9t\u00e9"}]},{"type":"events","sorting":2560,"sysLanguageUid":0,"hidden":0,"crdate":"2026-06-29T15:44:21+0200","tstamp":"2026-06-30T08:48:53+0200","feGroup":"0","pathSegment":"\/universite-populaire","categories":[],"title":"Universit\u00e9 populaire","istopnews":false,"teaser":"Programme premier semestre","description":"Les savoirs sont le plus haut patrimoine de l'humanit\u00e9, jamais clos, toujours en devenir, permettant d'alimenter d\u00e9bats et r\u00e9flexions, de servir d'appui \u00e0 toute d\u00e9lib\u00e9ration d\u00e9mocratique, et d'ouvrir les esprits \u00e0 la v\u00e9rit\u00e9. On n'a jamais fini d'apprendre et de d\u00e9couvrir, bien au-del\u00e0 du temps de l'\u00e9cole. \u00c0 une \u00e9poque o\u00f9 les savoirs sont contest\u00e9s dans leur l\u00e9gitimit\u00e9, par des partisans d'un obscurantisme anti-scientifique, qui rejettent l'\u00e9mancipation intellectuelle et sociale que permet la transmission, il appara\u00eet n\u00e9cessaire de proposer une diffusion des connaissances \u00e0 tous les publics volontaires, dans un cadre bienveillant, la\u00efque et r\u00e9flexif.","quartier":[{"sorting":96,"sysLanguageUid":0,"hidden":false,"crdate":"2024-09-11T14:54:29+0200","tstamp":"2025-01-06T15:55:19+0100","feGroup":"0","pathSegment":"\/centre-ville-saint-pierre-vauban","categories":[],"contentElements":[],"contentElementsContext":[],"contentElementsBottom":[],"title":"Centre-ville \/ Saint-Pierre \/ Vauban","teaser":"Chaque Dieppois a acc\u00e8s, pour lui-m\u00eame ou ses enfants et ses proches, dans son quartier \u00e0 une \u00e9cole, un gymnase, une r\u00e9sidence autonomie dont les activit\u00e9s sont ouvertes \u00e0 tous, une biblioth\u00e8que-ludoth\u00e8que, une cr\u00e8che.","svgMap":"<path id=\"Centre-ville_x2C__Saint-Pierre_x2C__Vauban\" class=\"cls-4\" d=\"M284.68,228.99l-.14.1-14.36,9.93-4.76-10.78-8.94-23.5-7.21-22.11-1.19-10.25,30.09-20.48,9.55-1.73,2.78-4.72,5.23-14.88v-17.71l-2.6.14v-6.92l-7.41-8.35-22.73,21.02-28.1,22.18-40.42,25.34-58.27,28.47,1.65,2.83h3.25c6.59-2.47,7.13-2.47,7.37-2.47.59,0,6.56.71,8.38.92l.75.09,6.08,14.16,12.62,16.52,13.28,3.9,6.71,17.94,3.71,35.02,7.65.09,7.64,14.12,6.96-3.25,3.47,8.01-1.51,2.35,7.25,8.99.51,6.96-3.49,7.65,4.98-1.75,2.04,7.72,9.09,12.39-3.69,9.99-18.17,11.79-7.8,8.86-3.39,1.87.1,9.51,5.72-3.47,10.19-6.04,14.23.04,13.12,3.6,9.93,7.17,15.86,8.55h9.69l1.28,1.89,5.15-.45,12.92-6,7.4-6.33,38.63-34.79,9.98-8.45,9.16-5.78-3.18-8.14-61.42-70.69,3.55-4.54-10.19-17.76-12.38-14.31-4.92,1.71-1.68,3.79Z\"\/>","svgHover":"<g id=\"Centre-ville_x2C__Saint-Pierre_x2C__Vauban-2\" data-name=\"Centre-ville_x2C__Saint-Pierre_x2C__Vauban\">\r\n      <g id=\"bulle-3\" data-name=\"bulle\">\r\n        <path id=\"bulle-4\" data-name=\"bulle\" class=\"cls-1\" d=\"M280.75,292.69l-8.76-6.04h-72.24c-2.12,0-3.84-1.55-3.84-3.45v-41.68c0-1.91,1.72-3.45,3.84-3.45h163.39c2.12,0,3.84,1.55,3.84,3.45v41.68c0,1.91-1.72,3.45-3.84,3.45h-71.28l-8.76,6.04c-.34.23-.75.36-1.17.36-.42,0-.83-.12-1.17-.36Z\"\/>\r\n      <\/g>\r\n      <g id=\"Centre-ville_x2C__Saint-Pierre_x2C__Vauban-3\" data-name=\"Centre-ville_x2C__Saint-Pierre_x2C__Vauban\">\r\n        <text id=\"Centre-ville_x2C__Saint-Pierre_x2C__Vauban-4\" data-name=\"Centre-ville_x2C__Saint-Pierre_x2C__Vauban\" class=\"cls-3\" transform=\"translate(236.65 258.1)\"><tspan x=\"0\" y=\"0\">Centre-ville,<\/tspan><tspan x=\"-29.83\" y=\"17.27\">Saint-Pierre, Vauban<\/tspan><\/text>\r\n      <\/g>\r\n    <\/g>","uid":6,"pid":1811}],"specificCategories":[{"sorting":1552,"title":"Conf\u00e9rence, d\u00e9bat","parent":{"sorting":1792,"title":"Agenda","images":[],"slug":"agenda","feBlacklist":false,"uid":411,"pid":1928},"images":[],"slug":"conference-rencontre-debat","feBlacklist":false,"uid":407,"pid":1928}],"publicType":[{"sorting":128,"title":"Tout public","parent":{"sorting":256,"title":"Type de public","images":[],"slug":"type-de-public","feBlacklist":false,"uid":412,"pid":1929},"images":[],"slug":"tout-public","feBlacklist":false,"uid":453,"pid":1929}],"evenementExterieurinterieur":[{"sorting":128,"title":"\u00c9v\u00e8nement en int\u00e9rieur","parent":{"sorting":256,"title":"\u00c9v\u00e8nement ext\u00e9rieur\/interieur","images":[],"slug":"evenement-exterieur-interieur","feBlacklist":false,"uid":414,"pid":1931},"images":[],"slug":"evenement-en-interieur","feBlacklist":false,"uid":465,"pid":1931}],"tarifs":[],"pieceJointe":[],"website":{"href":"https:\/\/www.facebook.com\/profile.php?id=61572232423925","target":"_blank","text":"Site internet"},"acces":[{"sorting":128,"title":"Acc\u00e8s libre","parent":{"sorting":256,"title":"Acc\u00e8s","images":[],"slug":"acces","feBlacklist":false,"uid":416,"pid":1933},"images":[],"slug":"acces-libre-2","feBlacklist":false,"uid":468,"pid":1933}],"accessibilitePmr":[],"place":"11, avenue Normandie Sussex76200 Dieppe","cimNewsStartDate":"2026-09-14T00:00:00+0200","cimNewsEndDate":"2027-01-25T00:00:00+0100","hideRelatedContent":false,"structureOrganisatrice":"Association L'inattendu","avezvousBesoinSoutienLogistique":false,"avezvousBesoinAideEnCommunication":false,"mail":"contact@unipopdieppe.fr","phone":"0767328506","cimNewsScheduleDates":[{"sorting":1,"sysLanguageUid":0,"hidden":false,"crdate":"2026-06-29T15:44:21+0200","tstamp":"2026-06-30T08:48:53+0200","feGroup":"0","title":"Introduction \u00e0 l'universit\u00e9 populaire, pr\u00e9sentation du programme","cimNewsStartDate":"2026-09-14T00:00:00+0200","cimNewsEndDate":"2026-09-14T00:00:00+0200","schedule":"18h","place":[],"placeTitle":"L'inattendu","uid":1165,"pid":2143},{"sorting":2,"sysLanguageUid":0,"hidden":false,"crdate":"2026-06-29T15:44:21+0200","tstamp":"2026-06-30T08:48:53+0200","feGroup":"0","title":"Cin\u00e9ma \"le cheminement de nos d\u00e9sirs\" de L\u00e9a Longeot","cimNewsStartDate":"2026-09-17T00:00:00+0200","cimNewsEndDate":"2026-09-17T00:00:00+0200","schedule":"18h","place":[],"placeTitle":"L'inattendu","uid":1166,"pid":2143},{"sorting":3,"sysLanguageUid":0,"hidden":false,"crdate":"2026-06-29T15:44:21+0200","tstamp":"2026-06-30T08:48:53+0200","feGroup":"0","title":"Musique - ballade sonore au Pollet avec collectif Rotule","cimNewsStartDate":"2026-09-20T00:00:00+0200","cimNewsEndDate":"2026-09-20T00:00:00+0200","schedule":"10h30","place":[],"placeTitle":"Office de tourisme","uid":1167,"pid":2143},{"sorting":4,"sysLanguageUid":0,"hidden":false,"crdate":"2026-06-29T15:44:21+0200","tstamp":"2026-06-30T08:48:53+0200","feGroup":"0","title":"Musique - ballade sonore - s\u00e9ance d'\u00e9coute","cimNewsStartDate":"2026-09-20T00:00:00+0200","cimNewsEndDate":"2026-09-20T00:00:00+0200","schedule":"16h","place":[],"placeTitle":"l'inattendu","uid":1168,"pid":2143}],"pictureShow":[{"publicUrl":"https:\/\/dieppe.api.cimeos.dev\/fileadmin\/user_upload\/Propositions\/events\/Univ_pop_1.pdf.png","properties":{"title":null,"alternative":null,"description":null,"link":null,"linkData":null,"mimeType":"image\/png","type":"image","filename":"Univ_pop_1.pdf.png","originalUrl":"https:\/\/dieppe.api.cimeos.dev\/fileadmin\/user_upload\/Propositions\/events\/Univ_pop_1.pdf.png","uidLocal":19456,"fileReferenceUid":21447,"size":666573,"dimensions":{"width":1414,"height":2000},"cropDimensions":{"width":1414,"height":2000},"crop":"","autoplay":null,"extension":"png","initialDimensions":{"width":1414,"height":2000},"orientation":"portrait","processedExtension":"webp","copyright":"","categories":[],"publicUrl":"https:\/\/dieppe.api.cimeos.dev\/fileadmin\/user_upload\/Propositions\/events\/Univ_pop_1.pdf.png","crdate":1782740662,"tstamp":1782740662}}],"pictureList":[],"feUserEvents":[],"workflowStatus":[{"sorting":1024,"title":"Valid\u00e9","parent":{"sorting":256,"title":"Workflow","images":[],"slug":"workflow","feBlacklist":false,"uid":473,"pid":2133},"images":[],"slug":"valide","feBlacklist":false,"uid":476,"pid":2133}],"draft":false,"uid":1279,"pid":1821,"pid_title":"Agenda","site":"dieppe.api.stage.cimeos.com","sys_language_uid":0,"suggest_title":"Universit\u00e9 populaire","raw_description":"<p>Les savoirs sont le plus haut patrimoine de l'humanit\u00e9, jamais clos, toujours en devenir, permettant d'alimenter d\u00e9bats et r\u00e9flexions, de servir d'appui \u00e0 toute d\u00e9lib\u00e9ration d\u00e9mocratique, et d'ouvrir les esprits \u00e0 la v\u00e9rit\u00e9. On n'a jamais fini d'apprendre et de d\u00e9couvrir, bien au-del\u00e0 du temps de l'\u00e9cole. \u00c0 une \u00e9poque o\u00f9 les savoirs sont contest\u00e9s dans leur l\u00e9gitimit\u00e9, par des partisans d'un obscurantisme anti-scientifique, qui rejettent l'\u00e9mancipation intellectuelle et sociale que permet la transmission, il appara\u00eet n\u00e9cessaire de proposer une diffusion des connaissances \u00e0 tous les publics volontaires, dans un cadre bienveillant, la\u00efque et r\u00e9flexif.<\/p>","settings":{"urlBuilder":{"varDefaultDetailUidName":"idEventsDetail","parameters":{"action":"show","arguments":"directory","controller":"Events","extensionName":"cimdirectory","pluginName":"Display"}},"editorial":{"contentElementId":"51","partial":"ItemList","itemType":"events","classes":"annuaire","hn":"2","popin":"1","grid":"horizontal","showImage":"1","showCategory":"1","showTeaser":"1","showOnHover":"0","showMore":"0","showDate":"0","urlBuilder":{"varDefaultDetailUidName":"idEventsDetail","parameters":{"action":"show","arguments":"directory","controller":"Events","extensionName":"cimdirectory","pluginName":"Display"}},"images":{"list":{"fields":"pictureShow"}}},"list":{"contentElementId":"51","partial":"ItemList","itemType":"events","classes":"annuaire","hn":"2","popin":"1","grid":"horizontal","showImage":"1","showCategory":"1","showTeaser":"1","showOnHover":"0","showMore":"0","showDate":"0","urlBuilder":{"varDefaultDetailUidName":"idEventsDetail","parameters":{"action":"show","arguments":"directory","controller":"Events","extensionName":"cimdirectory","pluginName":"Display"}},"images":{"list":{"fields":"pictureShow"}}},"search":{"contentElementId":"51","partial":"ItemList","itemType":"events","classes":"annuaire","hn":"2","grid":"horizontal","showImage":"1","showCategory":"1","showTeaser":"1","showOnHover":"0","showMore":"0","showDate":"0","urlBuilder":{"varDefaultDetailUidName":"idEventsDetail","parameters":{"action":"show","arguments":"directory","controller":"Events","extensionName":"cimdirectory","pluginName":"Display"}}}},"id":"1821_1279","imageList":[{"publicUrl":"https:\/\/dieppe.api.cimeos.dev\/fileadmin\/_processed_\/6\/d\/csm_Univ_pop_1.pdf_ef27132456.webp","properties":{"title":null,"alternative":null,"description":null,"link":null,"linkData":null,"mimeType":"image\/webp","type":"image","filename":"Univ_pop_1.pdf.png","originalUrl":"https:\/\/dieppe.api.cimeos.dev\/fileadmin\/user_upload\/Propositions\/events\/Univ_pop_1.pdf.png","uidLocal":19456,"fileReferenceUid":21447,"size":666573,"dimensions":{"width":360,"height":450},"cropDimensions":{"width":360,"height":450},"crop":"","autoplay":null,"extension":"png","initialDimensions":{"width":1414,"height":2000},"orientation":"portrait","processedExtension":"webp","copyright":"","categories":[],"publicUrl":"https:\/\/dieppe.api.cimeos.dev\/fileadmin\/_processed_\/6\/d\/csm_Univ_pop_1.pdf_ef27132456.webp","crdate":1782740662,"tstamp":1782740662}}],"links":[{"href":"\/notre-agenda-1\/detail\/universite-populaire","title":null,"text":"Universit\u00e9 populaire"}]},{"type":"events","sorting":768,"sysLanguageUid":0,"hidden":0,"crdate":"2026-07-16T08:18:18+0200","starttime":"2026-07-16T08:18:00+0200","endtime":"2026-09-21T00:00:00+0200","tstamp":"2026-07-20T14:36:33+0200","feGroup":"0","pathSegment":"\/vide-grenier-de-la-residence-des-buissons","categories":[],"title":"Vide-grenier de la R\u00e9sidence des Buissons","istopnews":false,"teaser":"Venez chiner !","description":"Les r\u00e9sidents de la rue des Buissons et de l'all\u00e9e des Lilas, \u00e0 Neuville-l\u00e8s-Dieppe, organise leur 2e vide-grenier, dimanche 20 septembre de 9 heures &nbsp;\u00e0 17 heures 30.\r\n\r\n","quartier":[{"sorting":64,"sysLanguageUid":0,"hidden":false,"crdate":"2024-09-11T14:53:47+0200","tstamp":"2025-01-06T15:55:10+0100","feGroup":"0","pathSegment":"\/le-pollet-les-coteaux-vieux-neuville","categories":[],"contentElements":[],"contentElementsContext":[],"contentElementsBottom":[],"title":"Le Pollet \/ Les C\u00f4teaux \/ Vieux-Neuville","teaser":"Chaque Dieppois a acc\u00e8s, pour lui-m\u00eame ou ses enfants et ses proches, dans son quartier \u00e0 une \u00e9cole, un gymnase, une r\u00e9sidence autonomie dont les activit\u00e9s sont ouvertes \u00e0 tous, une biblioth\u00e8que-ludoth\u00e8que, une cr\u00e8che.","svgMap":"<polygon id=\"Pollet_x2C__C\u00f4teaux_x2C__Vieux_Neuville\" class=\"cls-4\" points=\"470.59 220.33 423.4 201.82 388.46 165.5 388.42 165.37 368.94 112.02 376.72 110.23 377.18 108.22 363.27 95.59 358.61 95.1 349.69 95.88 324.5 119.42 306.79 122.17 308.52 149.42 303.57 156.03 303.71 161.93 299.22 166.01 299.82 174 278.99 174.72 262.89 186.8 263.5 197.5 269.78 201.69 275.75 211.97 285.76 222.61 289.62 221.27 276.64 202.42 289.75 200.64 291.13 178.14 299.39 178.14 298.78 185.96 304.38 200.16 311.44 197.85 323.64 224.06 319.56 228.5 331.07 250.02 372.07 304.37 377.39 313.83 396.06 322.82 403.21 317.81 412.04 319.73 427.09 319.73 446.58 314.77 460.73 295.78 489.14 303.65 558.58 253.8 463.48 224.03 470.59 220.33\"\/>","svgHover":"<g id=\"Pollet_x2C__C\u00f4teaux_x2C__Vieux_Neuville-2\" data-name=\"Pollet_x2C__C\u00f4teaux_x2C__Vieux_Neuville\">\r\n      <g id=\"bulle\">\r\n        <path id=\"bulle-2\" data-name=\"bulle\" class=\"cls-1\" d=\"M394.2,222.41l-7.26-6.04h-59.82c-1.76,0-3.18-1.55-3.18-3.45v-41.68c0-1.91,1.43-3.45,3.18-3.45h135.3c1.76,0,3.18,1.55,3.18,3.45v41.68c0,1.91-1.43,3.45-3.18,3.45h-59.02l-7.26,6.04c-.28.23-.62.36-.97.36-.35,0-.69-.12-.97-.36Z\"\/>\r\n      <\/g>\r\n    <\/g>\r\n<text class=\"cls-2\" transform=\"translate(338.51 188.78)\"><tspan x=\"0\" y=\"0\">Pollet, C\u00f4teaux, <\/tspan><tspan x=\"5.87\" y=\"17.27\">Vieux Neuville<\/tspan><\/text>","uid":5,"pid":1811}],"specificCategories":[{"sorting":1538,"title":"Brocante, vide-grenier, foire \u00e0 tout","parent":{"sorting":1792,"title":"Agenda","images":[],"slug":"agenda","feBlacklist":false,"uid":411,"pid":1928},"images":[],"slug":"brocante-vide-grenier-foire-a-tout","feBlacklist":false,"uid":409,"pid":1928}],"publicType":[{"sorting":128,"title":"Tout public","parent":{"sorting":256,"title":"Type de public","images":[],"slug":"type-de-public","feBlacklist":false,"uid":412,"pid":1929},"images":[],"slug":"tout-public","feBlacklist":false,"uid":453,"pid":1929}],"evenementExterieurinterieur":[{"sorting":128,"title":"\u00c9v\u00e8nement en ext\u00e9rieur","parent":{"sorting":256,"title":"\u00c9v\u00e8nement ext\u00e9rieur\/interieur","images":[],"slug":"evenement-exterieur-interieur","feBlacklist":false,"uid":414,"pid":1931},"images":[],"slug":"evenement-en-exterieur","feBlacklist":false,"uid":464,"pid":1931}],"tarifs":[{"sorting":128,"title":"Gratuit","parent":{"sorting":256,"title":"Tarifs","images":[],"slug":"tarifs","feBlacklist":false,"uid":415,"pid":1932},"images":[],"slug":"gratuit-1","feBlacklist":false,"uid":456,"pid":1932}],"pieceJointe":[],"acces":[{"sorting":128,"title":"Acc\u00e8s libre","parent":{"sorting":256,"title":"Acc\u00e8s","images":[],"slug":"acces","feBlacklist":false,"uid":416,"pid":1933},"images":[],"slug":"acces-libre-2","feBlacklist":false,"uid":468,"pid":1933}],"accessibilitePmr":[{"sorting":128,"title":"Oui","parent":{"sorting":256,"title":"Accessibilit\u00e9 PMR","images":[],"slug":"accessibilite-pmr","feBlacklist":false,"uid":417,"pid":1934},"images":[],"slug":"oui","feBlacklist":false,"uid":469,"pid":1934}],"place":"Rue des Buissons et all\u00e9e des Lilas","creationDate":"2026-07-16T08:10:33+0200","cimNewsStartDate":"2026-09-20T00:00:00+0200","cimNewsEndDate":"2026-09-20T00:00:00+0200","schedule":"de 9 heures \u00e0 17 heures 30","hideRelatedContent":false,"structureOrganisatrice":"Les habitants de la r\u00e9sidence des Buissons","avezvousBesoinSoutienLogistique":false,"avezvousBesoinAideEnCommunication":false,"cimNewsScheduleDates":[],"pictureShow":[{"publicUrl":"https:\/\/dieppe.api.cimeos.dev\/fileadmin\/mediatheque_ville-de-dieppe\/Bandeaux_et_vignettes\/Visuels_g%C3%A9n%C3%A9riques_agenda\/Brocante.jpg","properties":{"title":null,"alternative":null,"description":null,"link":null,"linkData":null,"mimeType":"image\/webp","type":"image","filename":"Brocante.jpg","originalUrl":"https:\/\/dieppe.api.cimeos.dev\/fileadmin\/mediatheque_ville-de-dieppe\/Bandeaux_et_vignettes\/Visuels_g%C3%A9n%C3%A9riques_agenda\/Brocante.jpg","uidLocal":11038,"fileReferenceUid":21729,"size":167518,"dimensions":{"width":2000,"height":2000},"cropDimensions":{"width":2000,"height":2000},"crop":"{\"default\":{\"cropArea\":{\"x\":0,\"y\":0,\"width\":1,\"height\":1},\"selectedRatio\":\"NaN\",\"focusArea\":null}}","autoplay":null,"extension":"jpg","initialDimensions":{"width":2000,"height":2000},"orientation":"paysage","processedExtension":"webp","copyright":"","categories":[],"publicUrl":"https:\/\/dieppe.api.cimeos.dev\/fileadmin\/mediatheque_ville-de-dieppe\/Bandeaux_et_vignettes\/Visuels_g%C3%A9n%C3%A9riques_agenda\/Brocante.jpg","crdate":1766058432,"tstamp":1745907687}}],"pictureList":[],"feUserEvents":[],"workflowStatus":[{"sorting":1024,"title":"Valid\u00e9","parent":{"sorting":256,"title":"Workflow","images":[],"slug":"workflow","feBlacklist":false,"uid":473,"pid":2133},"images":[],"slug":"valide","feBlacklist":false,"uid":476,"pid":2133}],"draft":false,"uid":1294,"pid":1821,"pid_title":"Agenda","site":"dieppe.api.stage.cimeos.com","sys_language_uid":0,"suggest_title":"Vide-grenier de la R\u00e9sidence des Buissons","raw_description":"<p>Les r\u00e9sidents de la rue des Buissons et de l'all\u00e9e des Lilas, \u00e0 Neuville-l\u00e8s-Dieppe, organise leur 2e vide-grenier, dimanche 20 septembre de 9 heures &nbsp;\u00e0 17 heures 30.<\/p>\r\n\r\n","settings":{"urlBuilder":{"varDefaultDetailUidName":"idEventsDetail","parameters":{"action":"show","arguments":"directory","controller":"Events","extensionName":"cimdirectory","pluginName":"Display"}},"editorial":{"contentElementId":"51","partial":"ItemList","itemType":"events","classes":"annuaire","hn":"2","popin":"1","grid":"horizontal","showImage":"1","showCategory":"1","showTeaser":"1","showOnHover":"0","showMore":"0","showDate":"0","urlBuilder":{"varDefaultDetailUidName":"idEventsDetail","parameters":{"action":"show","arguments":"directory","controller":"Events","extensionName":"cimdirectory","pluginName":"Display"}},"images":{"list":{"fields":"pictureShow"}}},"list":{"contentElementId":"51","partial":"ItemList","itemType":"events","classes":"annuaire","hn":"2","popin":"1","grid":"horizontal","showImage":"1","showCategory":"1","showTeaser":"1","showOnHover":"0","showMore":"0","showDate":"0","urlBuilder":{"varDefaultDetailUidName":"idEventsDetail","parameters":{"action":"show","arguments":"directory","controller":"Events","extensionName":"cimdirectory","pluginName":"Display"}},"images":{"list":{"fields":"pictureShow"}}},"search":{"contentElementId":"51","partial":"ItemList","itemType":"events","classes":"annuaire","hn":"2","grid":"horizontal","showImage":"1","showCategory":"1","showTeaser":"1","showOnHover":"0","showMore":"0","showDate":"0","urlBuilder":{"varDefaultDetailUidName":"idEventsDetail","parameters":{"action":"show","arguments":"directory","controller":"Events","extensionName":"cimdirectory","pluginName":"Display"}}}},"id":"1821_1294","imageList":[{"publicUrl":"https:\/\/dieppe.api.cimeos.dev\/fileadmin\/_processed_\/5\/7\/csm_Brocante_003016b118.webp","properties":{"title":null,"alternative":null,"description":null,"link":null,"linkData":null,"mimeType":"image\/webp","type":"image","filename":"Brocante.jpg","originalUrl":"https:\/\/dieppe.api.cimeos.dev\/fileadmin\/mediatheque_ville-de-dieppe\/Bandeaux_et_vignettes\/Visuels_g%C3%A9n%C3%A9riques_agenda\/Brocante.jpg","uidLocal":11038,"fileReferenceUid":21729,"size":167518,"dimensions":{"width":360,"height":450},"cropDimensions":{"width":360,"height":450},"crop":"{\"default\":{\"cropArea\":{\"x\":0,\"y\":0,\"width\":1,\"height\":1},\"selectedRatio\":\"NaN\",\"focusArea\":null}}","autoplay":null,"extension":"jpg","initialDimensions":{"width":2000,"height":2000},"orientation":"paysage","processedExtension":"webp","copyright":"","categories":[],"publicUrl":"https:\/\/dieppe.api.cimeos.dev\/fileadmin\/_processed_\/5\/7\/csm_Brocante_003016b118.webp","crdate":1766058432,"tstamp":1745907687}}],"links":[{"href":"\/notre-agenda-1\/detail\/vide-grenier-de-la-residence-des-buissons","title":null,"text":"Vide-grenier de la R\u00e9sidence des Buissons"}]},{"type":"events","sorting":34304,"sysLanguageUid":0,"hidden":0,"crdate":"2025-11-23T10:59:43+0100","endtime":"2026-09-28T00:00:00+0200","tstamp":"2025-11-24T13:39:15+0100","feGroup":"0","pathSegment":"\/puys-plage-propre-2","categories":[],"title":"Puys Plage Propre","istopnews":false,"teaser":"Venez nous rejoindre pour le nettoyage de la plage et des sentiers de Puys en fin de saison","quartier":[{"sorting":124,"sysLanguageUid":0,"hidden":false,"crdate":"2024-09-11T14:55:08+0200","tstamp":"2025-01-06T15:55:45+0100","feGroup":"0","pathSegment":"\/neuville-nord-puys","categories":[],"contentElements":[],"contentElementsContext":[],"contentElementsBottom":[],"title":"Neuville nord \/ Puys","teaser":"Chaque Dieppois a acc\u00e8s, pour lui-m\u00eame ou ses enfants et ses proches, dans son quartier \u00e0 une \u00e9cole, un gymnase, une r\u00e9sidence autonomie dont les activit\u00e9s sont ouvertes \u00e0 tous, une biblioth\u00e8que-ludoth\u00e8que, une cr\u00e8che.","svgMap":"<polygon id=\"Neuville_x2C__Puys\" class=\"cls-4\" points=\"619.57 78.65 614.09 78.65 605.68 58.95 605.69 58.67 606.24 30.38 610.66 22.11 612.04 8.3 615.37 3.85 612.93 2.78 574.75 12.95 562.02 5.68 558.07 13.08 531.03 26.05 512.6 45.26 482.8 64.85 466.66 68.78 412.32 69.6 387.59 78.09 367.2 79.43 363.09 84.03 360.37 92.64 364.4 93.06 380.1 107.3 378.92 112.42 372.44 113.92 390.75 164.07 424.9 199.58 476.95 219.99 470.36 223.42 561.19 251.86 603.4 215.33 631.18 187 631.18 176.48 657.07 166.78 619.57 78.65\"\/>","svgHover":"<g id=\"Neuville_x2C__Puys-2\" data-name=\"Neuville_x2C__Puys\">\r\n      <g id=\"bulle-9\" data-name=\"bulle\">\r\n        <path id=\"bulle-10\" data-name=\"bulle\" class=\"cls-1\" d=\"M504.68,126.97l-6.64-6.04h-54.76c-1.61,0-2.91-1.55-2.91-3.45v-29.02c0-1.91,1.3-3.45,2.91-3.45h123.86c1.61,0,2.91,1.55,2.91,3.45v29.02c0,1.91-1.3,3.45-2.91,3.45h-54.03l-6.64,6.04c-.25.23-.57.36-.89.36-.32,0-.63-.12-.89-.36Z\"\/>\r\n      <\/g>\r\n      <g id=\"Neuville_x2C__Puys-3\" data-name=\"Neuville_x2C__Puys\">\r\n        <text class=\"cls-3\" transform=\"translate(455.31 108.32)\"><tspan x=\"0\" y=\"0\">Neuville, Puys<\/tspan><\/text>\r\n      <\/g>\r\n    <\/g>","uid":9,"pid":1811}],"specificCategories":[{"sorting":1024,"title":"Animation","parent":{"sorting":1792,"title":"Agenda","images":[],"slug":"agenda","feBlacklist":false,"uid":411,"pid":1928},"images":[],"slug":"animation","feBlacklist":false,"uid":402,"pid":1928}],"publicType":[{"sorting":128,"title":"Tout public","parent":{"sorting":256,"title":"Type de public","images":[],"slug":"type-de-public","feBlacklist":false,"uid":412,"pid":1929},"images":[],"slug":"tout-public","feBlacklist":false,"uid":453,"pid":1929}],"evenementExterieurinterieur":[{"sorting":128,"title":"\u00c9v\u00e8nement en ext\u00e9rieur","parent":{"sorting":256,"title":"\u00c9v\u00e8nement ext\u00e9rieur\/interieur","images":[],"slug":"evenement-exterieur-interieur","feBlacklist":false,"uid":414,"pid":1931},"images":[],"slug":"evenement-en-exterieur","feBlacklist":false,"uid":464,"pid":1931}],"tarifs":[{"sorting":128,"title":"Gratuit","parent":{"sorting":256,"title":"Tarifs","images":[],"slug":"tarifs","feBlacklist":false,"uid":415,"pid":1932},"images":[],"slug":"gratuit-1","feBlacklist":false,"uid":456,"pid":1932}],"pieceJointe":[],"website":{"href":"http:\/\/ARP76.COM","target":"_blank","text":"Site internet"},"acces":[{"sorting":128,"title":"Acc\u00e8s libre","parent":{"sorting":256,"title":"Acc\u00e8s","images":[],"slug":"acces","feBlacklist":false,"uid":416,"pid":1933},"images":[],"slug":"acces-libre-2","feBlacklist":false,"uid":468,"pid":1933}],"accessibilitePmr":[],"place":"Plage de Puys cabine 16","cimNewsStartDate":"2026-09-27T00:00:00+0200","cimNewsEndDate":"2026-09-27T00:00:00+0200","schedule":"10h30","hideRelatedContent":false,"structureOrganisatrice":"ASSOCIATION DES RESIDENTS DE PUYS","avezvousBesoinSoutienLogistique":false,"avezvousBesoinAideEnCommunication":false,"mail":"animation@puys76.com","phone":"0659249379","cimNewsScheduleDates":[{"sorting":1,"sysLanguageUid":0,"hidden":false,"crdate":"2025-11-23T10:59:43+0100","tstamp":"2025-11-24T13:39:15+0100","feGroup":"0","title":"Puys Plage Propre","cimNewsStartDate":"2026-09-27T00:00:00+0200","cimNewsEndDate":"2026-09-27T00:00:00+0200","schedule":"10h30","place":[],"placeTitle":"Plage de Puys cabine 16","uid":851,"pid":2143}],"pictureShow":[{"publicUrl":"https:\/\/dieppe.api.cimeos.dev\/fileadmin\/user_upload\/Propositions\/events\/PPP_septembre_2026.png","properties":{"title":null,"alternative":null,"description":null,"link":null,"linkData":null,"mimeType":"image\/png","type":"image","filename":"PPP_septembre_2026.png","originalUrl":"https:\/\/dieppe.api.cimeos.dev\/fileadmin\/user_upload\/Propositions\/events\/PPP_septembre_2026.png","uidLocal":15441,"fileReferenceUid":19007,"size":1454674,"dimensions":{"width":1080,"height":1350},"cropDimensions":{"width":1080,"height":1350},"crop":"","autoplay":null,"extension":"png","initialDimensions":{"width":1080,"height":1350},"orientation":"portrait","processedExtension":"webp","copyright":"","categories":[],"publicUrl":"https:\/\/dieppe.api.cimeos.dev\/fileadmin\/user_upload\/Propositions\/events\/PPP_septembre_2026.png","crdate":1763891982,"tstamp":1763891982}}],"pictureList":[],"feUserEvents":[],"workflowStatus":[{"sorting":1024,"title":"Valid\u00e9","parent":{"sorting":256,"title":"Workflow","images":[],"slug":"workflow","feBlacklist":false,"uid":473,"pid":2133},"images":[],"slug":"valide","feBlacklist":false,"uid":476,"pid":2133}],"draft":false,"uid":949,"pid":1821,"pid_title":"Agenda","site":"dieppe.api.stage.cimeos.com","sys_language_uid":0,"suggest_title":"Puys Plage Propre","settings":{"urlBuilder":{"varDefaultDetailUidName":"idEventsDetail","parameters":{"action":"show","arguments":"directory","controller":"Events","extensionName":"cimdirectory","pluginName":"Display"}},"editorial":{"contentElementId":"51","partial":"ItemList","itemType":"events","classes":"annuaire","hn":"2","popin":"1","grid":"horizontal","showImage":"1","showCategory":"1","showTeaser":"1","showOnHover":"0","showMore":"0","showDate":"0","urlBuilder":{"varDefaultDetailUidName":"idEventsDetail","parameters":{"action":"show","arguments":"directory","controller":"Events","extensionName":"cimdirectory","pluginName":"Display"}},"images":{"list":{"fields":"pictureShow"}}},"list":{"contentElementId":"51","partial":"ItemList","itemType":"events","classes":"annuaire","hn":"2","popin":"1","grid":"horizontal","showImage":"1","showCategory":"1","showTeaser":"1","showOnHover":"0","showMore":"0","showDate":"0","urlBuilder":{"varDefaultDetailUidName":"idEventsDetail","parameters":{"action":"show","arguments":"directory","controller":"Events","extensionName":"cimdirectory","pluginName":"Display"}},"images":{"list":{"fields":"pictureShow"}}},"search":{"contentElementId":"51","partial":"ItemList","itemType":"events","classes":"annuaire","hn":"2","grid":"horizontal","showImage":"1","showCategory":"1","showTeaser":"1","showOnHover":"0","showMore":"0","showDate":"0","urlBuilder":{"varDefaultDetailUidName":"idEventsDetail","parameters":{"action":"show","arguments":"directory","controller":"Events","extensionName":"cimdirectory","pluginName":"Display"}}}},"id":"1821_949","imageList":[{"publicUrl":"https:\/\/dieppe.api.cimeos.dev\/fileadmin\/_processed_\/a\/e\/csm_PPP_septembre_2026_8ea426715b.webp","properties":{"title":null,"alternative":null,"description":null,"link":null,"linkData":null,"mimeType":"image\/webp","type":"image","filename":"PPP_septembre_2026.png","originalUrl":"https:\/\/dieppe.api.cimeos.dev\/fileadmin\/user_upload\/Propositions\/events\/PPP_septembre_2026.png","uidLocal":15441,"fileReferenceUid":19007,"size":1454674,"dimensions":{"width":360,"height":450},"cropDimensions":{"width":360,"height":450},"crop":"","autoplay":null,"extension":"png","initialDimensions":{"width":1080,"height":1350},"orientation":"portrait","processedExtension":"webp","copyright":"","categories":[],"publicUrl":"https:\/\/dieppe.api.cimeos.dev\/fileadmin\/_processed_\/a\/e\/csm_PPP_septembre_2026_8ea426715b.webp","crdate":1763891982,"tstamp":1763891982}}],"links":[{"href":"\/notre-agenda-1\/detail\/puys-plage-propre-2","title":null,"text":"Puys Plage Propre"}]}],"showFilters":false,"showResults":true,"nbResults":15,"prefilters":[{"link":[{"target":"","href":"\/notre-agenda-1?tx_cimsearchelastic_displaysearch%5Bfieldset_51%5D%5Bdates%5D%5BcimNewsStartDate%2CcimNewsEndDate%5D%5Bperiod%5D=today","text":"Aujourd'hui"}]},{"link":[{"target":"","href":"\/notre-agenda-1?tx_cimsearchelastic_displaysearch%5Bfieldset_51%5D%5Bdates%5D%5BcimNewsStartDate%2CcimNewsEndDate%5D%5Bperiod%5D=weekend","text":"Ce week-end"}]},{"link":[{"target":"","href":"\/notre-agenda-1?tx_cimsearchelastic_displaysearch%5Bfieldset_51%5D%5Bdates%5D%5BcimNewsStartDate%2CcimNewsEndDate%5D%5Bperiod%5D=month","text":"Ce mois-ci"}]}],"resultsPerPage":8,"urlScroll":"\/?elementId=3305&tx_cimsearchelastic_displaysearch%5Baction%5D=scroll&type=99992&cHash=650d2b46ecc2f435d36f5abd0a52c23642203d9d1ee691e0944249500bb0de87","urlGeo":"\/?elementId=3305&tx_cimsearchelastic_displaysearch%5Baction%5D=geo&type=99991&cHash=650d2b46ecc2f435d36f5abd0a52c23642203d9d1ee691e0944249500bb0de87","urlMostViewed":"\/?elementId=3305&mostViewed=1&tx_cimsearchelastic_displaysearch%5Baction%5D=geo&type=1602769059&cHash=faaabd01846a568b2b613edb20aeea579718dbd3978e2360ef0f151c6af4351b","urlShow":"\/?tx_cimsearchelastic_displaysearch%5Baction%5D=popup&type=1602769059","urlPopup":"\/?tx_cimsearchelastic_displaysearch%5Baction%5D=popup&type=1602769059","listLink":{"href":"\/notre-agenda-1","title":null,"text":"Tous les \u00e9v\u00e9nements"},"archiveListLink":{"href":"","text":"","target":""},"propositionLink":{"href":"\/notre-agenda-1\/proposer-un-evenement","title":null,"text":"Proposer un \u00e9v\u00e9nement"}}}},{"id":3303,"type":"mask_bloc_map_cities","colPos":0,"categories":"","appearance":{"layout":"default","frameClass":"default","spaceBefore":"","spaceAfter":""},"show_in_summary":false,"content":{"header":"Le~Territoire","subheader":"","headerLayout":2,"headerPosition":"","headerLink":{"href":"\/annuaires\/quartiers","target":null,"class":null,"title":null,"linkText":"Quartiers","additionalAttributes":[]},"svg_carte":[{"publicUrl":"https:\/\/dieppe.api.cimeos.dev\/fileadmin\/mediatheque_ville-de-dieppe\/Bandeaux_et_vignettes\/Bandeaux_accueil\/home_carte_interactive.webp","properties":{"title":null,"alternative":null,"description":null,"link":null,"linkData":null,"mimeType":"image\/webp","type":"image","filename":"home_carte_interactive.webp","originalUrl":"https:\/\/dieppe.api.cimeos.dev\/fileadmin\/mediatheque_ville-de-dieppe\/Bandeaux_et_vignettes\/Bandeaux_accueil\/home_carte_interactive.webp","uidLocal":5103,"fileReferenceUid":11281,"size":50084,"dimensions":{"width":1650,"height":692},"cropDimensions":{"width":1650,"height":692},"crop":{"default":{"cropArea":{"x":0,"y":0,"width":1,"height":1},"selectedRatio":"NaN","focusArea":null}},"autoplay":null,"extension":"webp","initialDimensions":{"width":1025,"height":430},"orientation":"paysage","processedExtension":"webp","copyright":"","categories":[],"publicUrl":"https:\/\/dieppe.api.cimeos.dev\/fileadmin\/mediatheque_ville-de-dieppe\/Bandeaux_et_vignettes\/Bandeaux_accueil\/home_carte_interactive.webp","crdate":1778594467,"tstamp":1726062680}}],"carte_interactive_image":[{"publicUrl":"https:\/\/dieppe.api.cimeos.dev\/fileadmin\/mediatheque_ville-de-dieppe\/pictos\/carte_interactive_home\/carte.svg","properties":{"title":null,"alternative":null,"description":null,"link":null,"linkData":null,"mimeType":"image\/svg+xml","type":"image","filename":"carte.svg","originalUrl":"https:\/\/dieppe.api.cimeos.dev\/fileadmin\/mediatheque_ville-de-dieppe\/pictos\/carte_interactive_home\/carte.svg","uidLocal":5090,"fileReferenceUid":11292,"size":2252,"dimensions":{"width":49,"height":49},"cropDimensions":{"width":49,"height":49},"crop":{"default":{"cropArea":{"x":0,"y":0,"width":1,"height":1},"selectedRatio":"NaN","focusArea":null}},"autoplay":0,"extension":"svg","initialDimensions":{"width":49,"height":49},"orientation":"paysage","processedExtension":"webp","copyright":"","categories":[],"publicUrl":"https:\/\/dieppe.api.cimeos.dev\/fileadmin\/mediatheque_ville-de-dieppe\/pictos\/carte_interactive_home\/carte.svg","crdate":1726059597,"tstamp":1726059597}}],"carte_interactive_link":[{"type":"page","additionalAttributes":{"href":"\/carte-interactive"},"href":"\/carte-interactive","target":"","text":"Consulter toute la carte interactive"}],"communes_link":[{"type":"page","additionalAttributes":{"href":"\/annuaires\/quartiers"},"href":"\/annuaires\/quartiers","target":"","text":"Tous les quartiers"}],"communes":[{"uid":5,"title":"Le Pollet \/ Les C\u00f4teaux \/ Vieux-Neuville","svg_map":"<polygon id=\"Pollet_x2C__C\u00f4teaux_x2C__Vieux_Neuville\" class=\"cls-4\" points=\"470.59 220.33 423.4 201.82 388.46 165.5 388.42 165.37 368.94 112.02 376.72 110.23 377.18 108.22 363.27 95.59 358.61 95.1 349.69 95.88 324.5 119.42 306.79 122.17 308.52 149.42 303.57 156.03 303.71 161.93 299.22 166.01 299.82 174 278.99 174.72 262.89 186.8 263.5 197.5 269.78 201.69 275.75 211.97 285.76 222.61 289.62 221.27 276.64 202.42 289.75 200.64 291.13 178.14 299.39 178.14 298.78 185.96 304.38 200.16 311.44 197.85 323.64 224.06 319.56 228.5 331.07 250.02 372.07 304.37 377.39 313.83 396.06 322.82 403.21 317.81 412.04 319.73 427.09 319.73 446.58 314.77 460.73 295.78 489.14 303.65 558.58 253.8 463.48 224.03 470.59 220.33\"\/>","svg_hover":"<g id=\"Pollet_x2C__C\u00f4teaux_x2C__Vieux_Neuville-2\" data-name=\"Pollet_x2C__C\u00f4teaux_x2C__Vieux_Neuville\">\r\n      <g id=\"bulle\">\r\n        <path id=\"bulle-2\" data-name=\"bulle\" class=\"cls-1\" d=\"M394.2,222.41l-7.26-6.04h-59.82c-1.76,0-3.18-1.55-3.18-3.45v-41.68c0-1.91,1.43-3.45,3.18-3.45h135.3c1.76,0,3.18,1.55,3.18,3.45v41.68c0,1.91-1.43,3.45-3.18,3.45h-59.02l-7.26,6.04c-.28.23-.62.36-.97.36-.35,0-.69-.12-.97-.36Z\"\/>\r\n      <\/g>\r\n    <\/g>\r\n<text class=\"cls-2\" transform=\"translate(338.51 188.78)\"><tspan x=\"0\" y=\"0\">Pollet, C\u00f4teaux, <\/tspan><tspan x=\"5.87\" y=\"17.27\">Vieux Neuville<\/tspan><\/text>","links":[{"text":"Le Pollet \/ Les C\u00f4teaux \/ Vieux-Neuville","href":"\/annuaires\/quartiers\/detail\/le-pollet-les-coteaux-vieux-neuville","target":""}]},{"uid":6,"title":"Centre-ville \/ Saint-Pierre \/ Vauban","svg_map":"<path id=\"Centre-ville_x2C__Saint-Pierre_x2C__Vauban\" class=\"cls-4\" d=\"M284.68,228.99l-.14.1-14.36,9.93-4.76-10.78-8.94-23.5-7.21-22.11-1.19-10.25,30.09-20.48,9.55-1.73,2.78-4.72,5.23-14.88v-17.71l-2.6.14v-6.92l-7.41-8.35-22.73,21.02-28.1,22.18-40.42,25.34-58.27,28.47,1.65,2.83h3.25c6.59-2.47,7.13-2.47,7.37-2.47.59,0,6.56.71,8.38.92l.75.09,6.08,14.16,12.62,16.52,13.28,3.9,6.71,17.94,3.71,35.02,7.65.09,7.64,14.12,6.96-3.25,3.47,8.01-1.51,2.35,7.25,8.99.51,6.96-3.49,7.65,4.98-1.75,2.04,7.72,9.09,12.39-3.69,9.99-18.17,11.79-7.8,8.86-3.39,1.87.1,9.51,5.72-3.47,10.19-6.04,14.23.04,13.12,3.6,9.93,7.17,15.86,8.55h9.69l1.28,1.89,5.15-.45,12.92-6,7.4-6.33,38.63-34.79,9.98-8.45,9.16-5.78-3.18-8.14-61.42-70.69,3.55-4.54-10.19-17.76-12.38-14.31-4.92,1.71-1.68,3.79Z\"\/>","svg_hover":"<g id=\"Centre-ville_x2C__Saint-Pierre_x2C__Vauban-2\" data-name=\"Centre-ville_x2C__Saint-Pierre_x2C__Vauban\">\r\n      <g id=\"bulle-3\" data-name=\"bulle\">\r\n        <path id=\"bulle-4\" data-name=\"bulle\" class=\"cls-1\" d=\"M280.75,292.69l-8.76-6.04h-72.24c-2.12,0-3.84-1.55-3.84-3.45v-41.68c0-1.91,1.72-3.45,3.84-3.45h163.39c2.12,0,3.84,1.55,3.84,3.45v41.68c0,1.91-1.72,3.45-3.84,3.45h-71.28l-8.76,6.04c-.34.23-.75.36-1.17.36-.42,0-.83-.12-1.17-.36Z\"\/>\r\n      <\/g>\r\n      <g id=\"Centre-ville_x2C__Saint-Pierre_x2C__Vauban-3\" data-name=\"Centre-ville_x2C__Saint-Pierre_x2C__Vauban\">\r\n        <text id=\"Centre-ville_x2C__Saint-Pierre_x2C__Vauban-4\" data-name=\"Centre-ville_x2C__Saint-Pierre_x2C__Vauban\" class=\"cls-3\" transform=\"translate(236.65 258.1)\"><tspan x=\"0\" y=\"0\">Centre-ville,<\/tspan><tspan x=\"-29.83\" y=\"17.27\">Saint-Pierre, Vauban<\/tspan><\/text>\r\n      <\/g>\r\n    <\/g>","links":[{"text":"Centre-ville \/ Saint-Pierre \/ Vauban","href":"\/annuaires\/quartiers\/detail\/centre-ville-saint-pierre-vauban","target":""}]},{"uid":7,"title":"Janval \/ Caude-c\u00f4te \/ les Bruy\u00e8res","svg_map":"<path id=\"Caude-C\u00f4te_x2C__Janval_x2C__Bruy\u00e8res\" class=\"cls-4\" d=\"M192.12,413.2l2.26-4.35,9-14.88,3.56,1.25,2.07-4.24-.14-13.09,4.46-2.46,7.8-8.84,17.59-11.41,2.89-7.83-8.58-11.76-1.41-5.33-8.13,2.85,5.78-12.66-.4-5.47-7.92-9.83,1.78-2.77-1.83-4.23-6.75,3.15-8.08-14.94-8.44-.1-3.94-37.19-6.11-16.22-12.85-3.78-13.4-17.62-5.55-12.92c-3.73-.44-6.74-.78-7.27-.81-.51.13-3.39,1.14-6.71,2.38l-.34.08h-24.09l-28.03,7.09-64.53,23.3,12.32,18.04-10.03,6.95-24.47,5.62v4.74l12.7-2.61,16.08-5.32,8.36-6.06,2.74,3.7-1.31,4.52,2.6,9.72,8.04,14.23,3.55-2.05,3.03,6.26,5.18-1.79.26.42,32.41,51.52-21.08,26.22,15.26,31.07-17.8,14.71,17.16,26.11-12.39,10.77,17.5,16.67,30.8-13.75.94-18.77,1.3.05c10.21.41,21.83.69,23.05.45,1.73-.69,14.18-3.14,19.67-4.21l4.34-3.18-.13-.24,8.96-3.96,8.25-7.2Z\"\/>","svg_hover":"<g id=\"Caude-C\u00f4te_x3B__Janval_x2C__Bruy\u00e8res\">\r\n      <g id=\"bulle-5\" data-name=\"bulle\" class=\"cls-5\">\r\n        <path id=\"bulle-6\" data-name=\"bulle\" class=\"cls-1\" d=\"M124.38,349.95l-7.27-6.04h-59.91c-1.76,0-3.19-1.55-3.19-3.45v-41.68c0-1.91,1.43-3.45,3.19-3.45h135.5c1.76,0,3.19,1.55,3.19,3.45v41.68c0,1.91-1.43,3.45-3.19,3.45h-59.11l-7.27,6.04c-.28.23-.62.36-.97.36-.35,0-.69-.12-.97-.36Z\"\/>\r\n      <\/g>\r\n      <text class=\"cls-2\" transform=\"translate(79.31 315.18)\"><tspan x=\"0\" y=\"0\">Caude-C\u00f4te,<\/tspan><tspan x=\"-13.09\" y=\"17.27\">Janval, Bruy\u00e8res<\/tspan><\/text>\r\n    <\/g>","links":[{"text":"Janval \/ Caude-c\u00f4te \/ les Bruy\u00e8res","href":"\/annuaires\/quartiers\/detail\/janval-caude-cote-les-bruyeres","target":""}]},{"uid":8,"title":"Val Druel","svg_map":"<polygon id=\"Val_Druel\" class=\"cls-4\" points=\"280.02 401.46 263.39 392.48 253.64 385.45 241.25 382.09 228.26 382.09 218.7 387.75 211.35 392.2 208.29 398.48 204.53 397.17 196.68 410.15 194.14 414.94 185.12 422.73 178.54 425.64 186.43 441.14 190.07 462.65 194.74 473.98 199.58 482.24 201.98 497.61 202.98 518.46 207.29 516.22 207.29 525.39 219.72 526.31 219.72 538.59 223.72 541.74 253.85 529.24 251.57 524.84 268.07 503.09 273.54 503.82 288.89 482.98 306.64 478 320.32 447.48 308.95 432.69 307.51 428.9 288.98 401.46 280.02 401.46\"\/>","svg_hover":"<g id=\"Val_Druel-2\" data-name=\"Val_Druel\">\r\n      <g id=\"bulle-7\" data-name=\"bulle\">\r\n        <path id=\"bulle-8\" data-name=\"bulle\" class=\"cls-1\" d=\"M249.07,463.65l-4.56-6.04h-37.57c-1.1,0-2-1.55-2-3.45v-29.02c0-1.91.9-3.45,2-3.45h84.96c1.1,0,2,1.55,2,3.45v29.02c0,1.91-.9,3.45-2,3.45h-37.07l-4.56,6.04c-.17.23-.39.36-.61.36-.22,0-.43-.12-.61-.36Z\"\/>\r\n      <\/g>\r\n      <g id=\"Val_Druel-3\" data-name=\"Val_Druel\">\r\n        <text class=\"cls-3\" transform=\"translate(217.45 445.01)\"><tspan x=\"0\" y=\"0\">Val Druel<\/tspan><\/text>\r\n      <\/g>\r\n    <\/g>","links":[{"text":"Val Druel","href":"\/annuaires\/quartiers\/detail\/val-druel","target":""}]},{"uid":9,"title":"Neuville nord \/ Puys","svg_map":"<polygon id=\"Neuville_x2C__Puys\" class=\"cls-4\" points=\"619.57 78.65 614.09 78.65 605.68 58.95 605.69 58.67 606.24 30.38 610.66 22.11 612.04 8.3 615.37 3.85 612.93 2.78 574.75 12.95 562.02 5.68 558.07 13.08 531.03 26.05 512.6 45.26 482.8 64.85 466.66 68.78 412.32 69.6 387.59 78.09 367.2 79.43 363.09 84.03 360.37 92.64 364.4 93.06 380.1 107.3 378.92 112.42 372.44 113.92 390.75 164.07 424.9 199.58 476.95 219.99 470.36 223.42 561.19 251.86 603.4 215.33 631.18 187 631.18 176.48 657.07 166.78 619.57 78.65\"\/>","svg_hover":"<g id=\"Neuville_x2C__Puys-2\" data-name=\"Neuville_x2C__Puys\">\r\n      <g id=\"bulle-9\" data-name=\"bulle\">\r\n        <path id=\"bulle-10\" data-name=\"bulle\" class=\"cls-1\" d=\"M504.68,126.97l-6.64-6.04h-54.76c-1.61,0-2.91-1.55-2.91-3.45v-29.02c0-1.91,1.3-3.45,2.91-3.45h123.86c1.61,0,2.91,1.55,2.91,3.45v29.02c0,1.91-1.3,3.45-2.91,3.45h-54.03l-6.64,6.04c-.25.23-.57.36-.89.36-.32,0-.63-.12-.89-.36Z\"\/>\r\n      <\/g>\r\n      <g id=\"Neuville_x2C__Puys-3\" data-name=\"Neuville_x2C__Puys\">\r\n        <text class=\"cls-3\" transform=\"translate(455.31 108.32)\"><tspan x=\"0\" y=\"0\">Neuville, Puys<\/tspan><\/text>\r\n      <\/g>\r\n    <\/g>","links":[{"text":"Neuville nord \/ Puys","href":"\/annuaires\/quartiers\/detail\/neuville-nord-puys","target":""}]}],"prefilters":[{"link":[{"type":"page","additionalAttributes":{"href":"\/carte-interactive?tx_cimsearchelastic_displaysearch%5Bfieldset_62%5D%5Blist%5D%5BspecificCategories%40title%40keyword%5D%5B0%5D=Complexe%20sportif&tx_cimsearchelastic_displaysearch%5Bfieldset_62%5D%5Blist%5D%5BspecificCategories%40title%40keyword%5D%5B1%5D=Terrain%20de%20sport&tx_cimsearchelastic_displaysearch%5Bfieldset_62%5D%5Blist%5D%5BspecificCategories%40title%40keyword%5D%5B2%5D=Gymnase&tx_cimsearchelastic_displaysearch%5Bfieldset_62%5D%5Blist%5D%5BspecificCategories%40title%40keyword%5D%5B3%5D=Piscine&tx_cimsearchelastic_displaysearch%5Bfieldset_62%5D%5Blist%5D%5BspecificCategories%40title%40keyword%5D%5B4%5D=Stade&tx_cimsearchelastic_displaysearch%5Bfieldset_62%5D%5Blist%5D%5Btype%5D%5B0%5D=equipement"},"href":"\/carte-interactive?tx_cimsearchelastic_displaysearch%5Bfieldset_62%5D%5Blist%5D%5BspecificCategories%40title%40keyword%5D%5B0%5D=Complexe%20sportif&tx_cimsearchelastic_displaysearch%5Bfieldset_62%5D%5Blist%5D%5BspecificCategories%40title%40keyword%5D%5B1%5D=Terrain%20de%20sport&tx_cimsearchelastic_displaysearch%5Bfieldset_62%5D%5Blist%5D%5BspecificCategories%40title%40keyword%5D%5B2%5D=Gymnase&tx_cimsearchelastic_displaysearch%5Bfieldset_62%5D%5Blist%5D%5BspecificCategories%40title%40keyword%5D%5B3%5D=Piscine&tx_cimsearchelastic_displaysearch%5Bfieldset_62%5D%5Blist%5D%5BspecificCategories%40title%40keyword%5D%5B4%5D=Stade&tx_cimsearchelastic_displaysearch%5Bfieldset_62%5D%5Blist%5D%5Btype%5D%5B0%5D=equipement","target":"","text":"\u00c9quipements sportifs"}],"images":[{"publicUrl":"https:\/\/dieppe.api.cimeos.dev\/fileadmin\/mediatheque_ville-de-dieppe\/pictos\/carte_interactive_home\/equipements_sportifs.svg","properties":{"title":null,"alternative":null,"description":null,"link":null,"linkData":null,"mimeType":"image\/svg+xml","type":"image","filename":"equipements_sportifs.svg","originalUrl":"https:\/\/dieppe.api.cimeos.dev\/fileadmin\/mediatheque_ville-de-dieppe\/pictos\/carte_interactive_home\/equipements_sportifs.svg","uidLocal":5098,"fileReferenceUid":13773,"size":2367,"dimensions":{"width":100,"height":100},"cropDimensions":{"width":100,"height":100},"crop":{"default":{"cropArea":{"x":0,"y":0,"width":1,"height":1},"selectedRatio":"NaN","focusArea":null}},"autoplay":0,"extension":"svg","initialDimensions":{"width":100,"height":100},"orientation":"paysage","processedExtension":"webp","copyright":"","categories":[],"publicUrl":"https:\/\/dieppe.api.cimeos.dev\/fileadmin\/mediatheque_ville-de-dieppe\/pictos\/carte_interactive_home\/equipements_sportifs.svg","crdate":1736517454,"tstamp":1736517454}}]},{"link":[{"type":"page","additionalAttributes":{"href":"\/carte-interactive?tx_cimsearchelastic_displaysearch%5Bfieldset_62%5D%5Blist%5D%5Btype%5D%5B0%5D=services"},"href":"\/carte-interactive?tx_cimsearchelastic_displaysearch%5Bfieldset_62%5D%5Blist%5D%5Btype%5D%5B0%5D=services","target":"","text":"Services"}],"images":[{"publicUrl":"https:\/\/dieppe.api.cimeos.dev\/fileadmin\/mediatheque_ville-de-dieppe\/pictos\/carte_interactive_home\/Services.svg","properties":{"title":null,"alternative":null,"description":null,"link":null,"linkData":null,"mimeType":"image\/svg+xml","type":"image","filename":"Services.svg","originalUrl":"https:\/\/dieppe.api.cimeos.dev\/fileadmin\/mediatheque_ville-de-dieppe\/pictos\/carte_interactive_home\/Services.svg","uidLocal":7896,"fileReferenceUid":13745,"size":3425,"dimensions":{"width":98,"height":50},"cropDimensions":{"width":98,"height":50},"crop":{"default":{"cropArea":{"x":0,"y":0,"width":1,"height":1},"selectedRatio":"NaN","focusArea":null}},"autoplay":0,"extension":"svg","initialDimensions":{"width":98,"height":50},"orientation":"paysage","processedExtension":"webp","copyright":"","categories":[],"publicUrl":"https:\/\/dieppe.api.cimeos.dev\/fileadmin\/mediatheque_ville-de-dieppe\/pictos\/carte_interactive_home\/Services.svg","crdate":1736505844,"tstamp":1736505844}}]}]}},{"id":3429,"type":"mask_bloc_zoom_sur","colPos":0,"categories":"","appearance":{"layout":"default","frameClass":"default","spaceBefore":"","spaceAfter":""},"show_in_summary":false,"content":{"header":"Zoom~sur","subheader":"","headerLayout":2,"headerPosition":"","headerLink":"","link_to_list":[{"type":"page","additionalAttributes":{"href":"\/annuaires\/zoom-sur"},"href":"\/annuaires\/zoom-sur","target":"","text":"Tous les zooms"}],"items":[{"uid":"30","title":"Rentr\u00e9e scolaire : Tout savoir sur ce que fait la ville et comment en b\u00e9n\u00e9ficier","datetime":"2026-08-24","categories":[{"title":"\u00c9ducation, formation"},{"title":"Solidarit\u00e9"}],"imageList":[{"publicUrl":"https:\/\/dieppe.api.cimeos.dev\/fileadmin\/_processed_\/8\/9\/csm_ZOOM1_553b57f9cf.webp","properties":{"title":null,"alternative":null,"description":null,"link":null,"linkData":null,"mimeType":"image\/webp","type":"image","filename":"ZOOM1.jpg","originalUrl":"https:\/\/dieppe.api.cimeos.dev\/fileadmin\/user_upload\/ZOOM1.jpg","uidLocal":19742,"fileReferenceUid":21649,"size":130819,"dimensions":{"width":1665,"height":710},"cropDimensions":{"width":1665,"height":710},"crop":{"default":{"cropArea":{"x":0,"y":0,"width":1,"height":1},"selectedRatio":"NaN","focusArea":null}},"autoplay":null,"extension":"jpg","initialDimensions":{"width":1665,"height":710},"orientation":"paysage","processedExtension":"webp","copyright":"","categories":[],"publicUrl":"https:\/\/dieppe.api.cimeos.dev\/fileadmin\/_processed_\/8\/9\/csm_ZOOM1_553b57f9cf.webp","crdate":1783603517,"tstamp":1783603517}}],"links":[{"type":"page","additionalAttributes":{"href":"\/annuaires\/zoom-sur\/detail\/aides-rentree-scolaire-2026"},"href":"\/annuaires\/zoom-sur\/detail\/aides-rentree-scolaire-2026","target":"","text":"Rentr\u00e9e scolaire : Tout savoir sur ce que fait la ville et comment en b\u00e9n\u00e9ficier"}]}]}}]},"i18n":[{"title":"Fran\u00e7ais","link":"\/","target":"","active":1,"current":0,"spacer":0,"hasSubpages":1,"languageId":0,"locale":"fr-FR","navigationTitle":"Fran\u00e7ais","twoLetterIsoCode":"fr","hreflang":"fr-FR","direction":"ltr","flag":"flags-fr","available":1}],"pictureBannerHome":[{"publicUrl":"https:\/\/dieppe.api.cimeos.dev\/fileadmin\/_processed_\/b\/4\/csm_page_bandeau_ead951d4f1.webp","properties":{"title":null,"alternative":null,"description":null,"link":null,"linkData":null,"mimeType":"image\/webp","type":"image","filename":"page_bandeau.webp","originalUrl":"https:\/\/dieppe.api.cimeos.dev\/fileadmin\/mediatheque_sitebuilder_template\/Bandeaux\/page_bandeau.webp","uidLocal":471,"fileReferenceUid":11148,"size":465484,"dimensions":{"width":1920,"height":770},"cropDimensions":{"width":1920,"height":770},"crop":{"default":{"cropArea":{"x":0,"y":0,"width":1,"height":1},"selectedRatio":"NaN","focusArea":null}},"autoplay":null,"extension":"webp","initialDimensions":{"width":1920,"height":502},"orientation":"paysage","processedExtension":"webp","copyright":"","categories":[],"publicUrl":"https:\/\/dieppe.api.cimeos.dev\/fileadmin\/_processed_\/b\/4\/csm_page_bandeau_ead951d4f1.webp","crdate":1706102047,"tstamp":1706102047}}],"pictureBannerEditorial":[{"publicUrl":"https:\/\/dieppe.api.cimeos.dev\/fileadmin\/mediatheque_sitebuilder_template\/Bandeaux\/page_bandeau.webp","properties":{"title":null,"alternative":null,"description":null,"link":null,"linkData":null,"mimeType":"image\/webp","type":"image","filename":"page_bandeau.webp","originalUrl":"https:\/\/dieppe.api.cimeos.dev\/fileadmin\/mediatheque_sitebuilder_template\/Bandeaux\/page_bandeau.webp","uidLocal":471,"fileReferenceUid":11148,"size":465484,"dimensions":{"width":1920,"height":502},"cropDimensions":{"width":1920,"height":502},"crop":{"default":{"cropArea":{"x":0,"y":0,"width":1,"height":1},"selectedRatio":"NaN","focusArea":null}},"autoplay":null,"extension":"webp","initialDimensions":{"width":1920,"height":502},"orientation":"paysage","processedExtension":"webp","copyright":"","categories":[],"publicUrl":"https:\/\/dieppe.api.cimeos.dev\/fileadmin\/mediatheque_sitebuilder_template\/Bandeaux\/page_bandeau.webp","crdate":1706102047,"tstamp":1706102047}},{"publicUrl":"https:\/\/dieppe.api.cimeos.dev\/fileadmin\/mediatheque_sitebuilder_template\/Bandeaux\/page_bandeau.webp","properties":{"title":null,"alternative":null,"description":null,"link":null,"linkData":null,"mimeType":"image\/webp","type":"image","filename":"page_bandeau.webp","originalUrl":"https:\/\/dieppe.api.cimeos.dev\/fileadmin\/mediatheque_sitebuilder_template\/Bandeaux\/page_bandeau.webp","uidLocal":471,"fileReferenceUid":11148,"size":465484,"dimensions":{"width":1920,"height":502},"cropDimensions":{"width":1920,"height":502},"crop":{"default":{"cropArea":{"x":0,"y":0,"width":1,"height":1},"selectedRatio":"NaN","focusArea":null}},"autoplay":null,"extension":"webp","initialDimensions":{"width":1920,"height":502},"orientation":"paysage","processedExtension":"webp","copyright":"","categories":[],"publicUrl":"https:\/\/dieppe.api.cimeos.dev\/fileadmin\/mediatheque_sitebuilder_template\/Bandeaux\/page_bandeau.webp","crdate":1706102047,"tstamp":1706102047}}],"pictureMenu":[],"link_falc":[{"type":"","additionalAttributes":[],"href":"","target":null,"text":""}],"uid":1792,"pid":0,"crdate":"1725893287","tsedit":"1787819656","cim_base_hide_update_date":true,"cim_base_hide_quality":false,"cim_base_hide_summary":false,"itemType":"pages","bannerAlert":{"settings":{"storagePid":"1801","type":"Banner","limit":"3","showDedicatedInfo":"1","_typoScriptNodeValue":"< plugin.tx_cimflashinfo_flashinfo.settings"},"items":[]},"popinAlert":{"settings":{"storagePid":"1800","type":"Popin","limit":"1","showDedicatedInfo":"0","_typoScriptNodeValue":"< plugin.tx_cimflashinfo_flashinfo.settings"},"items":[{"uid":37,"pid":1800,"title":"[TEST] Alerte sp\u00e9cifique","link":{"href":"\/actualites","target":null,"class":null,"title":null,"additionalAttributes":[],"text":"Actualit\u00e9s"},"teaser":"Cette alerte s'affiche seulement sur la page \"Page avec une alerte sp\u00e9cifique\"","description":"","gravity":"","datetime":{"date":"2024-01-12 18:10:00.000000","timezone_type":3,"timezone":"Europe\/Paris"},"picture":[]}]},"quality":{"qualityToken":null,"bookUid":null,"newsUid":null,"postUrl":"\/?tx_cimquality_displayquality%5Baction%5D=create&tx_cimquality_displayquality%5Bcontroller%5D=Quality&type=610&cHash=fb715b3e1112ef541ac1a40932ae9b4c609bf7d61ebe9b8de405e0abe1581ab4","moduleName":"tx_cimquality_displayquality","objectName":"newQuality","trustedProperties":"{&quot;hcaptcha&quot;:1,&quot;newQuality&quot;:{&quot;answer&quot;:1,&quot;comment&quot;:1}}1d3ed2bc58ea4f086d6d79d24c9316682cc85ace85ecfc8c4711324aeba6d23d"},"images":""}